{"id":3783,"date":"2022-03-02T19:47:30","date_gmt":"2022-03-02T22:47:30","guid":{"rendered":"https:\/\/fcs.tv\/?page_id=3783"},"modified":"2024-04-03T17:21:28","modified_gmt":"2024-04-03T20:21:28","slug":"monaco-ocean-week","status":"publish","type":"page","link":"https:\/\/fcs.tv\/en\/monaco-ocean-week\/","title":{"rendered":"Monaco Ocean Week"},"content":{"rendered":"<div class=\"wpb-content-wrapper\"><p>[vc_row full_width=&#8221;stretch_row_content_no_spaces&#8221; equal_height=&#8221;yes&#8221; content_placement=&#8221;middle&#8221; video_bg=&#8221;yes&#8221; video_bg_url=&#8221;https:\/\/fcs.tv\/wp-content\/uploads\/2023\/10\/Banner-CC.mp4&#8243; css=&#8221;.vc_custom_1697951491546{margin-top: 0px !important;margin-right: 0px !important;margin-bottom: 0px !important;margin-left: 0px !important;border-right-width: 0px !important;border-left-width: 0px !important;padding-top: 0px !important;padding-right: 0px !important;padding-bottom: 0px !important;padding-left: 0px !important;background-color: #212128 !important;}&#8221; custom_css_code=&#8221;LnZpZGVvY29udCUyMCU3QiUwQSUyMCUyMHBvc2l0aW9uJTNBJTIwcmVsYXRpdmUlM0IlMEElMjAlMjBtYXgtaGVpZ2h0JTNBJTIwNzByZW0lM0IlMEElMjAlMjBvdmVyZmxvdyUzQSUyMGhpZGRlbiUzQiUwQSU3RCUwQSUwQS52aWRlb292ZXJsYXklMjAlN0IlMEElMjAlMjAlMjAlMjBwb3NpdGlvbiUzQSUyMGFic29sdXRlJTNCJTBBJTIwJTIwJTIwJTIwJTJGJTJBJTIwUGVybWFsaW5rJTIwLSUyMHVzZSUyMHRvJTIwZWRpdCUyMGFuZCUyMHNoYXJlJTIwdGhpcyUyMGdyYWRpZW50JTNBJTIwaHR0cHMlM0ElMkYlMkZjb2xvcnppbGxhLmNvbSUyRmdyYWRpZW50LWVkaXRvciUyRiUyMzAwMDAwMCUyQjAlMkNmZjg5OGIlMkIxMDAlMjYxJTJCMCUyQzAlMkIxMDAlMjAlMkElMkYlMEFiYWNrZ3JvdW5kJTNBJTIwbGluZWFyLWdyYWRpZW50JTI4dG8lMjBib3R0b20lMkMlMjByZ2JhJTI4MCUyQzAlMkMwJTJDMSUyOSUyMDAlMjUlMkNyZ2JhJTI4MjU1JTJDMTM3JTJDMTM5JTJDMCUyOSUyMDEwMCUyNSUyOSUzQiUyMCUyRiUyQSUyMFczQyUyQyUyMElFMTAlMkIlMkMlMjBGRjE2JTJCJTJDJTIwQ2hyb21lMjYlMkIlMkMlMjBPcGVyYTEyJTJCJTJDJTIwU2FmYXJpNyUyQiUyMCUyQSUyRiUwQSUyMCUyMCUyMCUyMHdpZHRoJTNBJTIwMTAwJTI1JTNCJTBBJTIwJTIwJTIwJTIwaGVpZ2h0JTNBJTIwMTAwJTI1JTNCJTBBJTIwJTIwJTIwJTIwZGlzcGxheSUzQSUyMGZsZXglM0IlMEElMjAlMjBmbGV4LWRpcmVjdGlvbiUzQSUyMGNvbHVtbiUzQiUwQSUyMCUyMGFsaWduLWl0ZW1zJTNBJTIwY2VudGVyJTNCJTBBJTIwJTIwanVzdGlmeS1jb250ZW50JTNBJTIwY2VudGVyJTNCJTBBJTIwJTIwei1pbmRleCUzQSUyMDEwJTNCJTBBJTdEJTBBdmlkZW8lMjAlN0IlMEElMjAlMjB3aWR0aCUzQSUyMDEwMCUyNSUzQiUwQSUyMCUyMGRpc3BsYXklM0ElMjBibG9jayUzQiUwQSU3RCUwQS5jb250ZW5pZG8tdmlkZW8lMjBoMSUyMCU3QiUwQSUyMGNvbG9yJTNBJTIwJTIzZmZmJTIwJTIxaW1wb3J0YW50JTNCJTBBJTIwJTIwJTBBJTdEJTBBLmNvbnRlbmlkby12aWRlbyUyMCU3QiUwQWRpc3BsYXklM0ElMjBmbGV4JTNCJTBBJTIwJTIwZmxleC1kaXJlY3Rpb24lM0ElMjBjb2x1bW4lM0IlMEElMjAlMjBhbGlnbi1pdGVtcyUzQSUyMGNlbnRlciUzQiUwQSUyMCUyMGp1c3RpZnktY29udGVudCUzQSUyMGNlbnRlciUzQiUwQSUwQSU3RA==&#8221; tablet_padding_top=&#8221;0&#8243; tablet_padding_bottom=&#8221;0&#8243; tablet_margin_top=&#8221;0&#8243; tablet_margin_bottom=&#8221;0&#8243; mobile_padding_top=&#8221;0&#8243; mobile_padding_bottom=&#8221;0&#8243; mobile_margin_top=&#8221;0&#8243; mobile_margin_bottom=&#8221;0&#8243;][vc_column css=&#8221;.vc_custom_1697947634738{margin-top: 0px !important;margin-right: 0px !important;margin-bottom: 0px !important;margin-left: 0px !important;padding-top: 0px !important;padding-right: 0px !important;padding-bottom: 0px !important;padding-left: 0px !important;}&#8221; offset=&#8221;vc_hidden-xs&#8221;][vc_raw_html css=&#8221;.vc_custom_1712175554463{margin-top: 0px !important;margin-right: 0px !important;margin-bottom: 0px !important;margin-left: 0px !important;border-top-width: 0px !important;border-right-width: 0px !important;border-bottom-width: 0px !important;border-left-width: 0px !important;padding-top: 0px !important;padding-right: 0px !important;padding-bottom: 0px !important;padding-left: 0px !important;}&#8221;]JTNDZGl2JTIwY2xhc3MlM0QlMjJ2aWRlb2NvbnQlMjIlM0UlMEElMjAlMjAlMjAlMjAlM0NkaXYlMjBjbGFzcyUzRCUyMnZpZGVvb3ZlcmxheSUyMiUzRSUwQSUyMCUyMCUyMCUyMCUyMCUyMCUyMCUyMCUzQ2RpdiUyMGNsYXNzJTNEJTIyY29udGVuZWRvciUyMGNvbnRlbmlkby12aWRlbyUyMiUzRSUwQSUyMCUyMCUyMCUyMCUyMCUyMCUyMCUyMCUyMCUyMCUyMCUyMCUzQ2gxJTIwY2xhc3MlM0QlMjJsZXRyYSUyMiUzRU1vbmFjbyUyME9jZWFuJTIwV2VlayUzQyUyRmgxJTNFJTNDaDUlMjBjbGFzcyUzRCUyMmxldHJhJTIyJTNFRnVuZGFjaSVDMyVCM24lMjBNRVJJJTNDJTJGaDUlM0UlMEElM0NpbWclMjB3aWR0aCUzRCUyMjQwMHB4JTIyJTIwc3JjJTNEJTIyaHR0cHMlM0ElMkYlMkZmY3MudHYlMkZ3cC1jb250ZW50JTJGdXBsb2FkcyUyRjIwMjQlMkYwMyUyRmxvZ28tMi5wbmclMjIlM0UlMEElM0MlMkZkaXYlM0UlMjAlMEElMEElMjAlMjAlMjAlMjAlM0MlMkZkaXYlM0UlMEElMjAlMjAlMjAlMjAlM0N2aWRlbyUyMGF1dG9wbGF5JTIwbXV0ZWQlMjBsb29wJTNFJTBBJTIwJTIwJTIwJTIwJTIwJTIwJTIwJTIwJTNDc291cmNlJTIwc3JjJTNEJTIyaHR0cHMlM0ElMkYlMkZmY3MudHYlMkZ3cC1jb250ZW50JTJGdXBsb2FkcyUyRjIwMjQlMkYwMyUyRmZjc193ZWJfdmlkZW9fbW93Lm1wNCUyMiUyMHR5cGUlM0QlMjJ2aWRlbyUyRm1wNCUyMiUzRSUwQSUyMCUyMCUyMCUyMCUzQyUyRnZpZGVvJTNFJTBBJTBBJTNDJTJGZGl2JTNF[\/vc_raw_html][\/vc_column][\/vc_row][vc_row full_width=&#8221;stretch_row&#8221; css=&#8221;.vc_custom_1709048032693{margin-bottom: 0px !important;padding-top: 50px !important;background-color: #212128 !important;}&#8221; el_class=&#8221;gridcarousel&#8221;][vc_column][vc_column_text css_animation=&#8221;fadeInUp&#8221; css=&#8221;.vc_custom_1712175612769{padding-bottom: 30px !important;}&#8221;]<\/p>\n<h2 style=\"text-align: center;\"><span style=\"color: #ffffff;\">\u00bfQu\u00e9 es Monaco Ocean Week?<\/span><\/h2>\n<p style=\"text-align: center;\">La Semana Oce\u00e1nica de Monaco es un espacio para debatir el futuro del oc\u00e9ano.<br \/>\nEs un foro \u00fanico donde expertos en oc\u00e9anos tratar\u00e1n temas desde la innovaci\u00f3n e investigaci\u00f3n cient\u00edfica\u00a0hasta la salud de los oc\u00e9ano\u00a0y el desarrollo de la econom\u00eda az\u00fal.<\/p>\n<p>[\/vc_column_text][vc_row_inner equal_height=&#8221;yes&#8221; content_placement=&#8221;middle&#8221; disable_element=&#8221;yes&#8221;][vc_column_inner width=&#8221;1\/4&#8243;][vc_column_text]<a href=\"https:\/\/fcs.tv\/cop\/#cop28\"><img class=\"img2 aligncenter size-medium wp-image-6468\" src=\"https:\/\/fcs.tv\/wp-content\/uploads\/2024\/02\/Cop-28.webp\" alt=\"\" width=\"300\" height=\"300\" \/><\/a>[\/vc_column_text][\/vc_column_inner][vc_column_inner width=&#8221;1\/4&#8243;][vc_column_text]<a href=\"https:\/\/fcs.tv\/cop\/#cop27\"><img class=\"img2 aligncenter size-medium wp-image-6468\" src=\"https:\/\/fcs.tv\/wp-content\/uploads\/2024\/02\/Cop-27.webp\" alt=\"\" width=\"300\" height=\"300\" \/><\/a>[\/vc_column_text][\/vc_column_inner][vc_column_inner width=&#8221;1\/4&#8243;][vc_column_text]<a href=\"https:\/\/fcs.tv\/cop\/#cop26\"><img class=\"img2 aligncenter size-medium wp-image-6468\" src=\"https:\/\/fcs.tv\/wp-content\/uploads\/2024\/02\/Cop-26.jpg\" alt=\"\" width=\"300\" height=\"300\" \/><\/a>[\/vc_column_text][\/vc_column_inner][vc_column_inner width=&#8221;1\/4&#8243;][vc_column_text]<a href=\"https:\/\/fcs.tv\/cop\/#cop25\"><img class=\"img2 aligncenter size-medium wp-image-6577\" src=\"https:\/\/fcs.tv\/wp-content\/uploads\/2024\/02\/Cop-25.webp\" alt=\"\" width=\"300\" height=\"300\" \/><\/a>[\/vc_column_text][\/vc_column_inner][\/vc_row_inner][vc_row_inner equal_height=&#8221;yes&#8221; content_placement=&#8221;middle&#8221; css=&#8221;.vc_custom_1712080642702{padding-right: 200px !important;padding-left: 200px !important;}&#8221;][vc_column_inner width=&#8221;1\/2&#8243;][vc_column_text]<\/p>\n<p align=\"center\"><a href=\"https:\/\/fcs.tv\/monaco-ocean-week\/#monaco2024\"><img class=\"img2 aligncenter size-medium wp-image-6468\" src=\"https:\/\/fcs.tv\/wp-content\/uploads\/2024\/03\/monaco2.webp\" alt=\"\" width=\"300\" height=\"300\" \/><\/a><\/p>\n<p>[\/vc_column_text][\/vc_column_inner][vc_column_inner width=&#8221;1\/2&#8243;][vc_column_text]<\/p>\n<p align=\"center\"><a href=\"https:\/\/fcs.tv\/monaco-ocean-week\/#monaco2022\"><img class=\"img2 aligncenter size-medium wp-image-6468\" src=\"https:\/\/fcs.tv\/wp-content\/uploads\/2024\/03\/monaco3.webp\" alt=\"\" width=\"300\" height=\"300\" \/><\/a><\/p>\n<p>[\/vc_column_text][\/vc_column_inner][\/vc_row_inner][vc_row_inner equal_height=&#8221;yes&#8221; content_placement=&#8221;middle&#8221; disable_element=&#8221;yes&#8221;][vc_column_inner width=&#8221;1\/3&#8243;][vc_column_text]<\/p>\n<p align=\"center\"><a href=\"https:\/\/fcs.tv\/monaco-ocean-week\/#monaco2024\"><img class=\"img2 aligncenter size-medium wp-image-6468\" src=\"https:\/\/fcs.tv\/wp-content\/uploads\/2024\/03\/monaco2.webp\" alt=\"\" width=\"300\" height=\"300\" \/><\/a><\/p>\n<p>[\/vc_column_text][\/vc_column_inner][vc_column_inner width=&#8221;1\/3&#8243;][vc_column_text]<\/p>\n<p align=\"center\"><a href=\"https:\/\/fcs.tv\/monaco-ocean-week\/#monaco2023\"><img class=\"img2 aligncenter size-medium wp-image-6468\" src=\"https:\/\/fcs.tv\/wp-content\/uploads\/2024\/03\/monaco1.webp\" alt=\"\" width=\"300\" height=\"300\" \/><\/a><\/p>\n<p>[\/vc_column_text][\/vc_column_inner][vc_column_inner width=&#8221;1\/3&#8243;][vc_column_text]<\/p>\n<p align=\"center\"><a href=\"https:\/\/fcs.tv\/monaco-ocean-week\/#monaco2022\"><img class=\"img2 aligncenter size-medium wp-image-6468\" src=\"https:\/\/fcs.tv\/wp-content\/uploads\/2024\/03\/monaco3.webp\" alt=\"\" width=\"300\" height=\"300\" \/><\/a><\/p>\n<p>[\/vc_column_text][\/vc_column_inner][\/vc_row_inner][\/vc_column][\/vc_row][vc_row full_width=&#8221;stretch_row_content&#8221; css=&#8221;.vc_custom_1711421253957{margin-top: 0px !important;margin-bottom: 0px !important;background-color: #08112a !important;}&#8221; custom_css_code=&#8221;LnBvcnRmb2xpby5wb3J0Zm9saW8tZ3JpZCUzQWlzJTI4LnBvcnRmb2xpby1zdHlsZS1jcmVhdGl2ZSUyQyUyMC5wb3J0Zm9saW8tc3R5bGUtanVzdGlmaWVkJTI5JTNBbm90JTI4LmV4dGVuZGVkLXByb2R1Y3RzLWdyaWQlMkMlMjAuY29sdW1ucy0xJTJDJTIwLmxpc3Qtc3R5bGUlMkMlMjAuZnVsbC1pbWFnZSUyOSUyMC5wb3J0Zm9saW8taXRlbSUzQW5vdCUyOC5kb3VibGUtaXRlbSUyQyUyMC5jdXN0b20tcmF0aW8lMjklMjAuaW1hZ2UtaW5uZXIlM0Fub3QlMjguZW1wdHklMjklMjAlN0IlMEElMjAlMjAlMjAlMjBhc3BlY3QtcmF0aW8lM0ElMjAyJTJGMSUyMCUyMWltcG9ydGFudCUzQiUwQSU3RA==&#8221; el_class=&#8221;gridcarousel&#8221; el_id=&#8221;monaco2024&#8243;][vc_column][vc_column_text css_animation=&#8221;fadeInUp&#8221; css=&#8221;.vc_custom_1712175661715{padding-bottom: 30px !important;}&#8221;]<img class=\"aligncenter size-full wp-image-7349\" src=\"https:\/\/fcs.tv\/wp-content\/uploads\/2024\/03\/logos-2.webp\" alt=\"\" width=\"600\" height=\"47\" srcset=\"https:\/\/fcs.tv\/wp-content\/uploads\/2024\/03\/logos-2.webp 600w, https:\/\/fcs.tv\/wp-content\/uploads\/2024\/03\/logos-2-300x24.webp 300w\" sizes=\"(max-width: 600px) 100vw, 600px\" \/><\/p>\n<h2 style=\"text-align: center;\"><span style=\"color: #ffffff;\">Monaco Ocean Week (2024)<\/span><\/h2>\n<p style=\"text-align: center;\">\u00bfTe lo perdiste?<br \/>\nRevisa aqu\u00ed un resumen<\/p>\n<p>[\/vc_column_text]<style>.portfolio.portfolio-grid#style-a585dd1:not(.inited) .portfolio-item, .preloader#style-preloader-a585dd1 .portfolio-item { padding: calc(40px\/2) !important; }.portfolio.portfolio-grid#style-a585dd1:not(.inited) .owl-stage, .preloader#style-preloader-a585dd1 .skeleton-posts.portfolio-row { margin: calc(-40px\/2); }.portfolio.portfolio-grid#style-a585dd1 .fullwidth-block:not(.no-paddings) { padding-left: 40px; padding-right: 40px; }.portfolio.portfolio-grid#style-a585dd1.has-shadowed-items .owl-carousel .owl-stage-outer { padding: calc(40px\/2) !important; margin: calc(-40px\/2); }@media (max-width: 991px) { .portfolio.portfolio-grid#style-a585dd1:not(.inited) .portfolio-item, .preloader#style-preloader-a585dd1 .portfolio-item { padding: calc(20px\/2) !important; }.portfolio.portfolio-grid#style-a585dd1:not(.inited) .owl-stage, .preloader#style-preloader-a585dd1 .skeleton-posts.portfolio-row { margin: calc(-20px\/2); }.portfolio.portfolio-grid#style-a585dd1 .fullwidth-block:not(.no-paddings) { padding-left: 20px; padding-right: 20px; }.portfolio.portfolio-grid#style-a585dd1.has-shadowed-items .owl-carousel .owl-stage-outer { padding: calc(20px\/2) !important; margin: calc(-20px\/2); }}@media (max-width: 767px) { .portfolio.portfolio-grid#style-a585dd1:not(.inited) .portfolio-item, .preloader#style-preloader-a585dd1 .portfolio-item { padding: calc(10px\/2) !important; }.portfolio.portfolio-grid#style-a585dd1:not(.inited) .owl-stage, .preloader#style-preloader-a585dd1 .skeleton-posts.portfolio-row { margin: calc(-10px\/2); }.portfolio.portfolio-grid#style-a585dd1 .fullwidth-block:not(.no-paddings) { padding-left: 10px; padding-right: 10px; }.portfolio.portfolio-grid#style-a585dd1.has-shadowed-items .owl-carousel .owl-stage-outer { padding: calc(10px\/2) !important; margin: calc(-10px\/2); }}.portfolio.portfolio-grid#style-a585dd1 .portfolio-item:not(.custom-ratio, .double-item) .image-inner:not(.empty) { aspect-ratio: 2 !important; height: auto; }.portfolio.portfolio-grid#style-a585dd1 .portfolio-item .caption .title span { letter-spacing: px !important; }.portfolio.portfolio-grid#style-a585dd1 .portfolio-item .caption .title span { white-space: initial; max-height: initial; display: -webkit-box; -webkit-line-clamp: 2; line-clamp: 2; -webkit-box-orient: vertical; }.portfolio.portfolio-grid#style-a585dd1 .portfolio-item .caption .subtitle { max-height: initial !important; }.portfolio.portfolio-grid#style-a585dd1 .portfolio-item .caption .subtitle span { white-space: initial; display: -webkit-box; -webkit-line-clamp: 2; line-clamp: 2; -webkit-box-orient: vertical; }.portfolio.portfolio-grid#style-a585dd1 .portfolio-item .caption .subtitle a, .portfolio.portfolio-grid#style-a585dd1 .portfolio-item .caption .subtitle p { white-space: initial; overflow: initial; }.portfolio.portfolio-grid#style-a585dd1 .extended-carousel-item .owl-nav .owl-prev div, .portfolio.portfolio-grid#style-a585dd1 .extended-carousel-item .owl-nav .owl-next div { color: #ffffff }.portfolio.portfolio-grid#style-a585dd1 .extended-carousel-item .owl-nav .owl-prev:hover div, .portfolio.portfolio-grid#style-a585dd1 .extended-carousel-item .owl-nav .owl-next:hover div { color: #ffffff }.portfolio.portfolio-grid#style-a585dd1 .extended-carousel-item .owl-nav .owl-prev div.position-on, .portfolio.portfolio-grid#style-a585dd1 .extended-carousel-item .owl-nav .owl-next div.position-on { background-color: #a07558 }.portfolio.portfolio-grid#style-a585dd1 .extended-carousel-item .owl-nav .owl-prev:hover div.position-on, .portfolio.portfolio-grid#style-a585dd1 .extended-carousel-item .owl-nav .owl-next:hover div.position-on { background-color: #a07558 }<\/style><style><\/style> <div id=\"style-preloader-a585dd1\" class=\"preloader skeleton-carousel\"> <div class=\"skeleton\"> <div class=\"skeleton-posts portfolio-row\"> <div class=\"portfolio-item col-xs-6 col-sm-4 col-md-3 owl-item item-animations-not-inited portfolio-item-template without-title appearance-type-featured_image post-3783 page type-page status-publish has-post-thumbnail\"> <\/div> <div class=\"portfolio-item col-xs-6 col-sm-4 col-md-3 owl-item item-animations-not-inited portfolio-item-template without-title appearance-type-featured_image post-3783 page type-page status-publish has-post-thumbnail\"> <\/div> <div class=\"portfolio-item col-xs-6 col-sm-4 col-md-3 owl-item item-animations-not-inited portfolio-item-template without-title appearance-type-featured_image post-3783 page type-page status-publish has-post-thumbnail\"> <\/div> <div class=\"portfolio-item col-xs-6 col-sm-4 col-md-3 owl-item item-animations-not-inited portfolio-item-template without-title appearance-type-featured_image post-3783 page type-page status-publish has-post-thumbnail\"> <\/div> <div class=\"portfolio-item col-xs-6 col-sm-4 col-md-3 owl-item item-animations-not-inited portfolio-item-template without-title appearance-type-featured_image post-3783 page type-page status-publish has-post-thumbnail\"> <\/div> <div class=\"portfolio-item col-xs-6 col-sm-4 col-md-3 owl-item item-animations-not-inited portfolio-item-template without-title appearance-type-featured_image post-3783 page type-page status-publish has-post-thumbnail\"> <\/div> <div class=\"portfolio-item col-xs-6 col-sm-4 col-md-3 owl-item item-animations-not-inited portfolio-item-template without-title appearance-type-featured_image post-3783 page type-page status-publish has-post-thumbnail\"> <\/div> <div class=\"portfolio-item col-xs-6 col-sm-4 col-md-3 owl-item item-animations-not-inited portfolio-item-template without-title appearance-type-featured_image post-3783 page type-page status-publish has-post-thumbnail\"> <\/div> <div class=\"portfolio-item col-xs-6 col-sm-4 col-md-3 owl-item item-animations-not-inited portfolio-item-template without-title appearance-type-featured_image post-3783 page type-page status-publish has-post-thumbnail\"> <\/div> <\/div> <\/div> <\/div> <div class=\"portfolio-preloader-wrapper\"> <div class=\"portfolio portfolio-grid extended-portfolio-grid extended-portfolio-carousel extended-carousel-grid no-padding disable-isotope portfolio-style-justified portfolio-style-justified background-style-transparent hover-default title-on-hover hover-elements-size-default version-alternative arrows-position-on caption-position-hover loading-animation item-animation-move-up hover-title columns-4 columns-tablet-3 columns-mobile-2 arrows-hover \" id=\"style-a585dd1\" data-style-uid=\"a585dd1\" data-portfolio-uid=\"grid_a6fb7a0\" data-columns-mobile=\"2\" data-columns-tablet=\"3\" data-columns-desktop=\"4\" data-margin-mobile=\"10\" data-margin-tablet=\"20\" data-margin-desktop=\"40\" data-hover=\"default\" data-dots=\"\" data-arrows=\"1\" data-loop=\"\" data-sliding-animation=\"default\" data-autoscroll-speed=\"0\"> <div class=\"portfolio-row-outer \"> <div class=\"portfolio-row clearfix\"> <div class=\"portfolio-set\"> <div class=\"extended-carousel-wrap\"> <div class=\"extended-carousel-item owl-carousel owl-theme owl-loaded\"> <div class=\"owl-stage-outer\"> <div class=\"owl-stage\"> <div class=\"portfolio-item francisca-cortes-solari monaco-ocean-week-2024 monaco-ocean-week-2024-participantes col-xs-6 col-sm-4 col-md-3 owl-item item-animations-not-inited portfolio-item-template without-title appearance-type-featured_image post-7408 thegem_pf_item type-thegem_pf_item status-publish has-post-thumbnail\" data-default-sort=\"0\" data-sort-date=\"1712318202\"> <div class=\"wrap clearfix\"> <div class=\"image post-7408 thegem_pf_item type-thegem_pf_item status-publish has-post-thumbnail\"> <div class=\"image-inner \"> <picture> <img src=\"https:\/\/fcs.tv\/wp-content\/uploads\/2024\/04\/Portada-2.jpg\" width=\"733\" height=\"647\" class=\"attachment-full\" alt=\"Monaco Ocean Week 2024 &#8211; Francisca Cort\u00e9s Solari Presidenta Ejecutiva Filantropia Cort\u00e9s Solari\" \/> <\/picture> <\/div> <div class=\"overlay \"> <div class=\"overlay-circle\"><\/div> <div class=\"links-wrapper\"> <div class=\"links\"> <div class=\"portfolio-icons\"> <a href=\"\/\/www.youtube.com\/embed\/cf0nv0u_gfM?autoplay=1\" target=\"_self\" class=\"icon youtube video\" data-fancybox=\"thegem-portfolio\" data-elementor-open-lightbox=\"no\" aria-label=\"Monaco Ocean Week 2024 &#8211; Francisca Cort\u00e9s Solari Presidenta Ejecutiva Filantropia Cort\u00e9s Solari\"> <i class=\"default\"><\/i> <\/a> <a href=\"javascript: void(0);\" class=\"icon share\" role=\"button\" aria-label=\"Share\"> <i class=\"default\"><\/i> <\/a> <div class=\"portfolio-sharing-pane\"> <div class=\"socials-sharing socials socials-colored-hover\"> <a class=\"socials-item\" target=\"_blank\" href=\"https:\/\/www.facebook.com\/sharer\/sharer.php?u=https%3A%2F%2Ffcs.tv%2Fen%2Fpf%2Fmonaco-ocean-week-2024-francisca-cortes-solari-presidenta-ejecutiva-filantropia-cortes-solari%2F\" title=\"Facebook\"><i class=\"socials-item-icon facebook\"><\/i><\/a> <a class=\"socials-item\" target=\"_blank\" href=\"https:\/\/twitter.com\/intent\/tweet?text=Monaco+Ocean+Week+2024+%26%238211%3B+Francisca+Cort%C3%A9s+Solari+Presidenta+Ejecutiva+Filantropia+Cort%C3%A9s+Solari&#038;url=https%3A%2F%2Ffcs.tv%2Fen%2Fpf%2Fmonaco-ocean-week-2024-francisca-cortes-solari-presidenta-ejecutiva-filantropia-cortes-solari%2F\" title=\"Twitter\"><i class=\"socials-item-icon twitter\"><\/i><\/a> <a class=\"socials-item\" target=\"_blank\" href=\"https:\/\/pinterest.com\/pin\/create\/button\/?url=https%3A%2F%2Ffcs.tv%2Fen%2Fpf%2Fmonaco-ocean-week-2024-francisca-cortes-solari-presidenta-ejecutiva-filantropia-cortes-solari%2F&#038;description=Monaco+Ocean+Week+2024+%26%238211%3B+Francisca+Cort%C3%A9s+Solari+Presidenta+Ejecutiva+Filantropia+Cort%C3%A9s+Solari&#038;media=https%3A%2F%2Ffcs.tv%2Fwp-content%2Fuploads%2F2024%2F04%2FPortada-2-thegem-blog-timeline-large.jpg\" title=\"Pinterest\"><i class=\"socials-item-icon pinterest\"><\/i><\/a> <a class=\"socials-item\" target=\"_blank\" href=\"https:\/\/www.tumblr.com\/widgets\/share\/tool?canonicalUrl=https%3A%2F%2Ffcs.tv%2Fen%2Fpf%2Fmonaco-ocean-week-2024-francisca-cortes-solari-presidenta-ejecutiva-filantropia-cortes-solari%2F\" title=\"Tumblr\"><i class=\"socials-item-icon tumblr\"><\/i><\/a> <a class=\"socials-item\" target=\"_blank\" href=\"https:\/\/www.linkedin.com\/shareArticle?mini=true&#038;url=https%3A%2F%2Ffcs.tv%2Fen%2Fpf%2Fmonaco-ocean-week-2024-francisca-cortes-solari-presidenta-ejecutiva-filantropia-cortes-solari%2F&#038;title=Monaco+Ocean+Week+2024+%26%238211%3B+Francisca+Cort%C3%A9s+Solari+Presidenta+Ejecutiva+Filantropia+Cort%C3%A9s+Solari&amp;summary=\" title=\"LinkedIn\"><i class=\"socials-item-icon linkedin\"><\/i><\/a> <a class=\"socials-item\" target=\"_blank\" href=\"https:\/\/www.reddit.com\/submit?url=https%3A%2F%2Ffcs.tv%2Fen%2Fpf%2Fmonaco-ocean-week-2024-francisca-cortes-solari-presidenta-ejecutiva-filantropia-cortes-solari%2F&#038;title=Monaco+Ocean+Week+2024+%26%238211%3B+Francisca+Cort%C3%A9s+Solari+Presidenta+Ejecutiva+Filantropia+Cort%C3%A9s+Solari\" title=\"Reddit\"><i class=\"socials-item-icon reddit\"><\/i><\/a> <\/div> <\/div> <\/div> <div class=\"caption\"> <div class=\"description\"> <\/div> <\/div> <\/div> <\/div> <\/div> <\/div> <\/div> <\/div> <div class=\"portfolio-item monaco-ocean-week-2024 monaco-ocean-week-2024-participantes col-xs-6 col-sm-4 col-md-3 owl-item item-animations-not-inited portfolio-item-template without-title appearance-type-featured_image post-7432 thegem_pf_item type-thegem_pf_item status-publish has-post-thumbnail\" data-default-sort=\"0\" data-sort-date=\"1712247911\"> <div class=\"wrap clearfix\"> <div class=\"image post-7432 thegem_pf_item type-thegem_pf_item status-publish has-post-thumbnail\"> <div class=\"image-inner \"> <picture> <img src=\"https:\/\/fcs.tv\/wp-content\/uploads\/2024\/04\/Portada-7-1.jpg\" width=\"733\" height=\"647\" class=\"attachment-full\" alt=\"Monaco Ocean Week 2024 &#8211; Assun\u00e7\u00e3o Cristas &#8211; Former Minister of Agriculture, Sea, Environment and Territorial Planning Government of Portugal\" \/> <\/picture> <\/div> <div class=\"overlay \"> <div class=\"overlay-circle\"><\/div> <div class=\"links-wrapper\"> <div class=\"links\"> <div class=\"portfolio-icons\"> <a href=\"\/\/www.youtube.com\/embed\/WnMeKGitncc?autoplay=1\" target=\"_self\" class=\"icon youtube video\" data-fancybox=\"thegem-portfolio\" data-elementor-open-lightbox=\"no\" aria-label=\"Monaco Ocean Week 2024 &#8211; Assun\u00e7\u00e3o Cristas &#8211; Former Minister of Agriculture, Sea, Environment and Territorial Planning Government of Portugal\"> <i class=\"default\"><\/i> <\/a> <a href=\"javascript: void(0);\" class=\"icon share\" role=\"button\" aria-label=\"Share\"> <i class=\"default\"><\/i> <\/a> <div class=\"portfolio-sharing-pane\"> <div class=\"socials-sharing socials socials-colored-hover\"> <a class=\"socials-item\" target=\"_blank\" href=\"https:\/\/www.facebook.com\/sharer\/sharer.php?u=https%3A%2F%2Ffcs.tv%2Fen%2Fpf%2Fmonaco-ocean-week-2024-assuncao-cristas-former-minister-of-agriculture-sea-environment-and-territorial-planning-government-of-portugal%2F\" title=\"Facebook\"><i class=\"socials-item-icon facebook\"><\/i><\/a> <a class=\"socials-item\" target=\"_blank\" href=\"https:\/\/twitter.com\/intent\/tweet?text=Monaco+Ocean+Week+2024+%26%238211%3B+Assun%C3%A7%C3%A3o+Cristas+%26%238211%3B+Former+Minister+of+Agriculture%2C+Sea%2C+Environment+and+Territorial+Planning+Government+of+Portugal&#038;url=https%3A%2F%2Ffcs.tv%2Fen%2Fpf%2Fmonaco-ocean-week-2024-assuncao-cristas-former-minister-of-agriculture-sea-environment-and-territorial-planning-government-of-portugal%2F\" title=\"Twitter\"><i class=\"socials-item-icon twitter\"><\/i><\/a> <a class=\"socials-item\" target=\"_blank\" href=\"https:\/\/pinterest.com\/pin\/create\/button\/?url=https%3A%2F%2Ffcs.tv%2Fen%2Fpf%2Fmonaco-ocean-week-2024-assuncao-cristas-former-minister-of-agriculture-sea-environment-and-territorial-planning-government-of-portugal%2F&#038;description=Monaco+Ocean+Week+2024+%26%238211%3B+Assun%C3%A7%C3%A3o+Cristas+%26%238211%3B+Former+Minister+of+Agriculture%2C+Sea%2C+Environment+and+Territorial+Planning+Government+of+Portugal&#038;media=https%3A%2F%2Ffcs.tv%2Fwp-content%2Fuploads%2F2024%2F04%2FPortada-7-1-thegem-blog-timeline-large.jpg\" title=\"Pinterest\"><i class=\"socials-item-icon pinterest\"><\/i><\/a> <a class=\"socials-item\" target=\"_blank\" href=\"https:\/\/www.tumblr.com\/widgets\/share\/tool?canonicalUrl=https%3A%2F%2Ffcs.tv%2Fen%2Fpf%2Fmonaco-ocean-week-2024-assuncao-cristas-former-minister-of-agriculture-sea-environment-and-territorial-planning-government-of-portugal%2F\" title=\"Tumblr\"><i class=\"socials-item-icon tumblr\"><\/i><\/a> <a class=\"socials-item\" target=\"_blank\" href=\"https:\/\/www.linkedin.com\/shareArticle?mini=true&#038;url=https%3A%2F%2Ffcs.tv%2Fen%2Fpf%2Fmonaco-ocean-week-2024-assuncao-cristas-former-minister-of-agriculture-sea-environment-and-territorial-planning-government-of-portugal%2F&#038;title=Monaco+Ocean+Week+2024+%26%238211%3B+Assun%C3%A7%C3%A3o+Cristas+%26%238211%3B+Former+Minister+of+Agriculture%2C+Sea%2C+Environment+and+Territorial+Planning+Government+of+Portugal&amp;summary=\" title=\"LinkedIn\"><i class=\"socials-item-icon linkedin\"><\/i><\/a> <a class=\"socials-item\" target=\"_blank\" href=\"https:\/\/www.reddit.com\/submit?url=https%3A%2F%2Ffcs.tv%2Fen%2Fpf%2Fmonaco-ocean-week-2024-assuncao-cristas-former-minister-of-agriculture-sea-environment-and-territorial-planning-government-of-portugal%2F&#038;title=Monaco+Ocean+Week+2024+%26%238211%3B+Assun%C3%A7%C3%A3o+Cristas+%26%238211%3B+Former+Minister+of+Agriculture%2C+Sea%2C+Environment+and+Territorial+Planning+Government+of+Portugal\" title=\"Reddit\"><i class=\"socials-item-icon reddit\"><\/i><\/a> <\/div> <\/div> <\/div> <div class=\"caption\"> <div class=\"description\"> <\/div> <\/div> <\/div> <\/div> <\/div> <\/div> <\/div> <\/div> <div class=\"portfolio-item monaco-ocean-week-2024 monaco-ocean-week-2024-participantes patricia-morales col-xs-6 col-sm-4 col-md-3 owl-item item-animations-not-inited portfolio-item-template without-title appearance-type-featured_image post-7429 thegem_pf_item type-thegem_pf_item status-publish has-post-thumbnail\" data-default-sort=\"0\" data-sort-date=\"1712247660\"> <div class=\"wrap clearfix\"> <div class=\"image post-7429 thegem_pf_item type-thegem_pf_item status-publish has-post-thumbnail\"> <div class=\"image-inner \"> <picture> <img src=\"https:\/\/fcs.tv\/wp-content\/uploads\/2024\/04\/Portada-8.jpg\" width=\"733\" height=\"647\" class=\"attachment-full\" alt=\"Monaco Ocean Week 2024 &#8211; Patricia Morales &#8211; Gerente General Filantrop\u00eda Cort\u00e9s Solari\" \/> <\/picture> <\/div> <div class=\"overlay \"> <div class=\"overlay-circle\"><\/div> <div class=\"links-wrapper\"> <div class=\"links\"> <div class=\"portfolio-icons\"> <a href=\"\/\/www.youtube.com\/embed\/8Gec2r-274Q?autoplay=1\" target=\"_self\" class=\"icon youtube video\" data-fancybox=\"thegem-portfolio\" data-elementor-open-lightbox=\"no\" aria-label=\"Monaco Ocean Week 2024 &#8211; Patricia Morales &#8211; Gerente General Filantrop\u00eda Cort\u00e9s Solari\"> <i class=\"default\"><\/i> <\/a> <a href=\"javascript: void(0);\" class=\"icon share\" role=\"button\" aria-label=\"Share\"> <i class=\"default\"><\/i> <\/a> <div class=\"portfolio-sharing-pane\"> <div class=\"socials-sharing socials socials-colored-hover\"> <a class=\"socials-item\" target=\"_blank\" href=\"https:\/\/www.facebook.com\/sharer\/sharer.php?u=https%3A%2F%2Ffcs.tv%2Fen%2Fpf%2Fmonaco-ocean-week-2024-patricia-morales-gerente-general-filantropia-cortes-solari%2F\" title=\"Facebook\"><i class=\"socials-item-icon facebook\"><\/i><\/a> <a class=\"socials-item\" target=\"_blank\" href=\"https:\/\/twitter.com\/intent\/tweet?text=Monaco+Ocean+Week+2024+%26%238211%3B+Patricia+Morales+%26%238211%3B+Gerente+General+Filantrop%C3%ADa+Cort%C3%A9s+Solari&#038;url=https%3A%2F%2Ffcs.tv%2Fen%2Fpf%2Fmonaco-ocean-week-2024-patricia-morales-gerente-general-filantropia-cortes-solari%2F\" title=\"Twitter\"><i class=\"socials-item-icon twitter\"><\/i><\/a> <a class=\"socials-item\" target=\"_blank\" href=\"https:\/\/pinterest.com\/pin\/create\/button\/?url=https%3A%2F%2Ffcs.tv%2Fen%2Fpf%2Fmonaco-ocean-week-2024-patricia-morales-gerente-general-filantropia-cortes-solari%2F&#038;description=Monaco+Ocean+Week+2024+%26%238211%3B+Patricia+Morales+%26%238211%3B+Gerente+General+Filantrop%C3%ADa+Cort%C3%A9s+Solari&#038;media=https%3A%2F%2Ffcs.tv%2Fwp-content%2Fuploads%2F2024%2F04%2FPortada-8-thegem-blog-timeline-large.jpg\" title=\"Pinterest\"><i class=\"socials-item-icon pinterest\"><\/i><\/a> <a class=\"socials-item\" target=\"_blank\" href=\"https:\/\/www.tumblr.com\/widgets\/share\/tool?canonicalUrl=https%3A%2F%2Ffcs.tv%2Fen%2Fpf%2Fmonaco-ocean-week-2024-patricia-morales-gerente-general-filantropia-cortes-solari%2F\" title=\"Tumblr\"><i class=\"socials-item-icon tumblr\"><\/i><\/a> <a class=\"socials-item\" target=\"_blank\" href=\"https:\/\/www.linkedin.com\/shareArticle?mini=true&#038;url=https%3A%2F%2Ffcs.tv%2Fen%2Fpf%2Fmonaco-ocean-week-2024-patricia-morales-gerente-general-filantropia-cortes-solari%2F&#038;title=Monaco+Ocean+Week+2024+%26%238211%3B+Patricia+Morales+%26%238211%3B+Gerente+General+Filantrop%C3%ADa+Cort%C3%A9s+Solari&amp;summary=\" title=\"LinkedIn\"><i class=\"socials-item-icon linkedin\"><\/i><\/a> <a class=\"socials-item\" target=\"_blank\" href=\"https:\/\/www.reddit.com\/submit?url=https%3A%2F%2Ffcs.tv%2Fen%2Fpf%2Fmonaco-ocean-week-2024-patricia-morales-gerente-general-filantropia-cortes-solari%2F&#038;title=Monaco+Ocean+Week+2024+%26%238211%3B+Patricia+Morales+%26%238211%3B+Gerente+General+Filantrop%C3%ADa+Cort%C3%A9s+Solari\" title=\"Reddit\"><i class=\"socials-item-icon reddit\"><\/i><\/a> <\/div> <\/div> <\/div> <div class=\"caption\"> <div class=\"description\"> <\/div> <\/div> <\/div> <\/div> <\/div> <\/div> <\/div> <\/div> <div class=\"portfolio-item monaco-ocean-week-2024 monaco-ocean-week-2024-participantes col-xs-6 col-sm-4 col-md-3 owl-item item-animations-not-inited portfolio-item-template without-title appearance-type-featured_image post-7424 thegem_pf_item type-thegem_pf_item status-publish has-post-thumbnail\" data-default-sort=\"0\" data-sort-date=\"1712246615\"> <div class=\"wrap clearfix\"> <div class=\"image post-7424 thegem_pf_item type-thegem_pf_item status-publish has-post-thumbnail\"> <div class=\"image-inner \"> <picture> <img src=\"https:\/\/fcs.tv\/wp-content\/uploads\/2024\/04\/Portada-9.jpg\" width=\"733\" height=\"647\" class=\"attachment-full\" alt=\"Monaco Ocean Week 2024 &#8211; Monzef Ziani UCESA\" \/> <\/picture> <\/div> <div class=\"overlay \"> <div class=\"overlay-circle\"><\/div> <div class=\"links-wrapper\"> <div class=\"links\"> <div class=\"portfolio-icons\"> <a href=\"\/\/www.youtube.com\/embed\/XxTiFEBtRSI?autoplay=1\" target=\"_self\" class=\"icon youtube video\" data-fancybox=\"thegem-portfolio\" data-elementor-open-lightbox=\"no\" aria-label=\"Monaco Ocean Week 2024 &#8211; Monzef Ziani UCESA\"> <i class=\"default\"><\/i> <\/a> <a href=\"javascript: void(0);\" class=\"icon share\" role=\"button\" aria-label=\"Share\"> <i class=\"default\"><\/i> <\/a> <div class=\"portfolio-sharing-pane\"> <div class=\"socials-sharing socials socials-colored-hover\"> <a class=\"socials-item\" target=\"_blank\" href=\"https:\/\/www.facebook.com\/sharer\/sharer.php?u=https%3A%2F%2Ffcs.tv%2Fen%2Fpf%2Fmonaco-ocean-week-2024-monzef-ziani%2F\" title=\"Facebook\"><i class=\"socials-item-icon facebook\"><\/i><\/a> <a class=\"socials-item\" target=\"_blank\" href=\"https:\/\/twitter.com\/intent\/tweet?text=Monaco+Ocean+Week+2024+%26%238211%3B+Monzef+Ziani+UCESA&#038;url=https%3A%2F%2Ffcs.tv%2Fen%2Fpf%2Fmonaco-ocean-week-2024-monzef-ziani%2F\" title=\"Twitter\"><i class=\"socials-item-icon twitter\"><\/i><\/a> <a class=\"socials-item\" target=\"_blank\" href=\"https:\/\/pinterest.com\/pin\/create\/button\/?url=https%3A%2F%2Ffcs.tv%2Fen%2Fpf%2Fmonaco-ocean-week-2024-monzef-ziani%2F&#038;description=Monaco+Ocean+Week+2024+%26%238211%3B+Monzef+Ziani+UCESA&#038;media=https%3A%2F%2Ffcs.tv%2Fwp-content%2Fuploads%2F2024%2F04%2FPortada-9-thegem-blog-timeline-large.jpg\" title=\"Pinterest\"><i class=\"socials-item-icon pinterest\"><\/i><\/a> <a class=\"socials-item\" target=\"_blank\" href=\"https:\/\/www.tumblr.com\/widgets\/share\/tool?canonicalUrl=https%3A%2F%2Ffcs.tv%2Fen%2Fpf%2Fmonaco-ocean-week-2024-monzef-ziani%2F\" title=\"Tumblr\"><i class=\"socials-item-icon tumblr\"><\/i><\/a> <a class=\"socials-item\" target=\"_blank\" href=\"https:\/\/www.linkedin.com\/shareArticle?mini=true&#038;url=https%3A%2F%2Ffcs.tv%2Fen%2Fpf%2Fmonaco-ocean-week-2024-monzef-ziani%2F&#038;title=Monaco+Ocean+Week+2024+%26%238211%3B+Monzef+Ziani+UCESA&amp;summary=\" title=\"LinkedIn\"><i class=\"socials-item-icon linkedin\"><\/i><\/a> <a class=\"socials-item\" target=\"_blank\" href=\"https:\/\/www.reddit.com\/submit?url=https%3A%2F%2Ffcs.tv%2Fen%2Fpf%2Fmonaco-ocean-week-2024-monzef-ziani%2F&#038;title=Monaco+Ocean+Week+2024+%26%238211%3B+Monzef+Ziani+UCESA\" title=\"Reddit\"><i class=\"socials-item-icon reddit\"><\/i><\/a> <\/div> <\/div> <\/div> <div class=\"caption\"> <div class=\"description\"> <\/div> <\/div> <\/div> <\/div> <\/div> <\/div> <\/div> <\/div> <div class=\"portfolio-item monaco-ocean-week-2024 monaco-ocean-week-2024-participantes col-xs-6 col-sm-4 col-md-3 owl-item item-animations-not-inited portfolio-item-template without-title appearance-type-featured_image post-7421 thegem_pf_item type-thegem_pf_item status-publish has-post-thumbnail\" data-default-sort=\"0\" data-sort-date=\"1712162541\"> <div class=\"wrap clearfix\"> <div class=\"image post-7421 thegem_pf_item type-thegem_pf_item status-publish has-post-thumbnail\"> <div class=\"image-inner \"> <picture> <img src=\"https:\/\/fcs.tv\/wp-content\/uploads\/2024\/04\/Portada-6.jpg\" width=\"733\" height=\"647\" class=\"attachment-full\" alt=\"Monaco Ocean Week 2024 &#8211; Abdalah Mosskit Secretary IPCC\" \/> <\/picture> <\/div> <div class=\"overlay \"> <div class=\"overlay-circle\"><\/div> <div class=\"links-wrapper\"> <div class=\"links\"> <div class=\"portfolio-icons\"> <a href=\"\/\/www.youtube.com\/embed\/2NMwrpsQLZQ?autoplay=1\" target=\"_self\" class=\"icon youtube video\" data-fancybox=\"thegem-portfolio\" data-elementor-open-lightbox=\"no\" aria-label=\"Monaco Ocean Week 2024 &#8211; Abdalah Mosskit Secretary IPCC\"> <i class=\"default\"><\/i> <\/a> <a href=\"javascript: void(0);\" class=\"icon share\" role=\"button\" aria-label=\"Share\"> <i class=\"default\"><\/i> <\/a> <div class=\"portfolio-sharing-pane\"> <div class=\"socials-sharing socials socials-colored-hover\"> <a class=\"socials-item\" target=\"_blank\" href=\"https:\/\/www.facebook.com\/sharer\/sharer.php?u=https%3A%2F%2Ffcs.tv%2Fen%2Fpf%2Fmonaco-ocean-week-2024-abdalah-mosskit-secretary-ipcc%2F\" title=\"Facebook\"><i class=\"socials-item-icon facebook\"><\/i><\/a> <a class=\"socials-item\" target=\"_blank\" href=\"https:\/\/twitter.com\/intent\/tweet?text=Monaco+Ocean+Week+2024+%26%238211%3B+Abdalah+Mosskit+Secretary+IPCC&#038;url=https%3A%2F%2Ffcs.tv%2Fen%2Fpf%2Fmonaco-ocean-week-2024-abdalah-mosskit-secretary-ipcc%2F\" title=\"Twitter\"><i class=\"socials-item-icon twitter\"><\/i><\/a> <a class=\"socials-item\" target=\"_blank\" href=\"https:\/\/pinterest.com\/pin\/create\/button\/?url=https%3A%2F%2Ffcs.tv%2Fen%2Fpf%2Fmonaco-ocean-week-2024-abdalah-mosskit-secretary-ipcc%2F&#038;description=Monaco+Ocean+Week+2024+%26%238211%3B+Abdalah+Mosskit+Secretary+IPCC&#038;media=https%3A%2F%2Ffcs.tv%2Fwp-content%2Fuploads%2F2024%2F04%2FPortada-6-thegem-blog-timeline-large.jpg\" title=\"Pinterest\"><i class=\"socials-item-icon pinterest\"><\/i><\/a> <a class=\"socials-item\" target=\"_blank\" href=\"https:\/\/www.tumblr.com\/widgets\/share\/tool?canonicalUrl=https%3A%2F%2Ffcs.tv%2Fen%2Fpf%2Fmonaco-ocean-week-2024-abdalah-mosskit-secretary-ipcc%2F\" title=\"Tumblr\"><i class=\"socials-item-icon tumblr\"><\/i><\/a> <a class=\"socials-item\" target=\"_blank\" href=\"https:\/\/www.linkedin.com\/shareArticle?mini=true&#038;url=https%3A%2F%2Ffcs.tv%2Fen%2Fpf%2Fmonaco-ocean-week-2024-abdalah-mosskit-secretary-ipcc%2F&#038;title=Monaco+Ocean+Week+2024+%26%238211%3B+Abdalah+Mosskit+Secretary+IPCC&amp;summary=\" title=\"LinkedIn\"><i class=\"socials-item-icon linkedin\"><\/i><\/a> <a class=\"socials-item\" target=\"_blank\" href=\"https:\/\/www.reddit.com\/submit?url=https%3A%2F%2Ffcs.tv%2Fen%2Fpf%2Fmonaco-ocean-week-2024-abdalah-mosskit-secretary-ipcc%2F&#038;title=Monaco+Ocean+Week+2024+%26%238211%3B+Abdalah+Mosskit+Secretary+IPCC\" title=\"Reddit\"><i class=\"socials-item-icon reddit\"><\/i><\/a> <\/div> <\/div> <\/div> <div class=\"caption\"> <div class=\"description\"> <\/div> <\/div> <\/div> <\/div> <\/div> <\/div> <\/div> <\/div> <div class=\"portfolio-item entrevistas monaco-ocean-week-2024 monaco-ocean-week-2024-participantes col-xs-6 col-sm-4 col-md-3 owl-item item-animations-not-inited portfolio-item-template without-title appearance-type-featured_image post-7419 thegem_pf_item type-thegem_pf_item status-publish has-post-thumbnail\" data-default-sort=\"0\" data-sort-date=\"1712161608\"> <div class=\"wrap clearfix\"> <div class=\"image post-7419 thegem_pf_item type-thegem_pf_item status-publish has-post-thumbnail\"> <div class=\"image-inner \"> <picture> <img src=\"https:\/\/fcs.tv\/wp-content\/uploads\/2024\/04\/Portada-5.jpg\" width=\"733\" height=\"647\" class=\"attachment-full\" alt=\"Monaco Ocean Week 2024 &#8211; Charlotte Mogensen Program Director Velux Fonden\" \/> <\/picture> <\/div> <div class=\"overlay \"> <div class=\"overlay-circle\"><\/div> <div class=\"links-wrapper\"> <div class=\"links\"> <div class=\"portfolio-icons\"> <a href=\"\/\/www.youtube.com\/embed\/iv6NU_nkkZY?autoplay=1\" target=\"_self\" class=\"icon youtube video\" data-fancybox=\"thegem-portfolio\" data-elementor-open-lightbox=\"no\" aria-label=\"Monaco Ocean Week 2024 &#8211; Charlotte Mogensen Program Director Velux Fonden\"> <i class=\"default\"><\/i> <\/a> <a href=\"javascript: void(0);\" class=\"icon share\" role=\"button\" aria-label=\"Share\"> <i class=\"default\"><\/i> <\/a> <div class=\"portfolio-sharing-pane\"> <div class=\"socials-sharing socials socials-colored-hover\"> <a class=\"socials-item\" target=\"_blank\" href=\"https:\/\/www.facebook.com\/sharer\/sharer.php?u=https%3A%2F%2Ffcs.tv%2Fen%2Fpf%2Fmonaco-ocean-week-2024-charlotte-mogensen-program-director-velux-fonden%2F\" title=\"Facebook\"><i class=\"socials-item-icon facebook\"><\/i><\/a> <a class=\"socials-item\" target=\"_blank\" href=\"https:\/\/twitter.com\/intent\/tweet?text=Monaco+Ocean+Week+2024+%26%238211%3B+Charlotte+Mogensen+Program+Director+Velux+Fonden&#038;url=https%3A%2F%2Ffcs.tv%2Fen%2Fpf%2Fmonaco-ocean-week-2024-charlotte-mogensen-program-director-velux-fonden%2F\" title=\"Twitter\"><i class=\"socials-item-icon twitter\"><\/i><\/a> <a class=\"socials-item\" target=\"_blank\" href=\"https:\/\/pinterest.com\/pin\/create\/button\/?url=https%3A%2F%2Ffcs.tv%2Fen%2Fpf%2Fmonaco-ocean-week-2024-charlotte-mogensen-program-director-velux-fonden%2F&#038;description=Monaco+Ocean+Week+2024+%26%238211%3B+Charlotte+Mogensen+Program+Director+Velux+Fonden&#038;media=https%3A%2F%2Ffcs.tv%2Fwp-content%2Fuploads%2F2024%2F04%2FPortada-5-thegem-blog-timeline-large.jpg\" title=\"Pinterest\"><i class=\"socials-item-icon pinterest\"><\/i><\/a> <a class=\"socials-item\" target=\"_blank\" href=\"https:\/\/www.tumblr.com\/widgets\/share\/tool?canonicalUrl=https%3A%2F%2Ffcs.tv%2Fen%2Fpf%2Fmonaco-ocean-week-2024-charlotte-mogensen-program-director-velux-fonden%2F\" title=\"Tumblr\"><i class=\"socials-item-icon tumblr\"><\/i><\/a> <a class=\"socials-item\" target=\"_blank\" href=\"https:\/\/www.linkedin.com\/shareArticle?mini=true&#038;url=https%3A%2F%2Ffcs.tv%2Fen%2Fpf%2Fmonaco-ocean-week-2024-charlotte-mogensen-program-director-velux-fonden%2F&#038;title=Monaco+Ocean+Week+2024+%26%238211%3B+Charlotte+Mogensen+Program+Director+Velux+Fonden&amp;summary=\" title=\"LinkedIn\"><i class=\"socials-item-icon linkedin\"><\/i><\/a> <a class=\"socials-item\" target=\"_blank\" href=\"https:\/\/www.reddit.com\/submit?url=https%3A%2F%2Ffcs.tv%2Fen%2Fpf%2Fmonaco-ocean-week-2024-charlotte-mogensen-program-director-velux-fonden%2F&#038;title=Monaco+Ocean+Week+2024+%26%238211%3B+Charlotte+Mogensen+Program+Director+Velux+Fonden\" title=\"Reddit\"><i class=\"socials-item-icon reddit\"><\/i><\/a> <\/div> <\/div> <\/div> <div class=\"caption\"> <div class=\"description\"> <\/div> <\/div> <\/div> <\/div> <\/div> <\/div> <\/div> <\/div> <div class=\"portfolio-item monaco-ocean-week-2024 monaco-ocean-week-2024-participantes col-xs-6 col-sm-4 col-md-3 owl-item item-animations-not-inited portfolio-item-template without-title appearance-type-featured_image post-7417 thegem_pf_item type-thegem_pf_item status-publish has-post-thumbnail\" data-default-sort=\"0\" data-sort-date=\"1712161290\"> <div class=\"wrap clearfix\"> <div class=\"image post-7417 thegem_pf_item type-thegem_pf_item status-publish has-post-thumbnail\"> <div class=\"image-inner \"> <picture> <img src=\"https:\/\/fcs.tv\/wp-content\/uploads\/2024\/04\/Portada-4.jpg\" width=\"733\" height=\"647\" class=\"attachment-full\" alt=\"Monaco Ocean Week 2024 &#8211; Mahir Alijev Regional Coordinator UN Environment (UNEP)\" \/> <\/picture> <\/div> <div class=\"overlay \"> <div class=\"overlay-circle\"><\/div> <div class=\"links-wrapper\"> <div class=\"links\"> <div class=\"portfolio-icons\"> <a href=\"\/\/www.youtube.com\/embed\/2Y7HDrwfBpU?autoplay=1\" target=\"_self\" class=\"icon youtube video\" data-fancybox=\"thegem-portfolio\" data-elementor-open-lightbox=\"no\" aria-label=\"Monaco Ocean Week 2024 &#8211; Mahir Alijev Regional Coordinator UN Environment (UNEP)\"> <i class=\"default\"><\/i> <\/a> <a href=\"javascript: void(0);\" class=\"icon share\" role=\"button\" aria-label=\"Share\"> <i class=\"default\"><\/i> <\/a> <div class=\"portfolio-sharing-pane\"> <div class=\"socials-sharing socials socials-colored-hover\"> <a class=\"socials-item\" target=\"_blank\" href=\"https:\/\/www.facebook.com\/sharer\/sharer.php?u=https%3A%2F%2Ffcs.tv%2Fen%2Fpf%2Fmonaco-ocean-week-2024-mahir-alijev-regional-coordinator-un-environment-unep%2F\" title=\"Facebook\"><i class=\"socials-item-icon facebook\"><\/i><\/a> <a class=\"socials-item\" target=\"_blank\" href=\"https:\/\/twitter.com\/intent\/tweet?text=Monaco+Ocean+Week+2024+%26%238211%3B+Mahir+Alijev+Regional+Coordinator+UN+Environment+%28UNEP%29&#038;url=https%3A%2F%2Ffcs.tv%2Fen%2Fpf%2Fmonaco-ocean-week-2024-mahir-alijev-regional-coordinator-un-environment-unep%2F\" title=\"Twitter\"><i class=\"socials-item-icon twitter\"><\/i><\/a> <a class=\"socials-item\" target=\"_blank\" href=\"https:\/\/pinterest.com\/pin\/create\/button\/?url=https%3A%2F%2Ffcs.tv%2Fen%2Fpf%2Fmonaco-ocean-week-2024-mahir-alijev-regional-coordinator-un-environment-unep%2F&#038;description=Monaco+Ocean+Week+2024+%26%238211%3B+Mahir+Alijev+Regional+Coordinator+UN+Environment+%28UNEP%29&#038;media=https%3A%2F%2Ffcs.tv%2Fwp-content%2Fuploads%2F2024%2F04%2FPortada-4-thegem-blog-timeline-large.jpg\" title=\"Pinterest\"><i class=\"socials-item-icon pinterest\"><\/i><\/a> <a class=\"socials-item\" target=\"_blank\" href=\"https:\/\/www.tumblr.com\/widgets\/share\/tool?canonicalUrl=https%3A%2F%2Ffcs.tv%2Fen%2Fpf%2Fmonaco-ocean-week-2024-mahir-alijev-regional-coordinator-un-environment-unep%2F\" title=\"Tumblr\"><i class=\"socials-item-icon tumblr\"><\/i><\/a> <a class=\"socials-item\" target=\"_blank\" href=\"https:\/\/www.linkedin.com\/shareArticle?mini=true&#038;url=https%3A%2F%2Ffcs.tv%2Fen%2Fpf%2Fmonaco-ocean-week-2024-mahir-alijev-regional-coordinator-un-environment-unep%2F&#038;title=Monaco+Ocean+Week+2024+%26%238211%3B+Mahir+Alijev+Regional+Coordinator+UN+Environment+%28UNEP%29&amp;summary=\" title=\"LinkedIn\"><i class=\"socials-item-icon linkedin\"><\/i><\/a> <a class=\"socials-item\" target=\"_blank\" href=\"https:\/\/www.reddit.com\/submit?url=https%3A%2F%2Ffcs.tv%2Fen%2Fpf%2Fmonaco-ocean-week-2024-mahir-alijev-regional-coordinator-un-environment-unep%2F&#038;title=Monaco+Ocean+Week+2024+%26%238211%3B+Mahir+Alijev+Regional+Coordinator+UN+Environment+%28UNEP%29\" title=\"Reddit\"><i class=\"socials-item-icon reddit\"><\/i><\/a> <\/div> <\/div> <\/div> <div class=\"caption\"> <div class=\"description\"> <\/div> <\/div> <\/div> <\/div> <\/div> <\/div> <\/div> <\/div> <div class=\"portfolio-item monaco-ocean-week-2024 monaco-ocean-week-2024-participantes col-xs-6 col-sm-4 col-md-3 owl-item item-animations-not-inited portfolio-item-template without-title appearance-type-featured_image post-7415 thegem_pf_item type-thegem_pf_item status-publish has-post-thumbnail\" data-default-sort=\"0\" data-sort-date=\"1712160739\"> <div class=\"wrap clearfix\"> <div class=\"image post-7415 thegem_pf_item type-thegem_pf_item status-publish has-post-thumbnail\"> <div class=\"image-inner \"> <picture> <img src=\"https:\/\/fcs.tv\/wp-content\/uploads\/2024\/04\/Portada-3.jpg\" width=\"733\" height=\"647\" class=\"attachment-full\" alt=\"Monaco Ocean Week 2024 &#8211; Jean Christophe-Martin Acad\u00e9mico de Universidad Costa Azul\" \/> <\/picture> <\/div> <div class=\"overlay \"> <div class=\"overlay-circle\"><\/div> <div class=\"links-wrapper\"> <div class=\"links\"> <div class=\"portfolio-icons\"> <a href=\"\/\/www.youtube.com\/embed\/Oy8LcpOZhdM?autoplay=1\" target=\"_self\" class=\"icon youtube video\" data-fancybox=\"thegem-portfolio\" data-elementor-open-lightbox=\"no\" aria-label=\"Monaco Ocean Week 2024 &#8211; Jean Christophe-Martin Acad\u00e9mico de Universidad Costa Azul\"> <i class=\"default\"><\/i> <\/a> <a href=\"javascript: void(0);\" class=\"icon share\" role=\"button\" aria-label=\"Share\"> <i class=\"default\"><\/i> <\/a> <div class=\"portfolio-sharing-pane\"> <div class=\"socials-sharing socials socials-colored-hover\"> <a class=\"socials-item\" target=\"_blank\" href=\"https:\/\/www.facebook.com\/sharer\/sharer.php?u=https%3A%2F%2Ffcs.tv%2Fen%2Fpf%2Fmonaco-ocean-week-2024-jean-christophe-martin-academico-de-universidad-costa-azul%2F\" title=\"Facebook\"><i class=\"socials-item-icon facebook\"><\/i><\/a> <a class=\"socials-item\" target=\"_blank\" href=\"https:\/\/twitter.com\/intent\/tweet?text=Monaco+Ocean+Week+2024+%26%238211%3B+Jean+Christophe-Martin+Acad%C3%A9mico+de+Universidad+Costa+Azul&#038;url=https%3A%2F%2Ffcs.tv%2Fen%2Fpf%2Fmonaco-ocean-week-2024-jean-christophe-martin-academico-de-universidad-costa-azul%2F\" title=\"Twitter\"><i class=\"socials-item-icon twitter\"><\/i><\/a> <a class=\"socials-item\" target=\"_blank\" href=\"https:\/\/pinterest.com\/pin\/create\/button\/?url=https%3A%2F%2Ffcs.tv%2Fen%2Fpf%2Fmonaco-ocean-week-2024-jean-christophe-martin-academico-de-universidad-costa-azul%2F&#038;description=Monaco+Ocean+Week+2024+%26%238211%3B+Jean+Christophe-Martin+Acad%C3%A9mico+de+Universidad+Costa+Azul&#038;media=https%3A%2F%2Ffcs.tv%2Fwp-content%2Fuploads%2F2024%2F04%2FPortada-3-thegem-blog-timeline-large.jpg\" title=\"Pinterest\"><i class=\"socials-item-icon pinterest\"><\/i><\/a> <a class=\"socials-item\" target=\"_blank\" href=\"https:\/\/www.tumblr.com\/widgets\/share\/tool?canonicalUrl=https%3A%2F%2Ffcs.tv%2Fen%2Fpf%2Fmonaco-ocean-week-2024-jean-christophe-martin-academico-de-universidad-costa-azul%2F\" title=\"Tumblr\"><i class=\"socials-item-icon tumblr\"><\/i><\/a> <a class=\"socials-item\" target=\"_blank\" href=\"https:\/\/www.linkedin.com\/shareArticle?mini=true&#038;url=https%3A%2F%2Ffcs.tv%2Fen%2Fpf%2Fmonaco-ocean-week-2024-jean-christophe-martin-academico-de-universidad-costa-azul%2F&#038;title=Monaco+Ocean+Week+2024+%26%238211%3B+Jean+Christophe-Martin+Acad%C3%A9mico+de+Universidad+Costa+Azul&amp;summary=\" title=\"LinkedIn\"><i class=\"socials-item-icon linkedin\"><\/i><\/a> <a class=\"socials-item\" target=\"_blank\" href=\"https:\/\/www.reddit.com\/submit?url=https%3A%2F%2Ffcs.tv%2Fen%2Fpf%2Fmonaco-ocean-week-2024-jean-christophe-martin-academico-de-universidad-costa-azul%2F&#038;title=Monaco+Ocean+Week+2024+%26%238211%3B+Jean+Christophe-Martin+Acad%C3%A9mico+de+Universidad+Costa+Azul\" title=\"Reddit\"><i class=\"socials-item-icon reddit\"><\/i><\/a> <\/div> <\/div> <\/div> <div class=\"caption\"> <div class=\"description\"> <\/div> <\/div> <\/div> <\/div> <\/div> <\/div> <\/div> <\/div> <div class=\"portfolio-item monaco-ocean-week-2024 monaco-ocean-week-2024-resumen col-xs-6 col-sm-4 col-md-3 owl-item item-animations-not-inited portfolio-item-template without-title appearance-type-featured_image post-7382 thegem_pf_item type-thegem_pf_item status-publish has-post-thumbnail\" data-default-sort=\"0\" data-sort-date=\"1712069436\"> <div class=\"wrap clearfix\"> <div class=\"image post-7382 thegem_pf_item type-thegem_pf_item status-publish has-post-thumbnail\"> <div class=\"image-inner \"> <picture> <img src=\"https:\/\/fcs.tv\/wp-content\/uploads\/2024\/04\/Portada-1.jpg\" width=\"733\" height=\"647\" class=\"attachment-full\" alt=\"conferencia Monaco Ocean Week 2024 Il Edici\u00f3n de la Blue Economy Round Table Shipping and Triple Crisis\" \/> <\/picture> <\/div> <div class=\"overlay \"> <div class=\"overlay-circle\"><\/div> <div class=\"links-wrapper\"> <div class=\"links\"> <div class=\"portfolio-icons\"> <a href=\"\/\/www.youtube.com\/embed\/9LKEjdfTu9w?autoplay=1\" target=\"_self\" class=\"icon youtube video\" data-fancybox=\"thegem-portfolio\" data-elementor-open-lightbox=\"no\" aria-label=\"conferencia Monaco Ocean Week 2024 Il Edici\u00f3n de la Blue Economy Round Table Shipping and Triple Crisis\"> <i class=\"default\"><\/i> <\/a> <a href=\"javascript: void(0);\" class=\"icon share\" role=\"button\" aria-label=\"Share\"> <i class=\"default\"><\/i> <\/a> <div class=\"portfolio-sharing-pane\"> <div class=\"socials-sharing socials socials-colored-hover\"> <a class=\"socials-item\" target=\"_blank\" href=\"https:\/\/www.facebook.com\/sharer\/sharer.php?u=https%3A%2F%2Ffcs.tv%2Fen%2Fpf%2Fmonaco-ocean-week-2024%2F\" title=\"Facebook\"><i class=\"socials-item-icon facebook\"><\/i><\/a> <a class=\"socials-item\" target=\"_blank\" href=\"https:\/\/twitter.com\/intent\/tweet?text=conferencia+Monaco+Ocean+Week+2024+Il+Edici%C3%B3n+de+la+Blue+Economy+Round+Table+Shipping+and+Triple+Crisis&#038;url=https%3A%2F%2Ffcs.tv%2Fen%2Fpf%2Fmonaco-ocean-week-2024%2F\" title=\"Twitter\"><i class=\"socials-item-icon twitter\"><\/i><\/a> <a class=\"socials-item\" target=\"_blank\" href=\"https:\/\/pinterest.com\/pin\/create\/button\/?url=https%3A%2F%2Ffcs.tv%2Fen%2Fpf%2Fmonaco-ocean-week-2024%2F&#038;description=conferencia+Monaco+Ocean+Week+2024+Il+Edici%C3%B3n+de+la+Blue+Economy+Round+Table+Shipping+and+Triple+Crisis&#038;media=https%3A%2F%2Ffcs.tv%2Fwp-content%2Fuploads%2F2024%2F04%2FPortada-1-thegem-blog-timeline-large.jpg\" title=\"Pinterest\"><i class=\"socials-item-icon pinterest\"><\/i><\/a> <a class=\"socials-item\" target=\"_blank\" href=\"https:\/\/www.tumblr.com\/widgets\/share\/tool?canonicalUrl=https%3A%2F%2Ffcs.tv%2Fen%2Fpf%2Fmonaco-ocean-week-2024%2F\" title=\"Tumblr\"><i class=\"socials-item-icon tumblr\"><\/i><\/a> <a class=\"socials-item\" target=\"_blank\" href=\"https:\/\/www.linkedin.com\/shareArticle?mini=true&#038;url=https%3A%2F%2Ffcs.tv%2Fen%2Fpf%2Fmonaco-ocean-week-2024%2F&#038;title=conferencia+Monaco+Ocean+Week+2024+Il+Edici%C3%B3n+de+la+Blue+Economy+Round+Table+Shipping+and+Triple+Crisis&amp;summary=\" title=\"LinkedIn\"><i class=\"socials-item-icon linkedin\"><\/i><\/a> <a class=\"socials-item\" target=\"_blank\" href=\"https:\/\/www.reddit.com\/submit?url=https%3A%2F%2Ffcs.tv%2Fen%2Fpf%2Fmonaco-ocean-week-2024%2F&#038;title=conferencia+Monaco+Ocean+Week+2024+Il+Edici%C3%B3n+de+la+Blue+Economy+Round+Table+Shipping+and+Triple+Crisis\" title=\"Reddit\"><i class=\"socials-item-icon reddit\"><\/i><\/a> <\/div> <\/div> <\/div> <div class=\"caption\"> <div class=\"description\"> <\/div> <\/div> <\/div> <\/div> <\/div> <\/div> <\/div> <\/div> <\/div> <\/div> <\/div> <\/div> <\/div><!-- .portflio-set --> <\/div><!-- .row--> <div class=\"slider-prev-icon position-on\"> <i class=\"default\"><\/i> <\/div> <div class=\"slider-next-icon position-on\"> <i class=\"default\"><\/i> <\/div> <\/div><!-- .full-width --> <\/div><!-- .portfolio--> <\/div><!-- .portfolio-preloader-wrapper-->[\/vc_column][\/vc_row][vc_row full_width=&#8221;stretch_row_content&#8221; disable_element=&#8221;yes&#8221; css=&#8221;.vc_custom_1711421245357{margin-top: 0px !important;margin-bottom: 0px !important;background-color: #1c2c4f !important;}&#8221; el_class=&#8221;gridcarousel&#8221;][vc_column][vc_row_inner][vc_column_inner width=&#8221;1\/6&#8243;][\/vc_column_inner][vc_column_inner width=&#8221;2\/3&#8243;][vc_column_text css_animation=&#8221;fadeInUp&#8221; css=&#8221;.vc_custom_1708972570746{padding-bottom: 30px !important;}&#8221;]<\/p>\n<h2 style=\"text-align: center;\"><span style=\"color: #ffffff;\">COP27 Egipto &#8211; Sharm el Sheikh (2022)<\/span><\/h2>\n<p>[\/vc_column_text][vc_column_text css_animation=&#8221;bottom-to-top&#8221; css=&#8221;.vc_custom_1708972843758{padding-bottom: 30px !important;}&#8221;]<span style=\"color: #ffffff;\">Fundaci\u00f3n MERI junto al Panel Intergubernamental de Expertos sobre el Cambio Clim\u00e1tico (IPCC) y la Organizaci\u00f3n Meteorol\u00f3gica Mundial (WMO) encabezaron el Pabell\u00f3n Cient\u00edfico Science4ClimateAction en la COP27, desarrollada en Egipto entre el 06 y el 18 de noviembre de 2022.<\/span>[\/vc_column_text][\/vc_column_inner][vc_column_inner width=&#8221;1\/6&#8243;][\/vc_column_inner][\/vc_row_inner]<style>.portfolio.portfolio-grid#style-dfb5117:not(.inited) .portfolio-item, .preloader#style-preloader-dfb5117 .portfolio-item { padding: calc(40px\/2) !important; }.portfolio.portfolio-grid#style-dfb5117:not(.inited) .owl-stage, .preloader#style-preloader-dfb5117 .skeleton-posts.portfolio-row { margin: calc(-40px\/2); }.portfolio.portfolio-grid#style-dfb5117 .fullwidth-block:not(.no-paddings) { padding-left: 40px; padding-right: 40px; }.portfolio.portfolio-grid#style-dfb5117.has-shadowed-items .owl-carousel .owl-stage-outer { padding: calc(40px\/2) !important; margin: calc(-40px\/2); }@media (max-width: 991px) { .portfolio.portfolio-grid#style-dfb5117:not(.inited) .portfolio-item, .preloader#style-preloader-dfb5117 .portfolio-item { padding: calc(20px\/2) !important; }.portfolio.portfolio-grid#style-dfb5117:not(.inited) .owl-stage, .preloader#style-preloader-dfb5117 .skeleton-posts.portfolio-row { margin: calc(-20px\/2); }.portfolio.portfolio-grid#style-dfb5117 .fullwidth-block:not(.no-paddings) { padding-left: 20px; padding-right: 20px; }.portfolio.portfolio-grid#style-dfb5117.has-shadowed-items .owl-carousel .owl-stage-outer { padding: calc(20px\/2) !important; margin: calc(-20px\/2); }}@media (max-width: 767px) { .portfolio.portfolio-grid#style-dfb5117:not(.inited) .portfolio-item, .preloader#style-preloader-dfb5117 .portfolio-item { padding: calc(10px\/2) !important; }.portfolio.portfolio-grid#style-dfb5117:not(.inited) .owl-stage, .preloader#style-preloader-dfb5117 .skeleton-posts.portfolio-row { margin: calc(-10px\/2); }.portfolio.portfolio-grid#style-dfb5117 .fullwidth-block:not(.no-paddings) { padding-left: 10px; padding-right: 10px; }.portfolio.portfolio-grid#style-dfb5117.has-shadowed-items .owl-carousel .owl-stage-outer { padding: calc(10px\/2) !important; margin: calc(-10px\/2); }}.portfolio.portfolio-grid#style-dfb5117 .portfolio-item:not(.custom-ratio, .double-item) .image-inner:not(.empty) { aspect-ratio: 2 !important; height: auto; }.portfolio.portfolio-grid#style-dfb5117 .portfolio-item .caption .title span { letter-spacing: px !important; }.portfolio.portfolio-grid#style-dfb5117 .portfolio-item .caption .title span { white-space: initial; max-height: initial; display: -webkit-box; -webkit-line-clamp: 2; line-clamp: 2; -webkit-box-orient: vertical; }.portfolio.portfolio-grid#style-dfb5117 .portfolio-item .caption .subtitle { max-height: initial !important; }.portfolio.portfolio-grid#style-dfb5117 .portfolio-item .caption .subtitle span { white-space: initial; display: -webkit-box; -webkit-line-clamp: 2; line-clamp: 2; -webkit-box-orient: vertical; }.portfolio.portfolio-grid#style-dfb5117 .portfolio-item .caption .subtitle a, .portfolio.portfolio-grid#style-dfb5117 .portfolio-item .caption .subtitle p { white-space: initial; overflow: initial; }.portfolio.portfolio-grid#style-dfb5117 .extended-carousel-item .owl-nav .owl-prev div, .portfolio.portfolio-grid#style-dfb5117 .extended-carousel-item .owl-nav .owl-next div { color: #ffffff }.portfolio.portfolio-grid#style-dfb5117 .extended-carousel-item .owl-nav .owl-prev:hover div, .portfolio.portfolio-grid#style-dfb5117 .extended-carousel-item .owl-nav .owl-next:hover div { color: #ffffff }.portfolio.portfolio-grid#style-dfb5117 .extended-carousel-item .owl-nav .owl-prev div.position-on, .portfolio.portfolio-grid#style-dfb5117 .extended-carousel-item .owl-nav .owl-next div.position-on { background-color: #a07558 }.portfolio.portfolio-grid#style-dfb5117 .extended-carousel-item .owl-nav .owl-prev:hover div.position-on, .portfolio.portfolio-grid#style-dfb5117 .extended-carousel-item .owl-nav .owl-next:hover div.position-on { background-color: #a07558 }<\/style><style><\/style> <div id=\"style-preloader-dfb5117\" class=\"preloader skeleton-carousel\"> <div class=\"skeleton\"> <div class=\"skeleton-posts portfolio-row\"> <div class=\"portfolio-item col-xs-6 col-sm-4 col-md-3 owl-item item-animations-not-inited portfolio-item-template without-title appearance-type-featured_image post-7382 thegem_pf_item type-thegem_pf_item status-publish has-post-thumbnail\"> <\/div> <div class=\"portfolio-item col-xs-6 col-sm-4 col-md-3 owl-item item-animations-not-inited portfolio-item-template without-title appearance-type-featured_image post-7382 thegem_pf_item type-thegem_pf_item status-publish has-post-thumbnail\"> <\/div> <div class=\"portfolio-item col-xs-6 col-sm-4 col-md-3 owl-item item-animations-not-inited portfolio-item-template without-title appearance-type-featured_image post-7382 thegem_pf_item type-thegem_pf_item status-publish has-post-thumbnail\"> <\/div> <div class=\"portfolio-item col-xs-6 col-sm-4 col-md-3 owl-item item-animations-not-inited portfolio-item-template without-title appearance-type-featured_image post-7382 thegem_pf_item type-thegem_pf_item status-publish has-post-thumbnail\"> <\/div> <div class=\"portfolio-item col-xs-6 col-sm-4 col-md-3 owl-item item-animations-not-inited portfolio-item-template without-title appearance-type-featured_image post-7382 thegem_pf_item type-thegem_pf_item status-publish has-post-thumbnail\"> <\/div> <div class=\"portfolio-item col-xs-6 col-sm-4 col-md-3 owl-item item-animations-not-inited portfolio-item-template without-title appearance-type-featured_image post-7382 thegem_pf_item type-thegem_pf_item status-publish has-post-thumbnail\"> <\/div> <div class=\"portfolio-item col-xs-6 col-sm-4 col-md-3 owl-item item-animations-not-inited portfolio-item-template without-title appearance-type-featured_image post-7382 thegem_pf_item type-thegem_pf_item status-publish has-post-thumbnail\"> <\/div> <div class=\"portfolio-item col-xs-6 col-sm-4 col-md-3 owl-item item-animations-not-inited portfolio-item-template without-title appearance-type-featured_image post-7382 thegem_pf_item type-thegem_pf_item status-publish has-post-thumbnail\"> <\/div> <div class=\"portfolio-item col-xs-6 col-sm-4 col-md-3 owl-item item-animations-not-inited portfolio-item-template without-title appearance-type-featured_image post-7382 thegem_pf_item type-thegem_pf_item status-publish has-post-thumbnail\"> <\/div> <div class=\"portfolio-item col-xs-6 col-sm-4 col-md-3 owl-item item-animations-not-inited portfolio-item-template without-title appearance-type-featured_image post-7382 thegem_pf_item type-thegem_pf_item status-publish has-post-thumbnail\"> <\/div> <div class=\"portfolio-item col-xs-6 col-sm-4 col-md-3 owl-item item-animations-not-inited portfolio-item-template without-title appearance-type-featured_image post-7382 thegem_pf_item type-thegem_pf_item status-publish has-post-thumbnail\"> <\/div> <div class=\"portfolio-item col-xs-6 col-sm-4 col-md-3 owl-item item-animations-not-inited portfolio-item-template without-title appearance-type-featured_image post-7382 thegem_pf_item type-thegem_pf_item status-publish has-post-thumbnail\"> <\/div> <\/div> <\/div> <\/div> <div class=\"portfolio-preloader-wrapper\"> <div class=\"portfolio portfolio-grid extended-portfolio-grid extended-portfolio-carousel extended-carousel-grid no-padding disable-isotope portfolio-style-justified portfolio-style-justified background-style-transparent hover-default title-on-hover hover-elements-size-default version-alternative arrows-position-on caption-position-hover loading-animation item-animation-move-up hover-title columns-4 columns-tablet-3 columns-mobile-2 arrows-hover \" id=\"style-dfb5117\" data-style-uid=\"dfb5117\" data-portfolio-uid=\"grid_a6fb7a0\" data-columns-mobile=\"2\" data-columns-tablet=\"3\" data-columns-desktop=\"4\" data-margin-mobile=\"10\" data-margin-tablet=\"20\" data-margin-desktop=\"40\" data-hover=\"default\" data-dots=\"\" data-arrows=\"1\" data-loop=\"\" data-sliding-animation=\"default\" data-autoscroll-speed=\"0\"> <div class=\"portfolio-row-outer \"> <div class=\"portfolio-row clearfix\"> <div class=\"portfolio-set\"> <div class=\"extended-carousel-wrap\"> <div class=\"extended-carousel-item owl-carousel owl-theme owl-loaded\"> <div class=\"owl-stage-outer\"> <div class=\"owl-stage\"> <div class=\"portfolio-item conferencias cop27 cop27-segunda-semana col-xs-6 col-sm-4 col-md-3 owl-item item-animations-not-inited portfolio-item-template without-title appearance-type-featured_image post-14223 thegem_pf_item type-thegem_pf_item status-publish has-post-thumbnail\" data-default-sort=\"0\" data-sort-date=\"1721648280\"> <div class=\"wrap clearfix\"> <div class=\"image post-14223 thegem_pf_item type-thegem_pf_item status-publish has-post-thumbnail\"> <div class=\"image-inner \"> <picture> <img src=\"https:\/\/fcs.tv\/wp-content\/uploads\/2024\/07\/portadas-FCS-tv_COP27_Mesa-de-trabajo-1-copia-27.jpg\" width=\"709\" height=\"626\" class=\"attachment-full\" alt=\"COP27 J\u00f3venes por la Acci\u00f3n Clim\u00e1tica &#8211; RCOY\" \/> <\/picture> <\/div> <div class=\"overlay \"> <div class=\"overlay-circle\"><\/div> <div class=\"links-wrapper\"> <div class=\"links\"> <div class=\"portfolio-icons\"> <a href=\"\/\/www.youtube.com\/embed\/DJB0ExOfuvg?autoplay=1\" target=\"_self\" class=\"icon youtube video\" data-fancybox=\"thegem-portfolio\" data-elementor-open-lightbox=\"no\" aria-label=\"COP27 J\u00f3venes por la Acci\u00f3n Clim\u00e1tica &#8211; RCOY\"> <i class=\"default\"><\/i> <\/a> <a href=\"javascript: void(0);\" class=\"icon share\" role=\"button\" aria-label=\"Share\"> <i class=\"default\"><\/i> <\/a> <div class=\"portfolio-sharing-pane\"> <div class=\"socials-sharing socials socials-colored-hover\"> <a class=\"socials-item\" target=\"_blank\" href=\"https:\/\/www.facebook.com\/sharer\/sharer.php?u=https%3A%2F%2Ffcs.tv%2Fen%2Fpf%2Fcop27-jovenes-por-la-accion-climatica-rcoy%2F\" title=\"Facebook\"><i class=\"socials-item-icon facebook\"><\/i><\/a> <a class=\"socials-item\" target=\"_blank\" href=\"https:\/\/twitter.com\/intent\/tweet?text=COP27+J%C3%B3venes+por+la+Acci%C3%B3n+Clim%C3%A1tica+%26%238211%3B+RCOY&#038;url=https%3A%2F%2Ffcs.tv%2Fen%2Fpf%2Fcop27-jovenes-por-la-accion-climatica-rcoy%2F\" title=\"Twitter\"><i class=\"socials-item-icon twitter\"><\/i><\/a> <a class=\"socials-item\" target=\"_blank\" href=\"https:\/\/pinterest.com\/pin\/create\/button\/?url=https%3A%2F%2Ffcs.tv%2Fen%2Fpf%2Fcop27-jovenes-por-la-accion-climatica-rcoy%2F&#038;description=COP27+J%C3%B3venes+por+la+Acci%C3%B3n+Clim%C3%A1tica+%26%238211%3B+RCOY&#038;media=https%3A%2F%2Ffcs.tv%2Fwp-content%2Fuploads%2F2024%2F07%2Fportadas-FCS-tv_COP27_Mesa-de-trabajo-1-copia-27.jpg\" title=\"Pinterest\"><i class=\"socials-item-icon pinterest\"><\/i><\/a> <a class=\"socials-item\" target=\"_blank\" href=\"https:\/\/www.tumblr.com\/widgets\/share\/tool?canonicalUrl=https%3A%2F%2Ffcs.tv%2Fen%2Fpf%2Fcop27-jovenes-por-la-accion-climatica-rcoy%2F\" title=\"Tumblr\"><i class=\"socials-item-icon tumblr\"><\/i><\/a> <a class=\"socials-item\" target=\"_blank\" href=\"https:\/\/www.linkedin.com\/shareArticle?mini=true&#038;url=https%3A%2F%2Ffcs.tv%2Fen%2Fpf%2Fcop27-jovenes-por-la-accion-climatica-rcoy%2F&#038;title=COP27+J%C3%B3venes+por+la+Acci%C3%B3n+Clim%C3%A1tica+%26%238211%3B+RCOY&amp;summary=\" title=\"LinkedIn\"><i class=\"socials-item-icon linkedin\"><\/i><\/a> <a class=\"socials-item\" target=\"_blank\" href=\"https:\/\/www.reddit.com\/submit?url=https%3A%2F%2Ffcs.tv%2Fen%2Fpf%2Fcop27-jovenes-por-la-accion-climatica-rcoy%2F&#038;title=COP27+J%C3%B3venes+por+la+Acci%C3%B3n+Clim%C3%A1tica+%26%238211%3B+RCOY\" title=\"Reddit\"><i class=\"socials-item-icon reddit\"><\/i><\/a> <\/div> <\/div> <\/div> <div class=\"caption\"> <div class=\"description\"> <\/div> <\/div> <\/div> <\/div> <\/div> <\/div> <\/div> <\/div> <div class=\"portfolio-item conferencias cop27 cop27-segunda-semana col-xs-6 col-sm-4 col-md-3 owl-item item-animations-not-inited portfolio-item-template without-title appearance-type-featured_image post-14221 thegem_pf_item type-thegem_pf_item status-publish has-post-thumbnail\" data-default-sort=\"0\" data-sort-date=\"1721647831\"> <div class=\"wrap clearfix\"> <div class=\"image post-14221 thegem_pf_item type-thegem_pf_item status-publish has-post-thumbnail\"> <div class=\"image-inner \"> <picture> <img src=\"https:\/\/fcs.tv\/wp-content\/uploads\/2024\/07\/portadas-FCS-tv_COP27_Mesa-de-trabajo-1-copia-26.jpg\" width=\"710\" height=\"626\" class=\"attachment-full\" alt=\"COP27 Panel de gesti\u00f3n de riesgos\" \/> <\/picture> <\/div> <div class=\"overlay \"> <div class=\"overlay-circle\"><\/div> <div class=\"links-wrapper\"> <div class=\"links\"> <div class=\"portfolio-icons\"> <a href=\"\/\/www.youtube.com\/embed\/clp6Qg9YxIw?autoplay=1\" target=\"_self\" class=\"icon youtube video\" data-fancybox=\"thegem-portfolio\" data-elementor-open-lightbox=\"no\" aria-label=\"COP27 Panel de gesti\u00f3n de riesgos\"> <i class=\"default\"><\/i> <\/a> <a href=\"javascript: void(0);\" class=\"icon share\" role=\"button\" aria-label=\"Share\"> <i class=\"default\"><\/i> <\/a> <div class=\"portfolio-sharing-pane\"> <div class=\"socials-sharing socials socials-colored-hover\"> <a class=\"socials-item\" target=\"_blank\" href=\"https:\/\/www.facebook.com\/sharer\/sharer.php?u=https%3A%2F%2Ffcs.tv%2Fen%2Fpf%2Fcop27-panel-de-gestion-de-riesgos%2F\" title=\"Facebook\"><i class=\"socials-item-icon facebook\"><\/i><\/a> <a class=\"socials-item\" target=\"_blank\" href=\"https:\/\/twitter.com\/intent\/tweet?text=COP27+Panel+de+gesti%C3%B3n+de+riesgos&#038;url=https%3A%2F%2Ffcs.tv%2Fen%2Fpf%2Fcop27-panel-de-gestion-de-riesgos%2F\" title=\"Twitter\"><i class=\"socials-item-icon twitter\"><\/i><\/a> <a class=\"socials-item\" target=\"_blank\" href=\"https:\/\/pinterest.com\/pin\/create\/button\/?url=https%3A%2F%2Ffcs.tv%2Fen%2Fpf%2Fcop27-panel-de-gestion-de-riesgos%2F&#038;description=COP27+Panel+de+gesti%C3%B3n+de+riesgos&#038;media=https%3A%2F%2Ffcs.tv%2Fwp-content%2Fuploads%2F2024%2F07%2Fportadas-FCS-tv_COP27_Mesa-de-trabajo-1-copia-26.jpg\" title=\"Pinterest\"><i class=\"socials-item-icon pinterest\"><\/i><\/a> <a class=\"socials-item\" target=\"_blank\" href=\"https:\/\/www.tumblr.com\/widgets\/share\/tool?canonicalUrl=https%3A%2F%2Ffcs.tv%2Fen%2Fpf%2Fcop27-panel-de-gestion-de-riesgos%2F\" title=\"Tumblr\"><i class=\"socials-item-icon tumblr\"><\/i><\/a> <a class=\"socials-item\" target=\"_blank\" href=\"https:\/\/www.linkedin.com\/shareArticle?mini=true&#038;url=https%3A%2F%2Ffcs.tv%2Fen%2Fpf%2Fcop27-panel-de-gestion-de-riesgos%2F&#038;title=COP27+Panel+de+gesti%C3%B3n+de+riesgos&amp;summary=\" title=\"LinkedIn\"><i class=\"socials-item-icon linkedin\"><\/i><\/a> <a class=\"socials-item\" target=\"_blank\" href=\"https:\/\/www.reddit.com\/submit?url=https%3A%2F%2Ffcs.tv%2Fen%2Fpf%2Fcop27-panel-de-gestion-de-riesgos%2F&#038;title=COP27+Panel+de+gesti%C3%B3n+de+riesgos\" title=\"Reddit\"><i class=\"socials-item-icon reddit\"><\/i><\/a> <\/div> <\/div> <\/div> <div class=\"caption\"> <div class=\"description\"> <\/div> <\/div> <\/div> <\/div> <\/div> <\/div> <\/div> <\/div> <div class=\"portfolio-item conferencias cop27 cop27-segunda-semana col-xs-6 col-sm-4 col-md-3 owl-item item-animations-not-inited portfolio-item-template without-title appearance-type-featured_image post-14219 thegem_pf_item type-thegem_pf_item status-publish has-post-thumbnail\" data-default-sort=\"0\" data-sort-date=\"1721647593\"> <div class=\"wrap clearfix\"> <div class=\"image post-14219 thegem_pf_item type-thegem_pf_item status-publish has-post-thumbnail\"> <div class=\"image-inner \"> <picture> <img src=\"https:\/\/fcs.tv\/wp-content\/uploads\/2024\/07\/portadas-FCS-tv_COP27_Mesa-de-trabajo-1-copia-25.jpg\" width=\"709\" height=\"626\" class=\"attachment-full\" alt=\"COP27 Desviaci\u00f3n y segregaci\u00f3n de los desechos, una enorme oportunidad para la mitigaci\u00f3n del metano\" \/> <\/picture> <\/div> <div class=\"overlay \"> <div class=\"overlay-circle\"><\/div> <div class=\"links-wrapper\"> <div class=\"links\"> <div class=\"portfolio-icons\"> <a href=\"\/\/www.youtube.com\/embed\/rOF0nT8fBfo?autoplay=1\" target=\"_self\" class=\"icon youtube video\" data-fancybox=\"thegem-portfolio\" data-elementor-open-lightbox=\"no\" aria-label=\"COP27 Desviaci\u00f3n y segregaci\u00f3n de los desechos, una enorme oportunidad para la mitigaci\u00f3n del metano\"> <i class=\"default\"><\/i> <\/a> <a href=\"javascript: void(0);\" class=\"icon share\" role=\"button\" aria-label=\"Share\"> <i class=\"default\"><\/i> <\/a> <div class=\"portfolio-sharing-pane\"> <div class=\"socials-sharing socials socials-colored-hover\"> <a class=\"socials-item\" target=\"_blank\" href=\"https:\/\/www.facebook.com\/sharer\/sharer.php?u=https%3A%2F%2Ffcs.tv%2Fen%2Fpf%2Fcop27-desviacion-y-segregacion-de-los-desechos-una-enorme-oportunidad-para-la-mitigacion-del-metano%2F\" title=\"Facebook\"><i class=\"socials-item-icon facebook\"><\/i><\/a> <a class=\"socials-item\" target=\"_blank\" href=\"https:\/\/twitter.com\/intent\/tweet?text=COP27+Desviaci%C3%B3n+y+segregaci%C3%B3n+de+los+desechos%2C+una+enorme+oportunidad+para+la+mitigaci%C3%B3n+del+metano&#038;url=https%3A%2F%2Ffcs.tv%2Fen%2Fpf%2Fcop27-desviacion-y-segregacion-de-los-desechos-una-enorme-oportunidad-para-la-mitigacion-del-metano%2F\" title=\"Twitter\"><i class=\"socials-item-icon twitter\"><\/i><\/a> <a class=\"socials-item\" target=\"_blank\" href=\"https:\/\/pinterest.com\/pin\/create\/button\/?url=https%3A%2F%2Ffcs.tv%2Fen%2Fpf%2Fcop27-desviacion-y-segregacion-de-los-desechos-una-enorme-oportunidad-para-la-mitigacion-del-metano%2F&#038;description=COP27+Desviaci%C3%B3n+y+segregaci%C3%B3n+de+los+desechos%2C+una+enorme+oportunidad+para+la+mitigaci%C3%B3n+del+metano&#038;media=https%3A%2F%2Ffcs.tv%2Fwp-content%2Fuploads%2F2024%2F07%2Fportadas-FCS-tv_COP27_Mesa-de-trabajo-1-copia-25.jpg\" title=\"Pinterest\"><i class=\"socials-item-icon pinterest\"><\/i><\/a> <a class=\"socials-item\" target=\"_blank\" href=\"https:\/\/www.tumblr.com\/widgets\/share\/tool?canonicalUrl=https%3A%2F%2Ffcs.tv%2Fen%2Fpf%2Fcop27-desviacion-y-segregacion-de-los-desechos-una-enorme-oportunidad-para-la-mitigacion-del-metano%2F\" title=\"Tumblr\"><i class=\"socials-item-icon tumblr\"><\/i><\/a> <a class=\"socials-item\" target=\"_blank\" href=\"https:\/\/www.linkedin.com\/shareArticle?mini=true&#038;url=https%3A%2F%2Ffcs.tv%2Fen%2Fpf%2Fcop27-desviacion-y-segregacion-de-los-desechos-una-enorme-oportunidad-para-la-mitigacion-del-metano%2F&#038;title=COP27+Desviaci%C3%B3n+y+segregaci%C3%B3n+de+los+desechos%2C+una+enorme+oportunidad+para+la+mitigaci%C3%B3n+del+metano&amp;summary=\" title=\"LinkedIn\"><i class=\"socials-item-icon linkedin\"><\/i><\/a> <a class=\"socials-item\" target=\"_blank\" href=\"https:\/\/www.reddit.com\/submit?url=https%3A%2F%2Ffcs.tv%2Fen%2Fpf%2Fcop27-desviacion-y-segregacion-de-los-desechos-una-enorme-oportunidad-para-la-mitigacion-del-metano%2F&#038;title=COP27+Desviaci%C3%B3n+y+segregaci%C3%B3n+de+los+desechos%2C+una+enorme+oportunidad+para+la+mitigaci%C3%B3n+del+metano\" title=\"Reddit\"><i class=\"socials-item-icon reddit\"><\/i><\/a> <\/div> <\/div> <\/div> <div class=\"caption\"> <div class=\"description\"> <\/div> <\/div> <\/div> <\/div> <\/div> <\/div> <\/div> <\/div> <div class=\"portfolio-item conferencias cop27 cop27-segunda-semana col-xs-6 col-sm-4 col-md-3 owl-item item-animations-not-inited portfolio-item-template without-title appearance-type-featured_image post-14217 thegem_pf_item type-thegem_pf_item status-publish has-post-thumbnail\" data-default-sort=\"0\" data-sort-date=\"1721647373\"> <div class=\"wrap clearfix\"> <div class=\"image post-14217 thegem_pf_item type-thegem_pf_item status-publish has-post-thumbnail\"> <div class=\"image-inner \"> <picture> <img src=\"https:\/\/fcs.tv\/wp-content\/uploads\/2024\/07\/portadas-FCS-tv_COP27_Mesa-de-trabajo-1-copia-24.jpg\" width=\"709\" height=\"626\" class=\"attachment-full\" alt=\"COP27 Plataforma para evaluar el metano residual\" \/> <\/picture> <\/div> <div class=\"overlay \"> <div class=\"overlay-circle\"><\/div> <div class=\"links-wrapper\"> <div class=\"links\"> <div class=\"portfolio-icons\"> <a href=\"\/\/www.youtube.com\/embed\/24lLxS4igHE?autoplay=1\" target=\"_self\" class=\"icon youtube video\" data-fancybox=\"thegem-portfolio\" data-elementor-open-lightbox=\"no\" aria-label=\"COP27 Plataforma para evaluar el metano residual\"> <i class=\"default\"><\/i> <\/a> <a href=\"javascript: void(0);\" class=\"icon share\" role=\"button\" aria-label=\"Share\"> <i class=\"default\"><\/i> <\/a> <div class=\"portfolio-sharing-pane\"> <div class=\"socials-sharing socials socials-colored-hover\"> <a class=\"socials-item\" target=\"_blank\" href=\"https:\/\/www.facebook.com\/sharer\/sharer.php?u=https%3A%2F%2Ffcs.tv%2Fen%2Fpf%2Fcop27-plataforma-para-evaluar-el-metano-residual%2F\" title=\"Facebook\"><i class=\"socials-item-icon facebook\"><\/i><\/a> <a class=\"socials-item\" target=\"_blank\" href=\"https:\/\/twitter.com\/intent\/tweet?text=COP27+Plataforma+para+evaluar+el+metano+residual&#038;url=https%3A%2F%2Ffcs.tv%2Fen%2Fpf%2Fcop27-plataforma-para-evaluar-el-metano-residual%2F\" title=\"Twitter\"><i class=\"socials-item-icon twitter\"><\/i><\/a> <a class=\"socials-item\" target=\"_blank\" href=\"https:\/\/pinterest.com\/pin\/create\/button\/?url=https%3A%2F%2Ffcs.tv%2Fen%2Fpf%2Fcop27-plataforma-para-evaluar-el-metano-residual%2F&#038;description=COP27+Plataforma+para+evaluar+el+metano+residual&#038;media=https%3A%2F%2Ffcs.tv%2Fwp-content%2Fuploads%2F2024%2F07%2Fportadas-FCS-tv_COP27_Mesa-de-trabajo-1-copia-24.jpg\" title=\"Pinterest\"><i class=\"socials-item-icon pinterest\"><\/i><\/a> <a class=\"socials-item\" target=\"_blank\" href=\"https:\/\/www.tumblr.com\/widgets\/share\/tool?canonicalUrl=https%3A%2F%2Ffcs.tv%2Fen%2Fpf%2Fcop27-plataforma-para-evaluar-el-metano-residual%2F\" title=\"Tumblr\"><i class=\"socials-item-icon tumblr\"><\/i><\/a> <a class=\"socials-item\" target=\"_blank\" href=\"https:\/\/www.linkedin.com\/shareArticle?mini=true&#038;url=https%3A%2F%2Ffcs.tv%2Fen%2Fpf%2Fcop27-plataforma-para-evaluar-el-metano-residual%2F&#038;title=COP27+Plataforma+para+evaluar+el+metano+residual&amp;summary=\" title=\"LinkedIn\"><i class=\"socials-item-icon linkedin\"><\/i><\/a> <a class=\"socials-item\" target=\"_blank\" href=\"https:\/\/www.reddit.com\/submit?url=https%3A%2F%2Ffcs.tv%2Fen%2Fpf%2Fcop27-plataforma-para-evaluar-el-metano-residual%2F&#038;title=COP27+Plataforma+para+evaluar+el+metano+residual\" title=\"Reddit\"><i class=\"socials-item-icon reddit\"><\/i><\/a> <\/div> <\/div> <\/div> <div class=\"caption\"> <div class=\"description\"> <\/div> <\/div> <\/div> <\/div> <\/div> <\/div> <\/div> <\/div> <div class=\"portfolio-item conferencias cop27 cop27-segunda-semana col-xs-6 col-sm-4 col-md-3 owl-item item-animations-not-inited portfolio-item-template without-title appearance-type-featured_image post-14215 thegem_pf_item type-thegem_pf_item status-publish has-post-thumbnail\" data-default-sort=\"0\" data-sort-date=\"1721647246\"> <div class=\"wrap clearfix\"> <div class=\"image post-14215 thegem_pf_item type-thegem_pf_item status-publish has-post-thumbnail\"> <div class=\"image-inner \"> <picture> <img src=\"https:\/\/fcs.tv\/wp-content\/uploads\/2024\/07\/portadas-FCS-tv_COP27_Mesa-de-trabajo-1-copia-23.jpg\" width=\"709\" height=\"626\" class=\"attachment-full\" alt=\"COP27 Conocimientos locales e Ind\u00edgenas: retomando las ra\u00edces para construir resiliencia\" \/> <\/picture> <\/div> <div class=\"overlay \"> <div class=\"overlay-circle\"><\/div> <div class=\"links-wrapper\"> <div class=\"links\"> <div class=\"portfolio-icons\"> <a href=\"\/\/www.youtube.com\/embed\/r50VoMoQ4HE?autoplay=1\" target=\"_self\" class=\"icon youtube video\" data-fancybox=\"thegem-portfolio\" data-elementor-open-lightbox=\"no\" aria-label=\"COP27 Conocimientos locales e Ind\u00edgenas: retomando las ra\u00edces para construir resiliencia\"> <i class=\"default\"><\/i> <\/a> <a href=\"javascript: void(0);\" class=\"icon share\" role=\"button\" aria-label=\"Share\"> <i class=\"default\"><\/i> <\/a> <div class=\"portfolio-sharing-pane\"> <div class=\"socials-sharing socials socials-colored-hover\"> <a class=\"socials-item\" target=\"_blank\" href=\"https:\/\/www.facebook.com\/sharer\/sharer.php?u=https%3A%2F%2Ffcs.tv%2Fen%2Fpf%2Fcop27-conocimientos-locales-e-indigenas-retomando-las-raices-para-construir-resiliencia%2F\" title=\"Facebook\"><i class=\"socials-item-icon facebook\"><\/i><\/a> <a class=\"socials-item\" target=\"_blank\" href=\"https:\/\/twitter.com\/intent\/tweet?text=COP27+Conocimientos+locales+e+Ind%C3%ADgenas%3A+retomando+las+ra%C3%ADces+para+construir+resiliencia&#038;url=https%3A%2F%2Ffcs.tv%2Fen%2Fpf%2Fcop27-conocimientos-locales-e-indigenas-retomando-las-raices-para-construir-resiliencia%2F\" title=\"Twitter\"><i class=\"socials-item-icon twitter\"><\/i><\/a> <a class=\"socials-item\" target=\"_blank\" href=\"https:\/\/pinterest.com\/pin\/create\/button\/?url=https%3A%2F%2Ffcs.tv%2Fen%2Fpf%2Fcop27-conocimientos-locales-e-indigenas-retomando-las-raices-para-construir-resiliencia%2F&#038;description=COP27+Conocimientos+locales+e+Ind%C3%ADgenas%3A+retomando+las+ra%C3%ADces+para+construir+resiliencia&#038;media=https%3A%2F%2Ffcs.tv%2Fwp-content%2Fuploads%2F2024%2F07%2Fportadas-FCS-tv_COP27_Mesa-de-trabajo-1-copia-23.jpg\" title=\"Pinterest\"><i class=\"socials-item-icon pinterest\"><\/i><\/a> <a class=\"socials-item\" target=\"_blank\" href=\"https:\/\/www.tumblr.com\/widgets\/share\/tool?canonicalUrl=https%3A%2F%2Ffcs.tv%2Fen%2Fpf%2Fcop27-conocimientos-locales-e-indigenas-retomando-las-raices-para-construir-resiliencia%2F\" title=\"Tumblr\"><i class=\"socials-item-icon tumblr\"><\/i><\/a> <a class=\"socials-item\" target=\"_blank\" href=\"https:\/\/www.linkedin.com\/shareArticle?mini=true&#038;url=https%3A%2F%2Ffcs.tv%2Fen%2Fpf%2Fcop27-conocimientos-locales-e-indigenas-retomando-las-raices-para-construir-resiliencia%2F&#038;title=COP27+Conocimientos+locales+e+Ind%C3%ADgenas%3A+retomando+las+ra%C3%ADces+para+construir+resiliencia&amp;summary=\" title=\"LinkedIn\"><i class=\"socials-item-icon linkedin\"><\/i><\/a> <a class=\"socials-item\" target=\"_blank\" href=\"https:\/\/www.reddit.com\/submit?url=https%3A%2F%2Ffcs.tv%2Fen%2Fpf%2Fcop27-conocimientos-locales-e-indigenas-retomando-las-raices-para-construir-resiliencia%2F&#038;title=COP27+Conocimientos+locales+e+Ind%C3%ADgenas%3A+retomando+las+ra%C3%ADces+para+construir+resiliencia\" title=\"Reddit\"><i class=\"socials-item-icon reddit\"><\/i><\/a> <\/div> <\/div> <\/div> <div class=\"caption\"> <div class=\"description\"> <\/div> <\/div> <\/div> <\/div> <\/div> <\/div> <\/div> <\/div> <div class=\"portfolio-item conferencias cop27 cop27-segunda-semana col-xs-6 col-sm-4 col-md-3 owl-item item-animations-not-inited portfolio-item-template without-title appearance-type-featured_image post-14213 thegem_pf_item type-thegem_pf_item status-publish has-post-thumbnail\" data-default-sort=\"0\" data-sort-date=\"1721647090\"> <div class=\"wrap clearfix\"> <div class=\"image post-14213 thegem_pf_item type-thegem_pf_item status-publish has-post-thumbnail\"> <div class=\"image-inner \"> <picture> <img src=\"https:\/\/fcs.tv\/wp-content\/uploads\/2024\/07\/portadas-FCS-tv_COP27_Mesa-de-trabajo-1-copia-22.jpg\" width=\"709\" height=\"626\" class=\"attachment-full\" alt=\"COP27 Acelerando la Filantrop\u00eda clim\u00e1tica: Colaboraciones en acci\u00f3n\" \/> <\/picture> <\/div> <div class=\"overlay \"> <div class=\"overlay-circle\"><\/div> <div class=\"links-wrapper\"> <div class=\"links\"> <div class=\"portfolio-icons\"> <a href=\"\/\/www.youtube.com\/embed\/TGLpBf1ewRE?autoplay=1\" target=\"_self\" class=\"icon youtube video\" data-fancybox=\"thegem-portfolio\" data-elementor-open-lightbox=\"no\" aria-label=\"COP27 Acelerando la Filantrop\u00eda clim\u00e1tica: Colaboraciones en acci\u00f3n\"> <i class=\"default\"><\/i> <\/a> <a href=\"javascript: void(0);\" class=\"icon share\" role=\"button\" aria-label=\"Share\"> <i class=\"default\"><\/i> <\/a> <div class=\"portfolio-sharing-pane\"> <div class=\"socials-sharing socials socials-colored-hover\"> <a class=\"socials-item\" target=\"_blank\" href=\"https:\/\/www.facebook.com\/sharer\/sharer.php?u=https%3A%2F%2Ffcs.tv%2Fen%2Fpf%2Fcop27-acelerando-la-filantropia-climatica-colaboraciones-en-accion%2F\" title=\"Facebook\"><i class=\"socials-item-icon facebook\"><\/i><\/a> <a class=\"socials-item\" target=\"_blank\" href=\"https:\/\/twitter.com\/intent\/tweet?text=COP27+Acelerando+la+Filantrop%C3%ADa+clim%C3%A1tica%3A+Colaboraciones+en+acci%C3%B3n&#038;url=https%3A%2F%2Ffcs.tv%2Fen%2Fpf%2Fcop27-acelerando-la-filantropia-climatica-colaboraciones-en-accion%2F\" title=\"Twitter\"><i class=\"socials-item-icon twitter\"><\/i><\/a> <a class=\"socials-item\" target=\"_blank\" href=\"https:\/\/pinterest.com\/pin\/create\/button\/?url=https%3A%2F%2Ffcs.tv%2Fen%2Fpf%2Fcop27-acelerando-la-filantropia-climatica-colaboraciones-en-accion%2F&#038;description=COP27+Acelerando+la+Filantrop%C3%ADa+clim%C3%A1tica%3A+Colaboraciones+en+acci%C3%B3n&#038;media=https%3A%2F%2Ffcs.tv%2Fwp-content%2Fuploads%2F2024%2F07%2Fportadas-FCS-tv_COP27_Mesa-de-trabajo-1-copia-22.jpg\" title=\"Pinterest\"><i class=\"socials-item-icon pinterest\"><\/i><\/a> <a class=\"socials-item\" target=\"_blank\" href=\"https:\/\/www.tumblr.com\/widgets\/share\/tool?canonicalUrl=https%3A%2F%2Ffcs.tv%2Fen%2Fpf%2Fcop27-acelerando-la-filantropia-climatica-colaboraciones-en-accion%2F\" title=\"Tumblr\"><i class=\"socials-item-icon tumblr\"><\/i><\/a> <a class=\"socials-item\" target=\"_blank\" href=\"https:\/\/www.linkedin.com\/shareArticle?mini=true&#038;url=https%3A%2F%2Ffcs.tv%2Fen%2Fpf%2Fcop27-acelerando-la-filantropia-climatica-colaboraciones-en-accion%2F&#038;title=COP27+Acelerando+la+Filantrop%C3%ADa+clim%C3%A1tica%3A+Colaboraciones+en+acci%C3%B3n&amp;summary=\" title=\"LinkedIn\"><i class=\"socials-item-icon linkedin\"><\/i><\/a> <a class=\"socials-item\" target=\"_blank\" href=\"https:\/\/www.reddit.com\/submit?url=https%3A%2F%2Ffcs.tv%2Fen%2Fpf%2Fcop27-acelerando-la-filantropia-climatica-colaboraciones-en-accion%2F&#038;title=COP27+Acelerando+la+Filantrop%C3%ADa+clim%C3%A1tica%3A+Colaboraciones+en+acci%C3%B3n\" title=\"Reddit\"><i class=\"socials-item-icon reddit\"><\/i><\/a> <\/div> <\/div> <\/div> <div class=\"caption\"> <div class=\"description\"> <\/div> <\/div> <\/div> <\/div> <\/div> <\/div> <\/div> <\/div> <div class=\"portfolio-item conferencias cop27 cop27-primera-semana col-xs-6 col-sm-4 col-md-3 owl-item item-animations-not-inited portfolio-item-template without-title appearance-type-featured_image post-14211 thegem_pf_item type-thegem_pf_item status-publish has-post-thumbnail\" data-default-sort=\"0\" data-sort-date=\"1721646443\"> <div class=\"wrap clearfix\"> <div class=\"image post-14211 thegem_pf_item type-thegem_pf_item status-publish has-post-thumbnail\"> <div class=\"image-inner \"> <picture> <img src=\"https:\/\/fcs.tv\/wp-content\/uploads\/2024\/07\/portadas-FCS-tv_COP27_Mesa-de-trabajo-1-copia-21.jpg\" width=\"710\" height=\"626\" class=\"attachment-full\" alt=\"COP27 Soluciones basadas en la tierra y naturaleza\" \/> <\/picture> <\/div> <div class=\"overlay \"> <div class=\"overlay-circle\"><\/div> <div class=\"links-wrapper\"> <div class=\"links\"> <div class=\"portfolio-icons\"> <a href=\"\/\/www.youtube.com\/embed\/fCcHxrXZAC0?autoplay=1\" target=\"_self\" class=\"icon youtube video\" data-fancybox=\"thegem-portfolio\" data-elementor-open-lightbox=\"no\" aria-label=\"COP27 Soluciones basadas en la tierra y naturaleza\"> <i class=\"default\"><\/i> <\/a> <a href=\"javascript: void(0);\" class=\"icon share\" role=\"button\" aria-label=\"Share\"> <i class=\"default\"><\/i> <\/a> <div class=\"portfolio-sharing-pane\"> <div class=\"socials-sharing socials socials-colored-hover\"> <a class=\"socials-item\" target=\"_blank\" href=\"https:\/\/www.facebook.com\/sharer\/sharer.php?u=https%3A%2F%2Ffcs.tv%2Fen%2Fpf%2Fcop27-soluciones-basadas-en-la-tierra-y-naturaleza%2F\" title=\"Facebook\"><i class=\"socials-item-icon facebook\"><\/i><\/a> <a class=\"socials-item\" target=\"_blank\" href=\"https:\/\/twitter.com\/intent\/tweet?text=COP27+Soluciones+basadas+en+la+tierra+y+naturaleza&#038;url=https%3A%2F%2Ffcs.tv%2Fen%2Fpf%2Fcop27-soluciones-basadas-en-la-tierra-y-naturaleza%2F\" title=\"Twitter\"><i class=\"socials-item-icon twitter\"><\/i><\/a> <a class=\"socials-item\" target=\"_blank\" href=\"https:\/\/pinterest.com\/pin\/create\/button\/?url=https%3A%2F%2Ffcs.tv%2Fen%2Fpf%2Fcop27-soluciones-basadas-en-la-tierra-y-naturaleza%2F&#038;description=COP27+Soluciones+basadas+en+la+tierra+y+naturaleza&#038;media=https%3A%2F%2Ffcs.tv%2Fwp-content%2Fuploads%2F2024%2F07%2Fportadas-FCS-tv_COP27_Mesa-de-trabajo-1-copia-21.jpg\" title=\"Pinterest\"><i class=\"socials-item-icon pinterest\"><\/i><\/a> <a class=\"socials-item\" target=\"_blank\" href=\"https:\/\/www.tumblr.com\/widgets\/share\/tool?canonicalUrl=https%3A%2F%2Ffcs.tv%2Fen%2Fpf%2Fcop27-soluciones-basadas-en-la-tierra-y-naturaleza%2F\" title=\"Tumblr\"><i class=\"socials-item-icon tumblr\"><\/i><\/a> <a class=\"socials-item\" target=\"_blank\" href=\"https:\/\/www.linkedin.com\/shareArticle?mini=true&#038;url=https%3A%2F%2Ffcs.tv%2Fen%2Fpf%2Fcop27-soluciones-basadas-en-la-tierra-y-naturaleza%2F&#038;title=COP27+Soluciones+basadas+en+la+tierra+y+naturaleza&amp;summary=\" title=\"LinkedIn\"><i class=\"socials-item-icon linkedin\"><\/i><\/a> <a class=\"socials-item\" target=\"_blank\" href=\"https:\/\/www.reddit.com\/submit?url=https%3A%2F%2Ffcs.tv%2Fen%2Fpf%2Fcop27-soluciones-basadas-en-la-tierra-y-naturaleza%2F&#038;title=COP27+Soluciones+basadas+en+la+tierra+y+naturaleza\" title=\"Reddit\"><i class=\"socials-item-icon reddit\"><\/i><\/a> <\/div> <\/div> <\/div> <div class=\"caption\"> <div class=\"description\"> <\/div> <\/div> <\/div> <\/div> <\/div> <\/div> <\/div> <\/div> <div class=\"portfolio-item conferencias cop27 cop27-primera-semana col-xs-6 col-sm-4 col-md-3 owl-item item-animations-not-inited portfolio-item-template without-title appearance-type-featured_image post-14209 thegem_pf_item type-thegem_pf_item status-publish has-post-thumbnail\" data-default-sort=\"0\" data-sort-date=\"1721646277\"> <div class=\"wrap clearfix\"> <div class=\"image post-14209 thegem_pf_item type-thegem_pf_item status-publish has-post-thumbnail\"> <div class=\"image-inner \"> <picture> <img src=\"https:\/\/fcs.tv\/wp-content\/uploads\/2024\/07\/portadas-FCS-tv_COP27_Mesa-de-trabajo-1-copia-20.jpg\" width=\"709\" height=\"626\" class=\"attachment-full\" alt=\"COP27 Latinoam\u00e9rica y el Caribe en la encrucijada del cambio clim\u00e1tico y el desarrollo sustentable\" \/> <\/picture> <\/div> <div class=\"overlay \"> <div class=\"overlay-circle\"><\/div> <div class=\"links-wrapper\"> <div class=\"links\"> <div class=\"portfolio-icons\"> <a href=\"\/\/www.youtube.com\/embed\/7eVoPwZrxpQ?autoplay=1\" target=\"_self\" class=\"icon youtube video\" data-fancybox=\"thegem-portfolio\" data-elementor-open-lightbox=\"no\" aria-label=\"COP27 Latinoam\u00e9rica y el Caribe en la encrucijada del cambio clim\u00e1tico y el desarrollo sustentable\"> <i class=\"default\"><\/i> <\/a> <a href=\"javascript: void(0);\" class=\"icon share\" role=\"button\" aria-label=\"Share\"> <i class=\"default\"><\/i> <\/a> <div class=\"portfolio-sharing-pane\"> <div class=\"socials-sharing socials socials-colored-hover\"> <a class=\"socials-item\" target=\"_blank\" href=\"https:\/\/www.facebook.com\/sharer\/sharer.php?u=https%3A%2F%2Ffcs.tv%2Fen%2Fpf%2Fcop27-latinoamerica-y-el-caribe-en-la-encrucijada-del-cambio-climatico-y-el-desarrollo-sustentable%2F\" title=\"Facebook\"><i class=\"socials-item-icon facebook\"><\/i><\/a> <a class=\"socials-item\" target=\"_blank\" href=\"https:\/\/twitter.com\/intent\/tweet?text=COP27+Latinoam%C3%A9rica+y+el+Caribe+en+la+encrucijada+del+cambio+clim%C3%A1tico+y+el+desarrollo+sustentable&#038;url=https%3A%2F%2Ffcs.tv%2Fen%2Fpf%2Fcop27-latinoamerica-y-el-caribe-en-la-encrucijada-del-cambio-climatico-y-el-desarrollo-sustentable%2F\" title=\"Twitter\"><i class=\"socials-item-icon twitter\"><\/i><\/a> <a class=\"socials-item\" target=\"_blank\" href=\"https:\/\/pinterest.com\/pin\/create\/button\/?url=https%3A%2F%2Ffcs.tv%2Fen%2Fpf%2Fcop27-latinoamerica-y-el-caribe-en-la-encrucijada-del-cambio-climatico-y-el-desarrollo-sustentable%2F&#038;description=COP27+Latinoam%C3%A9rica+y+el+Caribe+en+la+encrucijada+del+cambio+clim%C3%A1tico+y+el+desarrollo+sustentable&#038;media=https%3A%2F%2Ffcs.tv%2Fwp-content%2Fuploads%2F2024%2F07%2Fportadas-FCS-tv_COP27_Mesa-de-trabajo-1-copia-20.jpg\" title=\"Pinterest\"><i class=\"socials-item-icon pinterest\"><\/i><\/a> <a class=\"socials-item\" target=\"_blank\" href=\"https:\/\/www.tumblr.com\/widgets\/share\/tool?canonicalUrl=https%3A%2F%2Ffcs.tv%2Fen%2Fpf%2Fcop27-latinoamerica-y-el-caribe-en-la-encrucijada-del-cambio-climatico-y-el-desarrollo-sustentable%2F\" title=\"Tumblr\"><i class=\"socials-item-icon tumblr\"><\/i><\/a> <a class=\"socials-item\" target=\"_blank\" href=\"https:\/\/www.linkedin.com\/shareArticle?mini=true&#038;url=https%3A%2F%2Ffcs.tv%2Fen%2Fpf%2Fcop27-latinoamerica-y-el-caribe-en-la-encrucijada-del-cambio-climatico-y-el-desarrollo-sustentable%2F&#038;title=COP27+Latinoam%C3%A9rica+y+el+Caribe+en+la+encrucijada+del+cambio+clim%C3%A1tico+y+el+desarrollo+sustentable&amp;summary=\" title=\"LinkedIn\"><i class=\"socials-item-icon linkedin\"><\/i><\/a> <a class=\"socials-item\" target=\"_blank\" href=\"https:\/\/www.reddit.com\/submit?url=https%3A%2F%2Ffcs.tv%2Fen%2Fpf%2Fcop27-latinoamerica-y-el-caribe-en-la-encrucijada-del-cambio-climatico-y-el-desarrollo-sustentable%2F&#038;title=COP27+Latinoam%C3%A9rica+y+el+Caribe+en+la+encrucijada+del+cambio+clim%C3%A1tico+y+el+desarrollo+sustentable\" title=\"Reddit\"><i class=\"socials-item-icon reddit\"><\/i><\/a> <\/div> <\/div> <\/div> <div class=\"caption\"> <div class=\"description\"> <\/div> <\/div> <\/div> <\/div> <\/div> <\/div> <\/div> <\/div> <div class=\"portfolio-item conferencias cop27 cop27-primera-semana col-xs-6 col-sm-4 col-md-3 owl-item item-animations-not-inited portfolio-item-template without-title appearance-type-featured_image post-14207 thegem_pf_item type-thegem_pf_item status-publish has-post-thumbnail\" data-default-sort=\"0\" data-sort-date=\"1721646053\"> <div class=\"wrap clearfix\"> <div class=\"image post-14207 thegem_pf_item type-thegem_pf_item status-publish has-post-thumbnail\"> <div class=\"image-inner \"> <picture> <img src=\"https:\/\/fcs.tv\/wp-content\/uploads\/2024\/07\/portadas-FCS-tv_COP27_Mesa-de-trabajo-1-copia-19.jpg\" width=\"710\" height=\"626\" class=\"attachment-full\" alt=\"COP27 Recursos h\u00eddricos y marinos sustentables: Los desaf\u00edos de la crisis clim\u00e1tica y de la biodiversidad\" \/> <\/picture> <\/div> <div class=\"overlay \"> <div class=\"overlay-circle\"><\/div> <div class=\"links-wrapper\"> <div class=\"links\"> <div class=\"portfolio-icons\"> <a href=\"\/\/www.youtube.com\/embed\/loG71lvP-Qc?autoplay=1\" target=\"_self\" class=\"icon youtube video\" data-fancybox=\"thegem-portfolio\" data-elementor-open-lightbox=\"no\" aria-label=\"COP27 Recursos h\u00eddricos y marinos sustentables: Los desaf\u00edos de la crisis clim\u00e1tica y de la biodiversidad\"> <i class=\"default\"><\/i> <\/a> <a href=\"javascript: void(0);\" class=\"icon share\" role=\"button\" aria-label=\"Share\"> <i class=\"default\"><\/i> <\/a> <div class=\"portfolio-sharing-pane\"> <div class=\"socials-sharing socials socials-colored-hover\"> <a class=\"socials-item\" target=\"_blank\" href=\"https:\/\/www.facebook.com\/sharer\/sharer.php?u=https%3A%2F%2Ffcs.tv%2Fen%2Fpf%2Fcop27-recursos-hidricos-y-marinos-sustentables-los-desafios-de-la-crisis-climatica-y-de-la-biodiversidad%2F\" title=\"Facebook\"><i class=\"socials-item-icon facebook\"><\/i><\/a> <a class=\"socials-item\" target=\"_blank\" href=\"https:\/\/twitter.com\/intent\/tweet?text=COP27+Recursos+h%C3%ADdricos+y+marinos+sustentables%3A+Los+desaf%C3%ADos+de+la+crisis+clim%C3%A1tica+y+de+la+biodiversidad&#038;url=https%3A%2F%2Ffcs.tv%2Fen%2Fpf%2Fcop27-recursos-hidricos-y-marinos-sustentables-los-desafios-de-la-crisis-climatica-y-de-la-biodiversidad%2F\" title=\"Twitter\"><i class=\"socials-item-icon twitter\"><\/i><\/a> <a class=\"socials-item\" target=\"_blank\" href=\"https:\/\/pinterest.com\/pin\/create\/button\/?url=https%3A%2F%2Ffcs.tv%2Fen%2Fpf%2Fcop27-recursos-hidricos-y-marinos-sustentables-los-desafios-de-la-crisis-climatica-y-de-la-biodiversidad%2F&#038;description=COP27+Recursos+h%C3%ADdricos+y+marinos+sustentables%3A+Los+desaf%C3%ADos+de+la+crisis+clim%C3%A1tica+y+de+la+biodiversidad&#038;media=https%3A%2F%2Ffcs.tv%2Fwp-content%2Fuploads%2F2024%2F07%2Fportadas-FCS-tv_COP27_Mesa-de-trabajo-1-copia-19.jpg\" title=\"Pinterest\"><i class=\"socials-item-icon pinterest\"><\/i><\/a> <a class=\"socials-item\" target=\"_blank\" href=\"https:\/\/www.tumblr.com\/widgets\/share\/tool?canonicalUrl=https%3A%2F%2Ffcs.tv%2Fen%2Fpf%2Fcop27-recursos-hidricos-y-marinos-sustentables-los-desafios-de-la-crisis-climatica-y-de-la-biodiversidad%2F\" title=\"Tumblr\"><i class=\"socials-item-icon tumblr\"><\/i><\/a> <a class=\"socials-item\" target=\"_blank\" href=\"https:\/\/www.linkedin.com\/shareArticle?mini=true&#038;url=https%3A%2F%2Ffcs.tv%2Fen%2Fpf%2Fcop27-recursos-hidricos-y-marinos-sustentables-los-desafios-de-la-crisis-climatica-y-de-la-biodiversidad%2F&#038;title=COP27+Recursos+h%C3%ADdricos+y+marinos+sustentables%3A+Los+desaf%C3%ADos+de+la+crisis+clim%C3%A1tica+y+de+la+biodiversidad&amp;summary=\" title=\"LinkedIn\"><i class=\"socials-item-icon linkedin\"><\/i><\/a> <a class=\"socials-item\" target=\"_blank\" href=\"https:\/\/www.reddit.com\/submit?url=https%3A%2F%2Ffcs.tv%2Fen%2Fpf%2Fcop27-recursos-hidricos-y-marinos-sustentables-los-desafios-de-la-crisis-climatica-y-de-la-biodiversidad%2F&#038;title=COP27+Recursos+h%C3%ADdricos+y+marinos+sustentables%3A+Los+desaf%C3%ADos+de+la+crisis+clim%C3%A1tica+y+de+la+biodiversidad\" title=\"Reddit\"><i class=\"socials-item-icon reddit\"><\/i><\/a> <\/div> <\/div> <\/div> <div class=\"caption\"> <div class=\"description\"> <\/div> <\/div> <\/div> <\/div> <\/div> <\/div> <\/div> <\/div> <div class=\"portfolio-item conferencias cop27 cop27-primera-semana col-xs-6 col-sm-4 col-md-3 owl-item item-animations-not-inited portfolio-item-template without-title appearance-type-featured_image post-14203 thegem_pf_item type-thegem_pf_item status-publish has-post-thumbnail\" data-default-sort=\"0\" data-sort-date=\"1721399214\"> <div class=\"wrap clearfix\"> <div class=\"image post-14203 thegem_pf_item type-thegem_pf_item status-publish has-post-thumbnail\"> <div class=\"image-inner \"> <picture> <img src=\"https:\/\/fcs.tv\/wp-content\/uploads\/2024\/07\/portadas-FCS-tv_COP27_Mesa-de-trabajo-1-copia-18.jpg\" width=\"709\" height=\"626\" class=\"attachment-full\" alt=\"COP27 Conservaci\u00f3n integral: Desaf\u00edos y Urgencias\" \/> <\/picture> <\/div> <div class=\"overlay \"> <div class=\"overlay-circle\"><\/div> <div class=\"links-wrapper\"> <div class=\"links\"> <div class=\"portfolio-icons\"> <a href=\"\/\/www.youtube.com\/embed\/53oMA7MftOg?autoplay=1\" target=\"_self\" class=\"icon youtube video\" data-fancybox=\"thegem-portfolio\" data-elementor-open-lightbox=\"no\" aria-label=\"COP27 Conservaci\u00f3n integral: Desaf\u00edos y Urgencias\"> <i class=\"default\"><\/i> <\/a> <a href=\"javascript: void(0);\" class=\"icon share\" role=\"button\" aria-label=\"Share\"> <i class=\"default\"><\/i> <\/a> <div class=\"portfolio-sharing-pane\"> <div class=\"socials-sharing socials socials-colored-hover\"> <a class=\"socials-item\" target=\"_blank\" href=\"https:\/\/www.facebook.com\/sharer\/sharer.php?u=https%3A%2F%2Ffcs.tv%2Fen%2Fpf%2Fcop27-conservacion-integral-desafios-y-urgencias%2F\" title=\"Facebook\"><i class=\"socials-item-icon facebook\"><\/i><\/a> <a class=\"socials-item\" target=\"_blank\" href=\"https:\/\/twitter.com\/intent\/tweet?text=COP27+Conservaci%C3%B3n+integral%3A+Desaf%C3%ADos+y+Urgencias&#038;url=https%3A%2F%2Ffcs.tv%2Fen%2Fpf%2Fcop27-conservacion-integral-desafios-y-urgencias%2F\" title=\"Twitter\"><i class=\"socials-item-icon twitter\"><\/i><\/a> <a class=\"socials-item\" target=\"_blank\" href=\"https:\/\/pinterest.com\/pin\/create\/button\/?url=https%3A%2F%2Ffcs.tv%2Fen%2Fpf%2Fcop27-conservacion-integral-desafios-y-urgencias%2F&#038;description=COP27+Conservaci%C3%B3n+integral%3A+Desaf%C3%ADos+y+Urgencias&#038;media=https%3A%2F%2Ffcs.tv%2Fwp-content%2Fuploads%2F2024%2F07%2Fportadas-FCS-tv_COP27_Mesa-de-trabajo-1-copia-18.jpg\" title=\"Pinterest\"><i class=\"socials-item-icon pinterest\"><\/i><\/a> <a class=\"socials-item\" target=\"_blank\" href=\"https:\/\/www.tumblr.com\/widgets\/share\/tool?canonicalUrl=https%3A%2F%2Ffcs.tv%2Fen%2Fpf%2Fcop27-conservacion-integral-desafios-y-urgencias%2F\" title=\"Tumblr\"><i class=\"socials-item-icon tumblr\"><\/i><\/a> <a class=\"socials-item\" target=\"_blank\" href=\"https:\/\/www.linkedin.com\/shareArticle?mini=true&#038;url=https%3A%2F%2Ffcs.tv%2Fen%2Fpf%2Fcop27-conservacion-integral-desafios-y-urgencias%2F&#038;title=COP27+Conservaci%C3%B3n+integral%3A+Desaf%C3%ADos+y+Urgencias&amp;summary=\" title=\"LinkedIn\"><i class=\"socials-item-icon linkedin\"><\/i><\/a> <a class=\"socials-item\" target=\"_blank\" href=\"https:\/\/www.reddit.com\/submit?url=https%3A%2F%2Ffcs.tv%2Fen%2Fpf%2Fcop27-conservacion-integral-desafios-y-urgencias%2F&#038;title=COP27+Conservaci%C3%B3n+integral%3A+Desaf%C3%ADos+y+Urgencias\" title=\"Reddit\"><i class=\"socials-item-icon reddit\"><\/i><\/a> <\/div> <\/div> <\/div> <div class=\"caption\"> <div class=\"description\"> <\/div> <\/div> <\/div> <\/div> <\/div> <\/div> <\/div> <\/div> <div class=\"portfolio-item conferencias cop27 cop27-primera-semana col-xs-6 col-sm-4 col-md-3 owl-item item-animations-not-inited portfolio-item-template without-title appearance-type-featured_image post-14201 thegem_pf_item type-thegem_pf_item status-publish has-post-thumbnail\" data-default-sort=\"0\" data-sort-date=\"1721399106\"> <div class=\"wrap clearfix\"> <div class=\"image post-14201 thegem_pf_item type-thegem_pf_item status-publish has-post-thumbnail\"> <div class=\"image-inner \"> <picture> <img src=\"https:\/\/fcs.tv\/wp-content\/uploads\/2024\/07\/portadas-FCS-tv_COP27_Mesa-de-trabajo-1-copia-28-2.jpg\" width=\"709\" height=\"626\" class=\"attachment-full\" alt=\"COP27 \u00c1reas Marinas Protegidas: Promoviendo la Ciencia para la Biodiversidad y Mitigaci\u00f3n\" \/> <\/picture> <\/div> <div class=\"overlay \"> <div class=\"overlay-circle\"><\/div> <div class=\"links-wrapper\"> <div class=\"links\"> <div class=\"portfolio-icons\"> <a href=\"\/\/www.youtube.com\/embed\/U9vPRRJIE6U?autoplay=1\" target=\"_self\" class=\"icon youtube video\" data-fancybox=\"thegem-portfolio\" data-elementor-open-lightbox=\"no\" aria-label=\"COP27 \u00c1reas Marinas Protegidas: Promoviendo la Ciencia para la Biodiversidad y Mitigaci\u00f3n\"> <i class=\"default\"><\/i> <\/a> <a href=\"javascript: void(0);\" class=\"icon share\" role=\"button\" aria-label=\"Share\"> <i class=\"default\"><\/i> <\/a> <div class=\"portfolio-sharing-pane\"> <div class=\"socials-sharing socials socials-colored-hover\"> <a class=\"socials-item\" target=\"_blank\" href=\"https:\/\/www.facebook.com\/sharer\/sharer.php?u=https%3A%2F%2Ffcs.tv%2Fen%2Fpf%2Fcop27-areas-marinas-protegidas-promoviendo-la-ciencia-para-la-biodiversidad-y-mitigacion%2F\" title=\"Facebook\"><i class=\"socials-item-icon facebook\"><\/i><\/a> <a class=\"socials-item\" target=\"_blank\" href=\"https:\/\/twitter.com\/intent\/tweet?text=COP27+%C3%81reas+Marinas+Protegidas%3A+Promoviendo+la+Ciencia+para+la+Biodiversidad+y+Mitigaci%C3%B3n&#038;url=https%3A%2F%2Ffcs.tv%2Fen%2Fpf%2Fcop27-areas-marinas-protegidas-promoviendo-la-ciencia-para-la-biodiversidad-y-mitigacion%2F\" title=\"Twitter\"><i class=\"socials-item-icon twitter\"><\/i><\/a> <a class=\"socials-item\" target=\"_blank\" href=\"https:\/\/pinterest.com\/pin\/create\/button\/?url=https%3A%2F%2Ffcs.tv%2Fen%2Fpf%2Fcop27-areas-marinas-protegidas-promoviendo-la-ciencia-para-la-biodiversidad-y-mitigacion%2F&#038;description=COP27+%C3%81reas+Marinas+Protegidas%3A+Promoviendo+la+Ciencia+para+la+Biodiversidad+y+Mitigaci%C3%B3n&#038;media=https%3A%2F%2Ffcs.tv%2Fwp-content%2Fuploads%2F2024%2F07%2Fportadas-FCS-tv_COP27_Mesa-de-trabajo-1-copia-28-2.jpg\" title=\"Pinterest\"><i class=\"socials-item-icon pinterest\"><\/i><\/a> <a class=\"socials-item\" target=\"_blank\" href=\"https:\/\/www.tumblr.com\/widgets\/share\/tool?canonicalUrl=https%3A%2F%2Ffcs.tv%2Fen%2Fpf%2Fcop27-areas-marinas-protegidas-promoviendo-la-ciencia-para-la-biodiversidad-y-mitigacion%2F\" title=\"Tumblr\"><i class=\"socials-item-icon tumblr\"><\/i><\/a> <a class=\"socials-item\" target=\"_blank\" href=\"https:\/\/www.linkedin.com\/shareArticle?mini=true&#038;url=https%3A%2F%2Ffcs.tv%2Fen%2Fpf%2Fcop27-areas-marinas-protegidas-promoviendo-la-ciencia-para-la-biodiversidad-y-mitigacion%2F&#038;title=COP27+%C3%81reas+Marinas+Protegidas%3A+Promoviendo+la+Ciencia+para+la+Biodiversidad+y+Mitigaci%C3%B3n&amp;summary=\" title=\"LinkedIn\"><i class=\"socials-item-icon linkedin\"><\/i><\/a> <a class=\"socials-item\" target=\"_blank\" href=\"https:\/\/www.reddit.com\/submit?url=https%3A%2F%2Ffcs.tv%2Fen%2Fpf%2Fcop27-areas-marinas-protegidas-promoviendo-la-ciencia-para-la-biodiversidad-y-mitigacion%2F&#038;title=COP27+%C3%81reas+Marinas+Protegidas%3A+Promoviendo+la+Ciencia+para+la+Biodiversidad+y+Mitigaci%C3%B3n\" title=\"Reddit\"><i class=\"socials-item-icon reddit\"><\/i><\/a> <\/div> <\/div> <\/div> <div class=\"caption\"> <div class=\"description\"> <\/div> <\/div> <\/div> <\/div> <\/div> <\/div> <\/div> <\/div> <div class=\"portfolio-item ballena-azul conferencias cop27 cop27-primera-semana col-xs-6 col-sm-4 col-md-3 owl-item item-animations-not-inited portfolio-item-template without-title appearance-type-featured_image post-14199 thegem_pf_item type-thegem_pf_item status-publish has-post-thumbnail\" data-default-sort=\"0\" data-sort-date=\"1721399013\"> <div class=\"wrap clearfix\"> <div class=\"image post-14199 thegem_pf_item type-thegem_pf_item status-publish has-post-thumbnail\"> <div class=\"image-inner \"> <picture> <img src=\"https:\/\/fcs.tv\/wp-content\/uploads\/2024\/07\/portadas-FCS-tv_COP27_Mesa-de-trabajo-1-copia-16.jpg\" width=\"710\" height=\"626\" class=\"attachment-full\" alt=\"COP27 Documental de Ballenas: The Blue Boat Initiative\" \/> <\/picture> <\/div> <div class=\"overlay \"> <div class=\"overlay-circle\"><\/div> <div class=\"links-wrapper\"> <div class=\"links\"> <div class=\"portfolio-icons\"> <a href=\"\/\/www.youtube.com\/embed\/b22iJwk18O0?autoplay=1\" target=\"_self\" class=\"icon youtube video\" data-fancybox=\"thegem-portfolio\" data-elementor-open-lightbox=\"no\" aria-label=\"COP27 Documental de Ballenas: The Blue Boat Initiative\"> <i class=\"default\"><\/i> <\/a> <a href=\"javascript: void(0);\" class=\"icon share\" role=\"button\" aria-label=\"Share\"> <i class=\"default\"><\/i> <\/a> <div class=\"portfolio-sharing-pane\"> <div class=\"socials-sharing socials socials-colored-hover\"> <a class=\"socials-item\" target=\"_blank\" href=\"https:\/\/www.facebook.com\/sharer\/sharer.php?u=https%3A%2F%2Ffcs.tv%2Fen%2Fpf%2Fcop27-documental-de-ballenas-the-blue-boat-initiative%2F\" title=\"Facebook\"><i class=\"socials-item-icon facebook\"><\/i><\/a> <a class=\"socials-item\" target=\"_blank\" href=\"https:\/\/twitter.com\/intent\/tweet?text=COP27+Documental+de+Ballenas%3A+The+Blue+Boat+Initiative&#038;url=https%3A%2F%2Ffcs.tv%2Fen%2Fpf%2Fcop27-documental-de-ballenas-the-blue-boat-initiative%2F\" title=\"Twitter\"><i class=\"socials-item-icon twitter\"><\/i><\/a> <a class=\"socials-item\" target=\"_blank\" href=\"https:\/\/pinterest.com\/pin\/create\/button\/?url=https%3A%2F%2Ffcs.tv%2Fen%2Fpf%2Fcop27-documental-de-ballenas-the-blue-boat-initiative%2F&#038;description=COP27+Documental+de+Ballenas%3A+The+Blue+Boat+Initiative&#038;media=https%3A%2F%2Ffcs.tv%2Fwp-content%2Fuploads%2F2024%2F07%2Fportadas-FCS-tv_COP27_Mesa-de-trabajo-1-copia-16.jpg\" title=\"Pinterest\"><i class=\"socials-item-icon pinterest\"><\/i><\/a> <a class=\"socials-item\" target=\"_blank\" href=\"https:\/\/www.tumblr.com\/widgets\/share\/tool?canonicalUrl=https%3A%2F%2Ffcs.tv%2Fen%2Fpf%2Fcop27-documental-de-ballenas-the-blue-boat-initiative%2F\" title=\"Tumblr\"><i class=\"socials-item-icon tumblr\"><\/i><\/a> <a class=\"socials-item\" target=\"_blank\" href=\"https:\/\/www.linkedin.com\/shareArticle?mini=true&#038;url=https%3A%2F%2Ffcs.tv%2Fen%2Fpf%2Fcop27-documental-de-ballenas-the-blue-boat-initiative%2F&#038;title=COP27+Documental+de+Ballenas%3A+The+Blue+Boat+Initiative&amp;summary=\" title=\"LinkedIn\"><i class=\"socials-item-icon linkedin\"><\/i><\/a> <a class=\"socials-item\" target=\"_blank\" href=\"https:\/\/www.reddit.com\/submit?url=https%3A%2F%2Ffcs.tv%2Fen%2Fpf%2Fcop27-documental-de-ballenas-the-blue-boat-initiative%2F&#038;title=COP27+Documental+de+Ballenas%3A+The+Blue+Boat+Initiative\" title=\"Reddit\"><i class=\"socials-item-icon reddit\"><\/i><\/a> <\/div> <\/div> <\/div> <div class=\"caption\"> <div class=\"description\"> <\/div> <\/div> <\/div> <\/div> <\/div> <\/div> <\/div> <\/div> <\/div> <\/div> <\/div> <\/div> <\/div><!-- .portflio-set --> <\/div><!-- .row--> <div class=\"slider-prev-icon position-on\"> <i class=\"default\"><\/i> <\/div> <div class=\"slider-next-icon position-on\"> <i class=\"default\"><\/i> <\/div> <\/div><!-- .full-width --> <\/div><!-- .portfolio--> <\/div><!-- .portfolio-preloader-wrapper-->[\/vc_column][\/vc_row][vc_row full_width=&#8221;stretch_row_content&#8221; disable_element=&#8221;yes&#8221; css=&#8221;.vc_custom_1711421215526{margin-top: 0px !important;margin-bottom: 0px !important;background-color: #18403f !important;}&#8221; el_class=&#8221;gridcarousel&#8221; el_id=&#8221;monaco2023&#8243;][vc_column][vc_row_inner][vc_column_inner width=&#8221;1\/6&#8243;][\/vc_column_inner][vc_column_inner width=&#8221;2\/3&#8243;][vc_column_text css_animation=&#8221;fadeInUp&#8221; css=&#8221;.vc_custom_1708972515091{padding-bottom: 30px !important;}&#8221;]<\/p>\n<h2 style=\"text-align: center;\"><span style=\"color: #ffffff;\">COP26 Escocia &#8211; Glasgow (2021)<\/span><\/h2>\n<p>[\/vc_column_text][vc_column_text css_animation=&#8221;bottom-to-top&#8221; css=&#8221;.vc_custom_1708972877873{padding-bottom: 30px !important;}&#8221;]<span style=\"color: #ffffff;\">Fundaci\u00f3n MERI particip\u00f3 en la COP26, exponiendo diferentes iniciativas y compartiendo conocimiento para la mitigaci\u00f3n del cambio clim\u00e1tico, una de estas iniciativas fue The Blue BOAT Initiative, la cual vela por el cuidado de las ballenas y cet\u00e1ceos.<\/span>[\/vc_column_text][\/vc_column_inner][vc_column_inner width=&#8221;1\/6&#8243;][\/vc_column_inner][\/vc_row_inner]<style>.portfolio.portfolio-grid#style-da76bab:not(.inited) .portfolio-item, .preloader#style-preloader-da76bab .portfolio-item { padding: calc(40px\/2) !important; }.portfolio.portfolio-grid#style-da76bab:not(.inited) .owl-stage, .preloader#style-preloader-da76bab .skeleton-posts.portfolio-row { margin: calc(-40px\/2); }.portfolio.portfolio-grid#style-da76bab .fullwidth-block:not(.no-paddings) { padding-left: 40px; padding-right: 40px; }.portfolio.portfolio-grid#style-da76bab.has-shadowed-items .owl-carousel .owl-stage-outer { padding: calc(40px\/2) !important; margin: calc(-40px\/2); }@media (max-width: 991px) { .portfolio.portfolio-grid#style-da76bab:not(.inited) .portfolio-item, .preloader#style-preloader-da76bab .portfolio-item { padding: calc(20px\/2) !important; }.portfolio.portfolio-grid#style-da76bab:not(.inited) .owl-stage, .preloader#style-preloader-da76bab .skeleton-posts.portfolio-row { margin: calc(-20px\/2); }.portfolio.portfolio-grid#style-da76bab .fullwidth-block:not(.no-paddings) { padding-left: 20px; padding-right: 20px; }.portfolio.portfolio-grid#style-da76bab.has-shadowed-items .owl-carousel .owl-stage-outer { padding: calc(20px\/2) !important; margin: calc(-20px\/2); }}@media (max-width: 767px) { .portfolio.portfolio-grid#style-da76bab:not(.inited) .portfolio-item, .preloader#style-preloader-da76bab .portfolio-item { padding: calc(10px\/2) !important; }.portfolio.portfolio-grid#style-da76bab:not(.inited) .owl-stage, .preloader#style-preloader-da76bab .skeleton-posts.portfolio-row { margin: calc(-10px\/2); }.portfolio.portfolio-grid#style-da76bab .fullwidth-block:not(.no-paddings) { padding-left: 10px; padding-right: 10px; }.portfolio.portfolio-grid#style-da76bab.has-shadowed-items .owl-carousel .owl-stage-outer { padding: calc(10px\/2) !important; margin: calc(-10px\/2); }}.portfolio.portfolio-grid#style-da76bab .portfolio-item .caption .title span { letter-spacing: px !important; }.portfolio.portfolio-grid#style-da76bab .portfolio-item .caption .title span { white-space: initial; max-height: initial; display: -webkit-box; -webkit-line-clamp: 2; line-clamp: 2; -webkit-box-orient: vertical; }.portfolio.portfolio-grid#style-da76bab .portfolio-item .caption .subtitle { max-height: initial !important; }.portfolio.portfolio-grid#style-da76bab .portfolio-item .caption .subtitle span { white-space: initial; display: -webkit-box; -webkit-line-clamp: 2; line-clamp: 2; -webkit-box-orient: vertical; }.portfolio.portfolio-grid#style-da76bab .portfolio-item .caption .subtitle a, .portfolio.portfolio-grid#style-da76bab .portfolio-item .caption .subtitle p { white-space: initial; overflow: initial; }.portfolio.portfolio-grid#style-da76bab .extended-carousel-item .owl-nav .owl-prev div, .portfolio.portfolio-grid#style-da76bab .extended-carousel-item .owl-nav .owl-next div { color: #ffffff }.portfolio.portfolio-grid#style-da76bab .extended-carousel-item .owl-nav .owl-prev:hover div, .portfolio.portfolio-grid#style-da76bab .extended-carousel-item .owl-nav .owl-next:hover div { color: #ffffff }.portfolio.portfolio-grid#style-da76bab .extended-carousel-item .owl-nav .owl-prev div.position-on, .portfolio.portfolio-grid#style-da76bab .extended-carousel-item .owl-nav .owl-next div.position-on { background-color: #a07558 }.portfolio.portfolio-grid#style-da76bab .extended-carousel-item .owl-nav .owl-prev:hover div.position-on, .portfolio.portfolio-grid#style-da76bab .extended-carousel-item .owl-nav .owl-next:hover div.position-on { background-color: #a07558 }<\/style><style><\/style> <div id=\"style-preloader-da76bab\" class=\"preloader skeleton-carousel\"> <div class=\"skeleton\"> <div class=\"skeleton-posts portfolio-row\"> <div class=\"portfolio-item col-xs-6 col-sm-4 columns-desktop-5 owl-item item-animations-not-inited portfolio-item-template without-title appearance-type-featured_image post-14199 thegem_pf_item type-thegem_pf_item status-publish has-post-thumbnail\"> <\/div> <div class=\"portfolio-item col-xs-6 col-sm-4 columns-desktop-5 owl-item item-animations-not-inited portfolio-item-template without-title appearance-type-featured_image post-14199 thegem_pf_item type-thegem_pf_item status-publish has-post-thumbnail\"> <\/div> <div class=\"portfolio-item col-xs-6 col-sm-4 columns-desktop-5 owl-item item-animations-not-inited portfolio-item-template without-title appearance-type-featured_image post-14199 thegem_pf_item type-thegem_pf_item status-publish has-post-thumbnail\"> <\/div> <div class=\"portfolio-item col-xs-6 col-sm-4 columns-desktop-5 owl-item item-animations-not-inited portfolio-item-template without-title appearance-type-featured_image post-14199 thegem_pf_item type-thegem_pf_item status-publish has-post-thumbnail\"> <\/div> <div class=\"portfolio-item col-xs-6 col-sm-4 columns-desktop-5 owl-item item-animations-not-inited portfolio-item-template without-title appearance-type-featured_image post-14199 thegem_pf_item type-thegem_pf_item status-publish has-post-thumbnail\"> <\/div> <div class=\"portfolio-item col-xs-6 col-sm-4 columns-desktop-5 owl-item item-animations-not-inited portfolio-item-template without-title appearance-type-featured_image post-14199 thegem_pf_item type-thegem_pf_item status-publish has-post-thumbnail\"> <\/div> <div class=\"portfolio-item col-xs-6 col-sm-4 columns-desktop-5 owl-item item-animations-not-inited portfolio-item-template without-title appearance-type-featured_image post-14199 thegem_pf_item type-thegem_pf_item status-publish has-post-thumbnail\"> <\/div> <div class=\"portfolio-item col-xs-6 col-sm-4 columns-desktop-5 owl-item item-animations-not-inited portfolio-item-template without-title appearance-type-featured_image post-14199 thegem_pf_item type-thegem_pf_item status-publish has-post-thumbnail\"> <\/div> <div class=\"portfolio-item col-xs-6 col-sm-4 columns-desktop-5 owl-item item-animations-not-inited portfolio-item-template without-title appearance-type-featured_image post-14199 thegem_pf_item type-thegem_pf_item status-publish has-post-thumbnail\"> <\/div> <div class=\"portfolio-item col-xs-6 col-sm-4 columns-desktop-5 owl-item item-animations-not-inited portfolio-item-template without-title appearance-type-featured_image post-14199 thegem_pf_item type-thegem_pf_item status-publish has-post-thumbnail\"> <\/div> <div class=\"portfolio-item col-xs-6 col-sm-4 columns-desktop-5 owl-item item-animations-not-inited portfolio-item-template without-title appearance-type-featured_image post-14199 thegem_pf_item type-thegem_pf_item status-publish has-post-thumbnail\"> <\/div> <div class=\"portfolio-item col-xs-6 col-sm-4 columns-desktop-5 owl-item item-animations-not-inited portfolio-item-template without-title appearance-type-featured_image post-14199 thegem_pf_item type-thegem_pf_item status-publish has-post-thumbnail\"> <\/div> <div class=\"portfolio-item col-xs-6 col-sm-4 columns-desktop-5 owl-item item-animations-not-inited portfolio-item-template without-title appearance-type-featured_image post-14199 thegem_pf_item type-thegem_pf_item status-publish has-post-thumbnail\"> <\/div> <div class=\"portfolio-item col-xs-6 col-sm-4 columns-desktop-5 owl-item item-animations-not-inited portfolio-item-template without-title appearance-type-featured_image post-14199 thegem_pf_item type-thegem_pf_item status-publish has-post-thumbnail\"> <\/div> <div class=\"portfolio-item col-xs-6 col-sm-4 columns-desktop-5 owl-item item-animations-not-inited portfolio-item-template without-title appearance-type-featured_image post-14199 thegem_pf_item type-thegem_pf_item status-publish has-post-thumbnail\"> <\/div> <div class=\"portfolio-item col-xs-6 col-sm-4 columns-desktop-5 owl-item item-animations-not-inited portfolio-item-template without-title appearance-type-featured_image post-14199 thegem_pf_item type-thegem_pf_item status-publish has-post-thumbnail\"> <\/div> <div class=\"portfolio-item col-xs-6 col-sm-4 columns-desktop-5 owl-item item-animations-not-inited portfolio-item-template without-title appearance-type-featured_image post-14199 thegem_pf_item type-thegem_pf_item status-publish has-post-thumbnail\"> <\/div> <div class=\"portfolio-item col-xs-6 col-sm-4 columns-desktop-5 owl-item item-animations-not-inited portfolio-item-template without-title appearance-type-featured_image post-14199 thegem_pf_item type-thegem_pf_item status-publish has-post-thumbnail\"> <\/div> <div class=\"portfolio-item col-xs-6 col-sm-4 columns-desktop-5 owl-item item-animations-not-inited portfolio-item-template without-title appearance-type-featured_image post-14199 thegem_pf_item type-thegem_pf_item status-publish has-post-thumbnail\"> <\/div> <\/div> <\/div> <\/div> <div class=\"portfolio-preloader-wrapper\"> <div class=\"portfolio portfolio-grid extended-portfolio-grid extended-portfolio-carousel extended-carousel-grid no-padding disable-isotope portfolio-style-justified portfolio-style-justified background-style-transparent hover-default title-on-hover hover-elements-size-default version-alternative arrows-position-on caption-position-hover loading-animation item-animation-move-up hover-title columns-5 columns-tablet-3 columns-mobile-2 arrows-hover \" id=\"style-da76bab\" data-style-uid=\"da76bab\" data-portfolio-uid=\"grid_a6fb7a0\" data-columns-mobile=\"2\" data-columns-tablet=\"3\" data-columns-desktop=\"5\" data-margin-mobile=\"10\" data-margin-tablet=\"20\" data-margin-desktop=\"40\" data-hover=\"default\" data-dots=\"\" data-arrows=\"1\" data-loop=\"\" data-sliding-animation=\"default\" data-autoscroll-speed=\"0\"> <div class=\"portfolio-row-outer \"> <div class=\"portfolio-row clearfix\"> <div class=\"portfolio-set\"> <div class=\"extended-carousel-wrap\"> <div class=\"extended-carousel-item owl-carousel owl-theme owl-loaded\"> <div class=\"owl-stage-outer\"> <div class=\"owl-stage\"> <div class=\"portfolio-item conferencias cop26 cop26-resumen col-xs-6 col-sm-4 columns-desktop-5 owl-item item-animations-not-inited portfolio-item-template without-title appearance-type-featured_image post-6267 thegem_pf_item type-thegem_pf_item status-publish has-post-thumbnail\" data-default-sort=\"0\" data-sort-date=\"1691154378\"> <div class=\"wrap clearfix\"> <div class=\"image post-6267 thegem_pf_item type-thegem_pf_item status-publish has-post-thumbnail\"> <div class=\"image-inner \"> <picture> <source srcset=\"https:\/\/fcs.tv\/wp-content\/uploads\/2023\/08\/portadas-FCS-tv_COP26_Mesa-de-trabajo-1-copia-22-thegem-product-justified-square-s.jpg 1x\" sizes=\"100vw\"> <img src=\"https:\/\/fcs.tv\/wp-content\/uploads\/2023\/08\/portadas-FCS-tv_COP26_Mesa-de-trabajo-1-copia-22-thegem-product-justified-square-s.jpg\" width=\"300\" height=\"300\" class=\"attachment-thegem-product-justified-square-s\" alt=\"Resumen COP26\" \/> <\/picture> <\/div> <div class=\"overlay \"> <div class=\"overlay-circle\"><\/div> <div class=\"links-wrapper\"> <div class=\"links\"> <div class=\"portfolio-icons\"> <a href=\"\/\/www.youtube.com\/embed\/6rPE2Qccsi4?autoplay=1\" target=\"_self\" class=\"icon youtube video\" data-fancybox=\"thegem-portfolio\" data-elementor-open-lightbox=\"no\" aria-label=\"Resumen COP26\"> <i class=\"default\"><\/i> <\/a> <a href=\"javascript: void(0);\" class=\"icon share\" role=\"button\" aria-label=\"Share\"> <i class=\"default\"><\/i> <\/a> <div class=\"portfolio-sharing-pane\"> <div class=\"socials-sharing socials socials-colored-hover\"> <a class=\"socials-item\" target=\"_blank\" href=\"https:\/\/www.facebook.com\/sharer\/sharer.php?u=https%3A%2F%2Ffcs.tv%2Fen%2Fpf%2Fresumen-cop26%2F\" title=\"Facebook\"><i class=\"socials-item-icon facebook\"><\/i><\/a> <a class=\"socials-item\" target=\"_blank\" href=\"https:\/\/twitter.com\/intent\/tweet?text=Resumen+COP26&#038;url=https%3A%2F%2Ffcs.tv%2Fen%2Fpf%2Fresumen-cop26%2F\" title=\"Twitter\"><i class=\"socials-item-icon twitter\"><\/i><\/a> <a class=\"socials-item\" target=\"_blank\" href=\"https:\/\/pinterest.com\/pin\/create\/button\/?url=https%3A%2F%2Ffcs.tv%2Fen%2Fpf%2Fresumen-cop26%2F&#038;description=Resumen+COP26&#038;media=https%3A%2F%2Ffcs.tv%2Fwp-content%2Fuploads%2F2023%2F08%2Fportadas-FCS-tv_COP26_Mesa-de-trabajo-1-copia-22.jpg\" title=\"Pinterest\"><i class=\"socials-item-icon pinterest\"><\/i><\/a> <a class=\"socials-item\" target=\"_blank\" href=\"https:\/\/www.tumblr.com\/widgets\/share\/tool?canonicalUrl=https%3A%2F%2Ffcs.tv%2Fen%2Fpf%2Fresumen-cop26%2F\" title=\"Tumblr\"><i class=\"socials-item-icon tumblr\"><\/i><\/a> <a class=\"socials-item\" target=\"_blank\" href=\"https:\/\/www.linkedin.com\/shareArticle?mini=true&#038;url=https%3A%2F%2Ffcs.tv%2Fen%2Fpf%2Fresumen-cop26%2F&#038;title=Resumen+COP26&amp;summary=\" title=\"LinkedIn\"><i class=\"socials-item-icon linkedin\"><\/i><\/a> <a class=\"socials-item\" target=\"_blank\" href=\"https:\/\/www.reddit.com\/submit?url=https%3A%2F%2Ffcs.tv%2Fen%2Fpf%2Fresumen-cop26%2F&#038;title=Resumen+COP26\" title=\"Reddit\"><i class=\"socials-item-icon reddit\"><\/i><\/a> <\/div> <\/div> <\/div> <div class=\"caption\"> <div class=\"description\"> <\/div> <\/div> <\/div> <\/div> <\/div> <\/div> <\/div> <\/div> <div class=\"portfolio-item conferencias cop26 cop26-resumen col-xs-6 col-sm-4 columns-desktop-5 owl-item item-animations-not-inited portfolio-item-template without-title appearance-type-featured_image post-6268 thegem_pf_item type-thegem_pf_item status-publish has-post-thumbnail\" data-default-sort=\"0\" data-sort-date=\"1691154830\"> <div class=\"wrap clearfix\"> <div class=\"image post-6268 thegem_pf_item type-thegem_pf_item status-publish has-post-thumbnail\"> <div class=\"image-inner \"> <picture> <source srcset=\"https:\/\/fcs.tv\/wp-content\/uploads\/2023\/08\/portadas-FCS-tv_COP26_Mesa-de-trabajo-1-copia-23-thegem-product-justified-square-s.jpg 1x\" sizes=\"100vw\"> <img src=\"https:\/\/fcs.tv\/wp-content\/uploads\/2023\/08\/portadas-FCS-tv_COP26_Mesa-de-trabajo-1-copia-23-thegem-product-justified-square-s.jpg\" width=\"300\" height=\"300\" class=\"attachment-thegem-product-justified-square-s\" alt=\"COP26 SSEE + Econom\u00eda\" \/> <\/picture> <\/div> <div class=\"overlay \"> <div class=\"overlay-circle\"><\/div> <div class=\"links-wrapper\"> <div class=\"links\"> <div class=\"portfolio-icons\"> <a href=\"\/\/www.youtube.com\/embed\/N7vRubmrbC8?autoplay=1\" target=\"_blank\" class=\"icon youtube video\" data-fancybox=\"thegem-portfolio\" data-elementor-open-lightbox=\"no\" aria-label=\"COP26 SSEE + Econom\u00eda\"> <i class=\"default\"><\/i> <\/a> <a href=\"javascript: void(0);\" class=\"icon share\" role=\"button\" aria-label=\"Share\"> <i class=\"default\"><\/i> <\/a> <div class=\"portfolio-sharing-pane\"> <div class=\"socials-sharing socials socials-colored-hover\"> <a class=\"socials-item\" target=\"_blank\" href=\"https:\/\/www.facebook.com\/sharer\/sharer.php?u=https%3A%2F%2Ffcs.tv%2Fen%2Fpf%2Fssee-economia%2F\" title=\"Facebook\"><i class=\"socials-item-icon facebook\"><\/i><\/a> <a class=\"socials-item\" target=\"_blank\" href=\"https:\/\/twitter.com\/intent\/tweet?text=COP26+SSEE+%2B+Econom%C3%ADa&#038;url=https%3A%2F%2Ffcs.tv%2Fen%2Fpf%2Fssee-economia%2F\" title=\"Twitter\"><i class=\"socials-item-icon twitter\"><\/i><\/a> <a class=\"socials-item\" target=\"_blank\" href=\"https:\/\/pinterest.com\/pin\/create\/button\/?url=https%3A%2F%2Ffcs.tv%2Fen%2Fpf%2Fssee-economia%2F&#038;description=COP26+SSEE+%2B+Econom%C3%ADa&#038;media=https%3A%2F%2Ffcs.tv%2Fwp-content%2Fuploads%2F2023%2F08%2Fportadas-FCS-tv_COP26_Mesa-de-trabajo-1-copia-23.jpg\" title=\"Pinterest\"><i class=\"socials-item-icon pinterest\"><\/i><\/a> <a class=\"socials-item\" target=\"_blank\" href=\"https:\/\/www.tumblr.com\/widgets\/share\/tool?canonicalUrl=https%3A%2F%2Ffcs.tv%2Fen%2Fpf%2Fssee-economia%2F\" title=\"Tumblr\"><i class=\"socials-item-icon tumblr\"><\/i><\/a> <a class=\"socials-item\" target=\"_blank\" href=\"https:\/\/www.linkedin.com\/shareArticle?mini=true&#038;url=https%3A%2F%2Ffcs.tv%2Fen%2Fpf%2Fssee-economia%2F&#038;title=COP26+SSEE+%2B+Econom%C3%ADa&amp;summary=\" title=\"LinkedIn\"><i class=\"socials-item-icon linkedin\"><\/i><\/a> <a class=\"socials-item\" target=\"_blank\" href=\"https:\/\/www.reddit.com\/submit?url=https%3A%2F%2Ffcs.tv%2Fen%2Fpf%2Fssee-economia%2F&#038;title=COP26+SSEE+%2B+Econom%C3%ADa\" title=\"Reddit\"><i class=\"socials-item-icon reddit\"><\/i><\/a> <\/div> <\/div> <\/div> <div class=\"caption\"> <div class=\"description\"> <\/div> <\/div> <\/div> <\/div> <\/div> <\/div> <\/div> <\/div> <div class=\"portfolio-item conferencias cop26 cop26-resumen col-xs-6 col-sm-4 columns-desktop-5 owl-item item-animations-not-inited portfolio-item-template without-title appearance-type-featured_image post-6271 thegem_pf_item type-thegem_pf_item status-publish has-post-thumbnail\" data-default-sort=\"0\" data-sort-date=\"1691154919\"> <div class=\"wrap clearfix\"> <div class=\"image post-6271 thegem_pf_item type-thegem_pf_item status-publish has-post-thumbnail\"> <div class=\"image-inner \"> <picture> <source srcset=\"https:\/\/fcs.tv\/wp-content\/uploads\/2023\/08\/portadas-FCS-tv_COP26_Mesa-de-trabajo-1-copia-24-thegem-product-justified-square-s.jpg 1x\" sizes=\"100vw\"> <img src=\"https:\/\/fcs.tv\/wp-content\/uploads\/2023\/08\/portadas-FCS-tv_COP26_Mesa-de-trabajo-1-copia-24-thegem-product-justified-square-s.jpg\" width=\"300\" height=\"300\" class=\"attachment-thegem-product-justified-square-s\" alt=\"COP26 Mujeres y j\u00f3venes por la conservaci\u00f3n\" \/> <\/picture> <\/div> <div class=\"overlay \"> <div class=\"overlay-circle\"><\/div> <div class=\"links-wrapper\"> <div class=\"links\"> <div class=\"portfolio-icons\"> <a href=\"\/\/www.youtube.com\/embed\/4-95OYfMpVw?autoplay=1\" target=\"_self\" class=\"icon youtube video\" data-fancybox=\"thegem-portfolio\" data-elementor-open-lightbox=\"no\" aria-label=\"COP26 Mujeres y j\u00f3venes por la conservaci\u00f3n\"> <i class=\"default\"><\/i> <\/a> <a href=\"javascript: void(0);\" class=\"icon share\" role=\"button\" aria-label=\"Share\"> <i class=\"default\"><\/i> <\/a> <div class=\"portfolio-sharing-pane\"> <div class=\"socials-sharing socials socials-colored-hover\"> <a class=\"socials-item\" target=\"_blank\" href=\"https:\/\/www.facebook.com\/sharer\/sharer.php?u=https%3A%2F%2Ffcs.tv%2Fen%2Fpf%2Fmujeres-y-jovenes-por-la-conservacion%2F\" title=\"Facebook\"><i class=\"socials-item-icon facebook\"><\/i><\/a> <a class=\"socials-item\" target=\"_blank\" href=\"https:\/\/twitter.com\/intent\/tweet?text=COP26+Mujeres+y+j%C3%B3venes+por+la+conservaci%C3%B3n&#038;url=https%3A%2F%2Ffcs.tv%2Fen%2Fpf%2Fmujeres-y-jovenes-por-la-conservacion%2F\" title=\"Twitter\"><i class=\"socials-item-icon twitter\"><\/i><\/a> <a class=\"socials-item\" target=\"_blank\" href=\"https:\/\/pinterest.com\/pin\/create\/button\/?url=https%3A%2F%2Ffcs.tv%2Fen%2Fpf%2Fmujeres-y-jovenes-por-la-conservacion%2F&#038;description=COP26+Mujeres+y+j%C3%B3venes+por+la+conservaci%C3%B3n&#038;media=https%3A%2F%2Ffcs.tv%2Fwp-content%2Fuploads%2F2023%2F08%2Fportadas-FCS-tv_COP26_Mesa-de-trabajo-1-copia-24.jpg\" title=\"Pinterest\"><i class=\"socials-item-icon pinterest\"><\/i><\/a> <a class=\"socials-item\" target=\"_blank\" href=\"https:\/\/www.tumblr.com\/widgets\/share\/tool?canonicalUrl=https%3A%2F%2Ffcs.tv%2Fen%2Fpf%2Fmujeres-y-jovenes-por-la-conservacion%2F\" title=\"Tumblr\"><i class=\"socials-item-icon tumblr\"><\/i><\/a> <a class=\"socials-item\" target=\"_blank\" href=\"https:\/\/www.linkedin.com\/shareArticle?mini=true&#038;url=https%3A%2F%2Ffcs.tv%2Fen%2Fpf%2Fmujeres-y-jovenes-por-la-conservacion%2F&#038;title=COP26+Mujeres+y+j%C3%B3venes+por+la+conservaci%C3%B3n&amp;summary=\" title=\"LinkedIn\"><i class=\"socials-item-icon linkedin\"><\/i><\/a> <a class=\"socials-item\" target=\"_blank\" href=\"https:\/\/www.reddit.com\/submit?url=https%3A%2F%2Ffcs.tv%2Fen%2Fpf%2Fmujeres-y-jovenes-por-la-conservacion%2F&#038;title=COP26+Mujeres+y+j%C3%B3venes+por+la+conservaci%C3%B3n\" title=\"Reddit\"><i class=\"socials-item-icon reddit\"><\/i><\/a> <\/div> <\/div> <\/div> <div class=\"caption\"> <div class=\"description\"> <\/div> <\/div> <\/div> <\/div> <\/div> <\/div> <\/div> <\/div> <div class=\"portfolio-item conferencias cop26 cop26-resumen col-xs-6 col-sm-4 columns-desktop-5 owl-item item-animations-not-inited portfolio-item-template without-title appearance-type-featured_image post-6273 thegem_pf_item type-thegem_pf_item status-publish has-post-thumbnail\" data-default-sort=\"0\" data-sort-date=\"1691155586\"> <div class=\"wrap clearfix\"> <div class=\"image post-6273 thegem_pf_item type-thegem_pf_item status-publish has-post-thumbnail\"> <div class=\"image-inner \"> <picture> <source srcset=\"https:\/\/fcs.tv\/wp-content\/uploads\/2023\/08\/portadas-FCS-tv_COP26_Mesa-de-trabajo-1-copia-25-thegem-product-justified-square-s.jpg 1x\" sizes=\"100vw\"> <img src=\"https:\/\/fcs.tv\/wp-content\/uploads\/2023\/08\/portadas-FCS-tv_COP26_Mesa-de-trabajo-1-copia-25-thegem-product-justified-square-s.jpg\" width=\"300\" height=\"300\" class=\"attachment-thegem-product-justified-square-s\" alt=\"COP26 Desarrollo, educaci\u00f3n y cosmovisi\u00f3n\" \/> <\/picture> <\/div> <div class=\"overlay \"> <div class=\"overlay-circle\"><\/div> <div class=\"links-wrapper\"> <div class=\"links\"> <div class=\"portfolio-icons\"> <a href=\"\/\/www.youtube.com\/embed\/4HCxQ-kPjDE?autoplay=1\" target=\"_self\" class=\"icon youtube video\" data-fancybox=\"thegem-portfolio\" data-elementor-open-lightbox=\"no\" aria-label=\"COP26 Desarrollo, educaci\u00f3n y cosmovisi\u00f3n\"> <i class=\"default\"><\/i> <\/a> <a href=\"javascript: void(0);\" class=\"icon share\" role=\"button\" aria-label=\"Share\"> <i class=\"default\"><\/i> <\/a> <div class=\"portfolio-sharing-pane\"> <div class=\"socials-sharing socials socials-colored-hover\"> <a class=\"socials-item\" target=\"_blank\" href=\"https:\/\/www.facebook.com\/sharer\/sharer.php?u=https%3A%2F%2Ffcs.tv%2Fen%2Fpf%2Fdesarrollo-educacion-y-cosmovision%2F\" title=\"Facebook\"><i class=\"socials-item-icon facebook\"><\/i><\/a> <a class=\"socials-item\" target=\"_blank\" href=\"https:\/\/twitter.com\/intent\/tweet?text=COP26+Desarrollo%2C+educaci%C3%B3n+y+cosmovisi%C3%B3n&#038;url=https%3A%2F%2Ffcs.tv%2Fen%2Fpf%2Fdesarrollo-educacion-y-cosmovision%2F\" title=\"Twitter\"><i class=\"socials-item-icon twitter\"><\/i><\/a> <a class=\"socials-item\" target=\"_blank\" href=\"https:\/\/pinterest.com\/pin\/create\/button\/?url=https%3A%2F%2Ffcs.tv%2Fen%2Fpf%2Fdesarrollo-educacion-y-cosmovision%2F&#038;description=COP26+Desarrollo%2C+educaci%C3%B3n+y+cosmovisi%C3%B3n&#038;media=https%3A%2F%2Ffcs.tv%2Fwp-content%2Fuploads%2F2023%2F08%2Fportadas-FCS-tv_COP26_Mesa-de-trabajo-1-copia-25.jpg\" title=\"Pinterest\"><i class=\"socials-item-icon pinterest\"><\/i><\/a> <a class=\"socials-item\" target=\"_blank\" href=\"https:\/\/www.tumblr.com\/widgets\/share\/tool?canonicalUrl=https%3A%2F%2Ffcs.tv%2Fen%2Fpf%2Fdesarrollo-educacion-y-cosmovision%2F\" title=\"Tumblr\"><i class=\"socials-item-icon tumblr\"><\/i><\/a> <a class=\"socials-item\" target=\"_blank\" href=\"https:\/\/www.linkedin.com\/shareArticle?mini=true&#038;url=https%3A%2F%2Ffcs.tv%2Fen%2Fpf%2Fdesarrollo-educacion-y-cosmovision%2F&#038;title=COP26+Desarrollo%2C+educaci%C3%B3n+y+cosmovisi%C3%B3n&amp;summary=\" title=\"LinkedIn\"><i class=\"socials-item-icon linkedin\"><\/i><\/a> <a class=\"socials-item\" target=\"_blank\" href=\"https:\/\/www.reddit.com\/submit?url=https%3A%2F%2Ffcs.tv%2Fen%2Fpf%2Fdesarrollo-educacion-y-cosmovision%2F&#038;title=COP26+Desarrollo%2C+educaci%C3%B3n+y+cosmovisi%C3%B3n\" title=\"Reddit\"><i class=\"socials-item-icon reddit\"><\/i><\/a> <\/div> <\/div> <\/div> <div class=\"caption\"> <div class=\"description\"> <\/div> <\/div> <\/div> <\/div> <\/div> <\/div> <\/div> <\/div> <div class=\"portfolio-item cop26-paneles conferencias cop26 col-xs-6 col-sm-4 columns-desktop-5 owl-item item-animations-not-inited portfolio-item-template without-title appearance-type-featured_image post-14114 thegem_pf_item type-thegem_pf_item status-publish has-post-thumbnail\" data-default-sort=\"0\" data-sort-date=\"1721318871\"> <div class=\"wrap clearfix\"> <div class=\"image post-14114 thegem_pf_item type-thegem_pf_item status-publish has-post-thumbnail\"> <div class=\"image-inner \"> <picture> <source srcset=\"https:\/\/fcs.tv\/wp-content\/uploads\/2023\/08\/portadas-FCS-tv_COP26_Mesa-de-trabajo-1-copia-7-thegem-product-justified-square-s.jpg 1x\" sizes=\"100vw\"> <img src=\"https:\/\/fcs.tv\/wp-content\/uploads\/2023\/08\/portadas-FCS-tv_COP26_Mesa-de-trabajo-1-copia-7-thegem-product-justified-square-s.jpg\" width=\"300\" height=\"300\" class=\"attachment-thegem-product-justified-square-s\" alt=\"COP26 Inauguraci\u00f3n pabell\u00f3n cient\u00edfico\" \/> <\/picture> <\/div> <div class=\"overlay \"> <div class=\"overlay-circle\"><\/div> <div class=\"links-wrapper\"> <div class=\"links\"> <div class=\"portfolio-icons\"> <a href=\"\/\/www.youtube.com\/embed\/KR_bcAgSM_A?autoplay=1\" target=\"_self\" class=\"icon youtube video\" data-fancybox=\"thegem-portfolio\" data-elementor-open-lightbox=\"no\" aria-label=\"COP26 Inauguraci\u00f3n pabell\u00f3n cient\u00edfico\"> <i class=\"default\"><\/i> <\/a> <a href=\"javascript: void(0);\" class=\"icon share\" role=\"button\" aria-label=\"Share\"> <i class=\"default\"><\/i> <\/a> <div class=\"portfolio-sharing-pane\"> <div class=\"socials-sharing socials socials-colored-hover\"> <a class=\"socials-item\" target=\"_blank\" href=\"https:\/\/www.facebook.com\/sharer\/sharer.php?u=https%3A%2F%2Ffcs.tv%2Fen%2Fpf%2Fcop26-inauguracion-pabellon-cientifico%2F\" title=\"Facebook\"><i class=\"socials-item-icon facebook\"><\/i><\/a> <a class=\"socials-item\" target=\"_blank\" href=\"https:\/\/twitter.com\/intent\/tweet?text=COP26+Inauguraci%C3%B3n+pabell%C3%B3n+cient%C3%ADfico&#038;url=https%3A%2F%2Ffcs.tv%2Fen%2Fpf%2Fcop26-inauguracion-pabellon-cientifico%2F\" title=\"Twitter\"><i class=\"socials-item-icon twitter\"><\/i><\/a> <a class=\"socials-item\" target=\"_blank\" href=\"https:\/\/pinterest.com\/pin\/create\/button\/?url=https%3A%2F%2Ffcs.tv%2Fen%2Fpf%2Fcop26-inauguracion-pabellon-cientifico%2F&#038;description=COP26+Inauguraci%C3%B3n+pabell%C3%B3n+cient%C3%ADfico&#038;media=https%3A%2F%2Ffcs.tv%2Fwp-content%2Fuploads%2F2023%2F08%2Fportadas-FCS-tv_COP26_Mesa-de-trabajo-1-copia-7.jpg\" title=\"Pinterest\"><i class=\"socials-item-icon pinterest\"><\/i><\/a> <a class=\"socials-item\" target=\"_blank\" href=\"https:\/\/www.tumblr.com\/widgets\/share\/tool?canonicalUrl=https%3A%2F%2Ffcs.tv%2Fen%2Fpf%2Fcop26-inauguracion-pabellon-cientifico%2F\" title=\"Tumblr\"><i class=\"socials-item-icon tumblr\"><\/i><\/a> <a class=\"socials-item\" target=\"_blank\" href=\"https:\/\/www.linkedin.com\/shareArticle?mini=true&#038;url=https%3A%2F%2Ffcs.tv%2Fen%2Fpf%2Fcop26-inauguracion-pabellon-cientifico%2F&#038;title=COP26+Inauguraci%C3%B3n+pabell%C3%B3n+cient%C3%ADfico&amp;summary=\" title=\"LinkedIn\"><i class=\"socials-item-icon linkedin\"><\/i><\/a> <a class=\"socials-item\" target=\"_blank\" href=\"https:\/\/www.reddit.com\/submit?url=https%3A%2F%2Ffcs.tv%2Fen%2Fpf%2Fcop26-inauguracion-pabellon-cientifico%2F&#038;title=COP26+Inauguraci%C3%B3n+pabell%C3%B3n+cient%C3%ADfico\" title=\"Reddit\"><i class=\"socials-item-icon reddit\"><\/i><\/a> <\/div> <\/div> <\/div> <div class=\"caption\"> <div class=\"description\"> <\/div> <\/div> <\/div> <\/div> <\/div> <\/div> <\/div> <\/div> <div class=\"portfolio-item cop26-paneles conferencias cop26 col-xs-6 col-sm-4 columns-desktop-5 owl-item item-animations-not-inited portfolio-item-template without-title appearance-type-featured_image post-14116 thegem_pf_item type-thegem_pf_item status-publish has-post-thumbnail\" data-default-sort=\"0\" data-sort-date=\"1721319512\"> <div class=\"wrap clearfix\"> <div class=\"image post-14116 thegem_pf_item type-thegem_pf_item status-publish has-post-thumbnail\"> <div class=\"image-inner \"> <picture> <source srcset=\"https:\/\/fcs.tv\/wp-content\/uploads\/2023\/08\/portadas-FCS-tv_COP26_Mesa-de-trabajo-1-copia-8-thegem-product-justified-square-s.jpg 1x\" sizes=\"100vw\"> <img src=\"https:\/\/fcs.tv\/wp-content\/uploads\/2023\/08\/portadas-FCS-tv_COP26_Mesa-de-trabajo-1-copia-8-thegem-product-justified-square-s.jpg\" width=\"300\" height=\"300\" class=\"attachment-thegem-product-justified-square-s\" alt=\"COP26 Cambio clim\u00e1tico, salud humana y oc\u00e9anos\" \/> <\/picture> <\/div> <div class=\"overlay \"> <div class=\"overlay-circle\"><\/div> <div class=\"links-wrapper\"> <div class=\"links\"> <div class=\"portfolio-icons\"> <a href=\"\/\/www.youtube.com\/embed\/47iyli-mnOE?autoplay=1\" target=\"_self\" class=\"icon youtube video\" data-fancybox=\"thegem-portfolio\" data-elementor-open-lightbox=\"no\" aria-label=\"COP26 Cambio clim\u00e1tico, salud humana y oc\u00e9anos\"> <i class=\"default\"><\/i> <\/a> <a href=\"javascript: void(0);\" class=\"icon share\" role=\"button\" aria-label=\"Share\"> <i class=\"default\"><\/i> <\/a> <div class=\"portfolio-sharing-pane\"> <div class=\"socials-sharing socials socials-colored-hover\"> <a class=\"socials-item\" target=\"_blank\" href=\"https:\/\/www.facebook.com\/sharer\/sharer.php?u=https%3A%2F%2Ffcs.tv%2Fen%2Fpf%2Fcop26-cambio-climatico-salud-humana-y-oceanos%2F\" title=\"Facebook\"><i class=\"socials-item-icon facebook\"><\/i><\/a> <a class=\"socials-item\" target=\"_blank\" href=\"https:\/\/twitter.com\/intent\/tweet?text=COP26+Cambio+clim%C3%A1tico%2C+salud+humana+y+oc%C3%A9anos&#038;url=https%3A%2F%2Ffcs.tv%2Fen%2Fpf%2Fcop26-cambio-climatico-salud-humana-y-oceanos%2F\" title=\"Twitter\"><i class=\"socials-item-icon twitter\"><\/i><\/a> <a class=\"socials-item\" target=\"_blank\" href=\"https:\/\/pinterest.com\/pin\/create\/button\/?url=https%3A%2F%2Ffcs.tv%2Fen%2Fpf%2Fcop26-cambio-climatico-salud-humana-y-oceanos%2F&#038;description=COP26+Cambio+clim%C3%A1tico%2C+salud+humana+y+oc%C3%A9anos&#038;media=https%3A%2F%2Ffcs.tv%2Fwp-content%2Fuploads%2F2023%2F08%2Fportadas-FCS-tv_COP26_Mesa-de-trabajo-1-copia-8.jpg\" title=\"Pinterest\"><i class=\"socials-item-icon pinterest\"><\/i><\/a> <a class=\"socials-item\" target=\"_blank\" href=\"https:\/\/www.tumblr.com\/widgets\/share\/tool?canonicalUrl=https%3A%2F%2Ffcs.tv%2Fen%2Fpf%2Fcop26-cambio-climatico-salud-humana-y-oceanos%2F\" title=\"Tumblr\"><i class=\"socials-item-icon tumblr\"><\/i><\/a> <a class=\"socials-item\" target=\"_blank\" href=\"https:\/\/www.linkedin.com\/shareArticle?mini=true&#038;url=https%3A%2F%2Ffcs.tv%2Fen%2Fpf%2Fcop26-cambio-climatico-salud-humana-y-oceanos%2F&#038;title=COP26+Cambio+clim%C3%A1tico%2C+salud+humana+y+oc%C3%A9anos&amp;summary=\" title=\"LinkedIn\"><i class=\"socials-item-icon linkedin\"><\/i><\/a> <a class=\"socials-item\" target=\"_blank\" href=\"https:\/\/www.reddit.com\/submit?url=https%3A%2F%2Ffcs.tv%2Fen%2Fpf%2Fcop26-cambio-climatico-salud-humana-y-oceanos%2F&#038;title=COP26+Cambio+clim%C3%A1tico%2C+salud+humana+y+oc%C3%A9anos\" title=\"Reddit\"><i class=\"socials-item-icon reddit\"><\/i><\/a> <\/div> <\/div> <\/div> <div class=\"caption\"> <div class=\"description\"> <\/div> <\/div> <\/div> <\/div> <\/div> <\/div> <\/div> <\/div> <div class=\"portfolio-item cop26-paneles conferencias cop26 col-xs-6 col-sm-4 columns-desktop-5 owl-item item-animations-not-inited portfolio-item-template without-title appearance-type-featured_image post-14118 thegem_pf_item type-thegem_pf_item status-publish has-post-thumbnail\" data-default-sort=\"0\" data-sort-date=\"1721319674\"> <div class=\"wrap clearfix\"> <div class=\"image post-14118 thegem_pf_item type-thegem_pf_item status-publish has-post-thumbnail\"> <div class=\"image-inner \"> <picture> <source srcset=\"https:\/\/fcs.tv\/wp-content\/uploads\/2023\/08\/portadas-FCS-tv_COP26_Mesa-de-trabajo-1-copia-9-thegem-product-justified-square-s.jpg 1x\" sizes=\"100vw\"> <img src=\"https:\/\/fcs.tv\/wp-content\/uploads\/2023\/08\/portadas-FCS-tv_COP26_Mesa-de-trabajo-1-copia-9-thegem-product-justified-square-s.jpg\" width=\"300\" height=\"300\" class=\"attachment-thegem-product-justified-square-s\" alt=\"COP26 Chile Estrategia de Desarrollo y Transferencia Tecnol\u00f3gica para el Cambio Clim\u00e1tico\" \/> <\/picture> <\/div> <div class=\"overlay \"> <div class=\"overlay-circle\"><\/div> <div class=\"links-wrapper\"> <div class=\"links\"> <div class=\"portfolio-icons\"> <a href=\"\/\/www.youtube.com\/embed\/61uTYzCoytU?autoplay=1\" target=\"_self\" class=\"icon youtube video\" data-fancybox=\"thegem-portfolio\" data-elementor-open-lightbox=\"no\" aria-label=\"COP26 Chile Estrategia de Desarrollo y Transferencia Tecnol\u00f3gica para el Cambio Clim\u00e1tico\"> <i class=\"default\"><\/i> <\/a> <a href=\"javascript: void(0);\" class=\"icon share\" role=\"button\" aria-label=\"Share\"> <i class=\"default\"><\/i> <\/a> <div class=\"portfolio-sharing-pane\"> <div class=\"socials-sharing socials socials-colored-hover\"> <a class=\"socials-item\" target=\"_blank\" href=\"https:\/\/www.facebook.com\/sharer\/sharer.php?u=https%3A%2F%2Ffcs.tv%2Fen%2Fpf%2Fcop26-chile-estrategia-de-desarrollo-y-transferencia-tecnologica-para-el-cambio-climatico%2F\" title=\"Facebook\"><i class=\"socials-item-icon facebook\"><\/i><\/a> <a class=\"socials-item\" target=\"_blank\" href=\"https:\/\/twitter.com\/intent\/tweet?text=COP26+Chile+Estrategia+de+Desarrollo+y+Transferencia+Tecnol%C3%B3gica+para+el+Cambio+Clim%C3%A1tico&#038;url=https%3A%2F%2Ffcs.tv%2Fen%2Fpf%2Fcop26-chile-estrategia-de-desarrollo-y-transferencia-tecnologica-para-el-cambio-climatico%2F\" title=\"Twitter\"><i class=\"socials-item-icon twitter\"><\/i><\/a> <a class=\"socials-item\" target=\"_blank\" href=\"https:\/\/pinterest.com\/pin\/create\/button\/?url=https%3A%2F%2Ffcs.tv%2Fen%2Fpf%2Fcop26-chile-estrategia-de-desarrollo-y-transferencia-tecnologica-para-el-cambio-climatico%2F&#038;description=COP26+Chile+Estrategia+de+Desarrollo+y+Transferencia+Tecnol%C3%B3gica+para+el+Cambio+Clim%C3%A1tico&#038;media=https%3A%2F%2Ffcs.tv%2Fwp-content%2Fuploads%2F2023%2F08%2Fportadas-FCS-tv_COP26_Mesa-de-trabajo-1-copia-9.jpg\" title=\"Pinterest\"><i class=\"socials-item-icon pinterest\"><\/i><\/a> <a class=\"socials-item\" target=\"_blank\" href=\"https:\/\/www.tumblr.com\/widgets\/share\/tool?canonicalUrl=https%3A%2F%2Ffcs.tv%2Fen%2Fpf%2Fcop26-chile-estrategia-de-desarrollo-y-transferencia-tecnologica-para-el-cambio-climatico%2F\" title=\"Tumblr\"><i class=\"socials-item-icon tumblr\"><\/i><\/a> <a class=\"socials-item\" target=\"_blank\" href=\"https:\/\/www.linkedin.com\/shareArticle?mini=true&#038;url=https%3A%2F%2Ffcs.tv%2Fen%2Fpf%2Fcop26-chile-estrategia-de-desarrollo-y-transferencia-tecnologica-para-el-cambio-climatico%2F&#038;title=COP26+Chile+Estrategia+de+Desarrollo+y+Transferencia+Tecnol%C3%B3gica+para+el+Cambio+Clim%C3%A1tico&amp;summary=\" title=\"LinkedIn\"><i class=\"socials-item-icon linkedin\"><\/i><\/a> <a class=\"socials-item\" target=\"_blank\" href=\"https:\/\/www.reddit.com\/submit?url=https%3A%2F%2Ffcs.tv%2Fen%2Fpf%2Fcop26-chile-estrategia-de-desarrollo-y-transferencia-tecnologica-para-el-cambio-climatico%2F&#038;title=COP26+Chile+Estrategia+de+Desarrollo+y+Transferencia+Tecnol%C3%B3gica+para+el+Cambio+Clim%C3%A1tico\" title=\"Reddit\"><i class=\"socials-item-icon reddit\"><\/i><\/a> <\/div> <\/div> <\/div> <div class=\"caption\"> <div class=\"description\"> <\/div> <\/div> <\/div> <\/div> <\/div> <\/div> <\/div> <\/div> <div class=\"portfolio-item cop26-paneles conferencias cop26 col-xs-6 col-sm-4 columns-desktop-5 owl-item item-animations-not-inited portfolio-item-template without-title appearance-type-featured_image post-14121 thegem_pf_item type-thegem_pf_item status-publish has-post-thumbnail\" data-default-sort=\"0\" data-sort-date=\"1721319901\"> <div class=\"wrap clearfix\"> <div class=\"image post-14121 thegem_pf_item type-thegem_pf_item status-publish has-post-thumbnail\"> <div class=\"image-inner \"> <picture> <source srcset=\"https:\/\/fcs.tv\/wp-content\/uploads\/2023\/08\/portadas-FCS-tv_COP26_Mesa-de-trabajo-1-copia-10-thegem-product-justified-square-s.jpg 1x\" sizes=\"100vw\"> <img src=\"https:\/\/fcs.tv\/wp-content\/uploads\/2023\/08\/portadas-FCS-tv_COP26_Mesa-de-trabajo-1-copia-10-thegem-product-justified-square-s.jpg\" width=\"300\" height=\"300\" class=\"attachment-thegem-product-justified-square-s\" alt=\"COP26 Educaci\u00f3n y Cambio Clim\u00e1tico: Los Desaf\u00edos de la educaci\u00f3n integral para la sostenibilidad\" \/> <\/picture> <\/div> <div class=\"overlay \"> <div class=\"overlay-circle\"><\/div> <div class=\"links-wrapper\"> <div class=\"links\"> <div class=\"portfolio-icons\"> <a href=\"\/\/www.youtube.com\/embed\/Fg0iRggsnFU?autoplay=1\" target=\"_self\" class=\"icon youtube video\" data-fancybox=\"thegem-portfolio\" data-elementor-open-lightbox=\"no\" aria-label=\"COP26 Educaci\u00f3n y Cambio Clim\u00e1tico: Los Desaf\u00edos de la educaci\u00f3n integral para la sostenibilidad\"> <i class=\"default\"><\/i> <\/a> <a href=\"javascript: void(0);\" class=\"icon share\" role=\"button\" aria-label=\"Share\"> <i class=\"default\"><\/i> <\/a> <div class=\"portfolio-sharing-pane\"> <div class=\"socials-sharing socials socials-colored-hover\"> <a class=\"socials-item\" target=\"_blank\" href=\"https:\/\/www.facebook.com\/sharer\/sharer.php?u=https%3A%2F%2Ffcs.tv%2Fen%2Fpf%2Fcop26-educacion-y-cambio-climatico-los-desafios-de-la-educacion-integral-para-la-sostenibilidad%2F\" title=\"Facebook\"><i class=\"socials-item-icon facebook\"><\/i><\/a> <a class=\"socials-item\" target=\"_blank\" href=\"https:\/\/twitter.com\/intent\/tweet?text=COP26+Educaci%C3%B3n+y+Cambio+Clim%C3%A1tico%3A+Los+Desaf%C3%ADos+de+la+educaci%C3%B3n+integral+para+la+sostenibilidad&#038;url=https%3A%2F%2Ffcs.tv%2Fen%2Fpf%2Fcop26-educacion-y-cambio-climatico-los-desafios-de-la-educacion-integral-para-la-sostenibilidad%2F\" title=\"Twitter\"><i class=\"socials-item-icon twitter\"><\/i><\/a> <a class=\"socials-item\" target=\"_blank\" href=\"https:\/\/pinterest.com\/pin\/create\/button\/?url=https%3A%2F%2Ffcs.tv%2Fen%2Fpf%2Fcop26-educacion-y-cambio-climatico-los-desafios-de-la-educacion-integral-para-la-sostenibilidad%2F&#038;description=COP26+Educaci%C3%B3n+y+Cambio+Clim%C3%A1tico%3A+Los+Desaf%C3%ADos+de+la+educaci%C3%B3n+integral+para+la+sostenibilidad&#038;media=https%3A%2F%2Ffcs.tv%2Fwp-content%2Fuploads%2F2023%2F08%2Fportadas-FCS-tv_COP26_Mesa-de-trabajo-1-copia-10.jpg\" title=\"Pinterest\"><i class=\"socials-item-icon pinterest\"><\/i><\/a> <a class=\"socials-item\" target=\"_blank\" href=\"https:\/\/www.tumblr.com\/widgets\/share\/tool?canonicalUrl=https%3A%2F%2Ffcs.tv%2Fen%2Fpf%2Fcop26-educacion-y-cambio-climatico-los-desafios-de-la-educacion-integral-para-la-sostenibilidad%2F\" title=\"Tumblr\"><i class=\"socials-item-icon tumblr\"><\/i><\/a> <a class=\"socials-item\" target=\"_blank\" href=\"https:\/\/www.linkedin.com\/shareArticle?mini=true&#038;url=https%3A%2F%2Ffcs.tv%2Fen%2Fpf%2Fcop26-educacion-y-cambio-climatico-los-desafios-de-la-educacion-integral-para-la-sostenibilidad%2F&#038;title=COP26+Educaci%C3%B3n+y+Cambio+Clim%C3%A1tico%3A+Los+Desaf%C3%ADos+de+la+educaci%C3%B3n+integral+para+la+sostenibilidad&amp;summary=\" title=\"LinkedIn\"><i class=\"socials-item-icon linkedin\"><\/i><\/a> <a class=\"socials-item\" target=\"_blank\" href=\"https:\/\/www.reddit.com\/submit?url=https%3A%2F%2Ffcs.tv%2Fen%2Fpf%2Fcop26-educacion-y-cambio-climatico-los-desafios-de-la-educacion-integral-para-la-sostenibilidad%2F&#038;title=COP26+Educaci%C3%B3n+y+Cambio+Clim%C3%A1tico%3A+Los+Desaf%C3%ADos+de+la+educaci%C3%B3n+integral+para+la+sostenibilidad\" title=\"Reddit\"><i class=\"socials-item-icon reddit\"><\/i><\/a> <\/div> <\/div> <\/div> <div class=\"caption\"> <div class=\"description\"> <\/div> <\/div> <\/div> <\/div> <\/div> <\/div> <\/div> <\/div> <div class=\"portfolio-item cop26-paneles conferencias cop26 col-xs-6 col-sm-4 columns-desktop-5 owl-item item-animations-not-inited portfolio-item-template without-title appearance-type-featured_image post-14123 thegem_pf_item type-thegem_pf_item status-publish has-post-thumbnail\" data-default-sort=\"0\" data-sort-date=\"1721320021\"> <div class=\"wrap clearfix\"> <div class=\"image post-14123 thegem_pf_item type-thegem_pf_item status-publish has-post-thumbnail\"> <div class=\"image-inner \"> <picture> <source srcset=\"https:\/\/fcs.tv\/wp-content\/uploads\/2023\/08\/portadas-FCS-tv_COP26_Mesa-de-trabajo-1-copia-11-thegem-product-justified-square-s.jpg 1x\" sizes=\"100vw\"> <img src=\"https:\/\/fcs.tv\/wp-content\/uploads\/2023\/08\/portadas-FCS-tv_COP26_Mesa-de-trabajo-1-copia-11-thegem-product-justified-square-s.jpg\" width=\"300\" height=\"300\" class=\"attachment-thegem-product-justified-square-s\" alt=\"COP26 Finanzas y cambio clim\u00e1tico: \u00bfC\u00f3mo avanzar hacia inversiones rentables econ\u00f3mica y ambientalmente?\" \/> <\/picture> <\/div> <div class=\"overlay \"> <div class=\"overlay-circle\"><\/div> <div class=\"links-wrapper\"> <div class=\"links\"> <div class=\"portfolio-icons\"> <a href=\"\/\/www.youtube.com\/embed\/DTPYof8Ner8?autoplay=1\" target=\"_self\" class=\"icon youtube video\" data-fancybox=\"thegem-portfolio\" data-elementor-open-lightbox=\"no\" aria-label=\"COP26 Finanzas y cambio clim\u00e1tico: \u00bfC\u00f3mo avanzar hacia inversiones rentables econ\u00f3mica y ambientalmente?\"> <i class=\"default\"><\/i> <\/a> <a href=\"javascript: void(0);\" class=\"icon share\" role=\"button\" aria-label=\"Share\"> <i class=\"default\"><\/i> <\/a> <div class=\"portfolio-sharing-pane\"> <div class=\"socials-sharing socials socials-colored-hover\"> <a class=\"socials-item\" target=\"_blank\" href=\"https:\/\/www.facebook.com\/sharer\/sharer.php?u=https%3A%2F%2Ffcs.tv%2Fen%2Fpf%2Fcop26-finanzas-y-cambio-climatico-como-avanzar-hacia-inversiones-rentables-economica-y-ambientalmente%2F\" title=\"Facebook\"><i class=\"socials-item-icon facebook\"><\/i><\/a> <a class=\"socials-item\" target=\"_blank\" href=\"https:\/\/twitter.com\/intent\/tweet?text=COP26+Finanzas+y+cambio+clim%C3%A1tico%3A+%C2%BFC%C3%B3mo+avanzar+hacia+inversiones+rentables+econ%C3%B3mica+y+ambientalmente%3F&#038;url=https%3A%2F%2Ffcs.tv%2Fen%2Fpf%2Fcop26-finanzas-y-cambio-climatico-como-avanzar-hacia-inversiones-rentables-economica-y-ambientalmente%2F\" title=\"Twitter\"><i class=\"socials-item-icon twitter\"><\/i><\/a> <a class=\"socials-item\" target=\"_blank\" href=\"https:\/\/pinterest.com\/pin\/create\/button\/?url=https%3A%2F%2Ffcs.tv%2Fen%2Fpf%2Fcop26-finanzas-y-cambio-climatico-como-avanzar-hacia-inversiones-rentables-economica-y-ambientalmente%2F&#038;description=COP26+Finanzas+y+cambio+clim%C3%A1tico%3A+%C2%BFC%C3%B3mo+avanzar+hacia+inversiones+rentables+econ%C3%B3mica+y+ambientalmente%3F&#038;media=https%3A%2F%2Ffcs.tv%2Fwp-content%2Fuploads%2F2023%2F08%2Fportadas-FCS-tv_COP26_Mesa-de-trabajo-1-copia-11.jpg\" title=\"Pinterest\"><i class=\"socials-item-icon pinterest\"><\/i><\/a> <a class=\"socials-item\" target=\"_blank\" href=\"https:\/\/www.tumblr.com\/widgets\/share\/tool?canonicalUrl=https%3A%2F%2Ffcs.tv%2Fen%2Fpf%2Fcop26-finanzas-y-cambio-climatico-como-avanzar-hacia-inversiones-rentables-economica-y-ambientalmente%2F\" title=\"Tumblr\"><i class=\"socials-item-icon tumblr\"><\/i><\/a> <a class=\"socials-item\" target=\"_blank\" href=\"https:\/\/www.linkedin.com\/shareArticle?mini=true&#038;url=https%3A%2F%2Ffcs.tv%2Fen%2Fpf%2Fcop26-finanzas-y-cambio-climatico-como-avanzar-hacia-inversiones-rentables-economica-y-ambientalmente%2F&#038;title=COP26+Finanzas+y+cambio+clim%C3%A1tico%3A+%C2%BFC%C3%B3mo+avanzar+hacia+inversiones+rentables+econ%C3%B3mica+y+ambientalmente%3F&amp;summary=\" title=\"LinkedIn\"><i class=\"socials-item-icon linkedin\"><\/i><\/a> <a class=\"socials-item\" target=\"_blank\" href=\"https:\/\/www.reddit.com\/submit?url=https%3A%2F%2Ffcs.tv%2Fen%2Fpf%2Fcop26-finanzas-y-cambio-climatico-como-avanzar-hacia-inversiones-rentables-economica-y-ambientalmente%2F&#038;title=COP26+Finanzas+y+cambio+clim%C3%A1tico%3A+%C2%BFC%C3%B3mo+avanzar+hacia+inversiones+rentables+econ%C3%B3mica+y+ambientalmente%3F\" title=\"Reddit\"><i class=\"socials-item-icon reddit\"><\/i><\/a> <\/div> <\/div> <\/div> <div class=\"caption\"> <div class=\"description\"> <\/div> <\/div> <\/div> <\/div> <\/div> <\/div> <\/div> <\/div> <div class=\"portfolio-item cop26-paneles conferencias cop26 col-xs-6 col-sm-4 columns-desktop-5 owl-item item-animations-not-inited portfolio-item-template without-title appearance-type-featured_image post-14125 thegem_pf_item type-thegem_pf_item status-publish has-post-thumbnail\" data-default-sort=\"0\" data-sort-date=\"1721320149\"> <div class=\"wrap clearfix\"> <div class=\"image post-14125 thegem_pf_item type-thegem_pf_item status-publish has-post-thumbnail\"> <div class=\"image-inner \"> <picture> <source srcset=\"https:\/\/fcs.tv\/wp-content\/uploads\/2023\/08\/portadas-FCS-tv_COP26_Mesa-de-trabajo-1-copia-12-thegem-product-justified-square-s.jpg 1x\" sizes=\"100vw\"> <img src=\"https:\/\/fcs.tv\/wp-content\/uploads\/2023\/08\/portadas-FCS-tv_COP26_Mesa-de-trabajo-1-copia-12-thegem-product-justified-square-s.jpg\" width=\"300\" height=\"300\" class=\"attachment-thegem-product-justified-square-s\" alt=\"COP26 Aprovechando los beneficios de la Acci\u00f3n Clim\u00e1tica para la salud\" \/> <\/picture> <\/div> <div class=\"overlay \"> <div class=\"overlay-circle\"><\/div> <div class=\"links-wrapper\"> <div class=\"links\"> <div class=\"portfolio-icons\"> <a href=\"\/\/www.youtube.com\/embed\/iNHwzyPXwW0?autoplay=1\" target=\"_self\" class=\"icon youtube video\" data-fancybox=\"thegem-portfolio\" data-elementor-open-lightbox=\"no\" aria-label=\"COP26 Aprovechando los beneficios de la Acci\u00f3n Clim\u00e1tica para la salud\"> <i class=\"default\"><\/i> <\/a> <a href=\"javascript: void(0);\" class=\"icon share\" role=\"button\" aria-label=\"Share\"> <i class=\"default\"><\/i> <\/a> <div class=\"portfolio-sharing-pane\"> <div class=\"socials-sharing socials socials-colored-hover\"> <a class=\"socials-item\" target=\"_blank\" href=\"https:\/\/www.facebook.com\/sharer\/sharer.php?u=https%3A%2F%2Ffcs.tv%2Fen%2Fpf%2Fcop26-aprovechando-los-beneficios-de-la-accion-climatica-para-la-salud%2F\" title=\"Facebook\"><i class=\"socials-item-icon facebook\"><\/i><\/a> <a class=\"socials-item\" target=\"_blank\" href=\"https:\/\/twitter.com\/intent\/tweet?text=COP26+Aprovechando+los+beneficios+de+la+Acci%C3%B3n+Clim%C3%A1tica+para+la+salud&#038;url=https%3A%2F%2Ffcs.tv%2Fen%2Fpf%2Fcop26-aprovechando-los-beneficios-de-la-accion-climatica-para-la-salud%2F\" title=\"Twitter\"><i class=\"socials-item-icon twitter\"><\/i><\/a> <a class=\"socials-item\" target=\"_blank\" href=\"https:\/\/pinterest.com\/pin\/create\/button\/?url=https%3A%2F%2Ffcs.tv%2Fen%2Fpf%2Fcop26-aprovechando-los-beneficios-de-la-accion-climatica-para-la-salud%2F&#038;description=COP26+Aprovechando+los+beneficios+de+la+Acci%C3%B3n+Clim%C3%A1tica+para+la+salud&#038;media=https%3A%2F%2Ffcs.tv%2Fwp-content%2Fuploads%2F2023%2F08%2Fportadas-FCS-tv_COP26_Mesa-de-trabajo-1-copia-12.jpg\" title=\"Pinterest\"><i class=\"socials-item-icon pinterest\"><\/i><\/a> <a class=\"socials-item\" target=\"_blank\" href=\"https:\/\/www.tumblr.com\/widgets\/share\/tool?canonicalUrl=https%3A%2F%2Ffcs.tv%2Fen%2Fpf%2Fcop26-aprovechando-los-beneficios-de-la-accion-climatica-para-la-salud%2F\" title=\"Tumblr\"><i class=\"socials-item-icon tumblr\"><\/i><\/a> <a class=\"socials-item\" target=\"_blank\" href=\"https:\/\/www.linkedin.com\/shareArticle?mini=true&#038;url=https%3A%2F%2Ffcs.tv%2Fen%2Fpf%2Fcop26-aprovechando-los-beneficios-de-la-accion-climatica-para-la-salud%2F&#038;title=COP26+Aprovechando+los+beneficios+de+la+Acci%C3%B3n+Clim%C3%A1tica+para+la+salud&amp;summary=\" title=\"LinkedIn\"><i class=\"socials-item-icon linkedin\"><\/i><\/a> <a class=\"socials-item\" target=\"_blank\" href=\"https:\/\/www.reddit.com\/submit?url=https%3A%2F%2Ffcs.tv%2Fen%2Fpf%2Fcop26-aprovechando-los-beneficios-de-la-accion-climatica-para-la-salud%2F&#038;title=COP26+Aprovechando+los+beneficios+de+la+Acci%C3%B3n+Clim%C3%A1tica+para+la+salud\" title=\"Reddit\"><i class=\"socials-item-icon reddit\"><\/i><\/a> <\/div> <\/div> <\/div> <div class=\"caption\"> <div class=\"description\"> <\/div> <\/div> <\/div> <\/div> <\/div> <\/div> <\/div> <\/div> <div class=\"portfolio-item cop26-paneles conferencias cop26 col-xs-6 col-sm-4 columns-desktop-5 owl-item item-animations-not-inited portfolio-item-template without-title appearance-type-featured_image post-14127 thegem_pf_item type-thegem_pf_item status-publish has-post-thumbnail\" data-default-sort=\"0\" data-sort-date=\"1721320256\"> <div class=\"wrap clearfix\"> <div class=\"image post-14127 thegem_pf_item type-thegem_pf_item status-publish has-post-thumbnail\"> <div class=\"image-inner \"> <picture> <source srcset=\"https:\/\/fcs.tv\/wp-content\/uploads\/2023\/08\/portadas-FCS-tv_COP26_Mesa-de-trabajo-1-copia-13-thegem-product-justified-square-s.jpg 1x\" sizes=\"100vw\"> <img src=\"https:\/\/fcs.tv\/wp-content\/uploads\/2023\/08\/portadas-FCS-tv_COP26_Mesa-de-trabajo-1-copia-13-thegem-product-justified-square-s.jpg\" width=\"300\" height=\"300\" class=\"attachment-thegem-product-justified-square-s\" alt=\"COP26 La conservaci\u00f3n como herramienta para la mitigaci\u00f3n del cambio clim\u00e1tico\" \/> <\/picture> <\/div> <div class=\"overlay \"> <div class=\"overlay-circle\"><\/div> <div class=\"links-wrapper\"> <div class=\"links\"> <div class=\"portfolio-icons\"> <a href=\"\/\/www.youtube.com\/embed\/jhrW11TI1BM?autoplay=1\" target=\"_self\" class=\"icon youtube video\" data-fancybox=\"thegem-portfolio\" data-elementor-open-lightbox=\"no\" aria-label=\"COP26 La conservaci\u00f3n como herramienta para la mitigaci\u00f3n del cambio clim\u00e1tico\"> <i class=\"default\"><\/i> <\/a> <a href=\"javascript: void(0);\" class=\"icon share\" role=\"button\" aria-label=\"Share\"> <i class=\"default\"><\/i> <\/a> <div class=\"portfolio-sharing-pane\"> <div class=\"socials-sharing socials socials-colored-hover\"> <a class=\"socials-item\" target=\"_blank\" href=\"https:\/\/www.facebook.com\/sharer\/sharer.php?u=https%3A%2F%2Ffcs.tv%2Fen%2Fpf%2Fcop26-la-conservacion-como-herramienta-para-la-mitigacion-del-cambio-climatico%2F\" title=\"Facebook\"><i class=\"socials-item-icon facebook\"><\/i><\/a> <a class=\"socials-item\" target=\"_blank\" href=\"https:\/\/twitter.com\/intent\/tweet?text=COP26+La+conservaci%C3%B3n+como+herramienta+para+la+mitigaci%C3%B3n+del+cambio+clim%C3%A1tico&#038;url=https%3A%2F%2Ffcs.tv%2Fen%2Fpf%2Fcop26-la-conservacion-como-herramienta-para-la-mitigacion-del-cambio-climatico%2F\" title=\"Twitter\"><i class=\"socials-item-icon twitter\"><\/i><\/a> <a class=\"socials-item\" target=\"_blank\" href=\"https:\/\/pinterest.com\/pin\/create\/button\/?url=https%3A%2F%2Ffcs.tv%2Fen%2Fpf%2Fcop26-la-conservacion-como-herramienta-para-la-mitigacion-del-cambio-climatico%2F&#038;description=COP26+La+conservaci%C3%B3n+como+herramienta+para+la+mitigaci%C3%B3n+del+cambio+clim%C3%A1tico&#038;media=https%3A%2F%2Ffcs.tv%2Fwp-content%2Fuploads%2F2023%2F08%2Fportadas-FCS-tv_COP26_Mesa-de-trabajo-1-copia-13.jpg\" title=\"Pinterest\"><i class=\"socials-item-icon pinterest\"><\/i><\/a> <a class=\"socials-item\" target=\"_blank\" href=\"https:\/\/www.tumblr.com\/widgets\/share\/tool?canonicalUrl=https%3A%2F%2Ffcs.tv%2Fen%2Fpf%2Fcop26-la-conservacion-como-herramienta-para-la-mitigacion-del-cambio-climatico%2F\" title=\"Tumblr\"><i class=\"socials-item-icon tumblr\"><\/i><\/a> <a class=\"socials-item\" target=\"_blank\" href=\"https:\/\/www.linkedin.com\/shareArticle?mini=true&#038;url=https%3A%2F%2Ffcs.tv%2Fen%2Fpf%2Fcop26-la-conservacion-como-herramienta-para-la-mitigacion-del-cambio-climatico%2F&#038;title=COP26+La+conservaci%C3%B3n+como+herramienta+para+la+mitigaci%C3%B3n+del+cambio+clim%C3%A1tico&amp;summary=\" title=\"LinkedIn\"><i class=\"socials-item-icon linkedin\"><\/i><\/a> <a class=\"socials-item\" target=\"_blank\" href=\"https:\/\/www.reddit.com\/submit?url=https%3A%2F%2Ffcs.tv%2Fen%2Fpf%2Fcop26-la-conservacion-como-herramienta-para-la-mitigacion-del-cambio-climatico%2F&#038;title=COP26+La+conservaci%C3%B3n+como+herramienta+para+la+mitigaci%C3%B3n+del+cambio+clim%C3%A1tico\" title=\"Reddit\"><i class=\"socials-item-icon reddit\"><\/i><\/a> <\/div> <\/div> <\/div> <div class=\"caption\"> <div class=\"description\"> <\/div> <\/div> <\/div> <\/div> <\/div> <\/div> <\/div> <\/div> <div class=\"portfolio-item cop26-paneles conferencias cop26 col-xs-6 col-sm-4 columns-desktop-5 owl-item item-animations-not-inited portfolio-item-template without-title appearance-type-featured_image post-14129 thegem_pf_item type-thegem_pf_item status-publish has-post-thumbnail\" data-default-sort=\"0\" data-sort-date=\"1721320554\"> <div class=\"wrap clearfix\"> <div class=\"image post-14129 thegem_pf_item type-thegem_pf_item status-publish has-post-thumbnail\"> <div class=\"image-inner \"> <picture> <source srcset=\"https:\/\/fcs.tv\/wp-content\/uploads\/2023\/08\/portadas-FCS-tv_COP26_Mesa-de-trabajo-1-copia-14-thegem-product-justified-square-s.jpg 1x\" sizes=\"100vw\"> <img src=\"https:\/\/fcs.tv\/wp-content\/uploads\/2023\/08\/portadas-FCS-tv_COP26_Mesa-de-trabajo-1-copia-14-thegem-product-justified-square-s.jpg\" width=\"300\" height=\"300\" class=\"attachment-thegem-product-justified-square-s\" alt=\"COP26 Servicios ecosist\u00e9micos para la mitigaci\u00f3n del cambio clim\u00e1tico\" \/> <\/picture> <\/div> <div class=\"overlay \"> <div class=\"overlay-circle\"><\/div> <div class=\"links-wrapper\"> <div class=\"links\"> <div class=\"portfolio-icons\"> <a href=\"\/\/www.youtube.com\/embed\/MDcLzJMIkGI?autoplay=1\" target=\"_self\" class=\"icon youtube video\" data-fancybox=\"thegem-portfolio\" data-elementor-open-lightbox=\"no\" aria-label=\"COP26 Servicios ecosist\u00e9micos para la mitigaci\u00f3n del cambio clim\u00e1tico\"> <i class=\"default\"><\/i> <\/a> <a href=\"javascript: void(0);\" class=\"icon share\" role=\"button\" aria-label=\"Share\"> <i class=\"default\"><\/i> <\/a> <div class=\"portfolio-sharing-pane\"> <div class=\"socials-sharing socials socials-colored-hover\"> <a class=\"socials-item\" target=\"_blank\" href=\"https:\/\/www.facebook.com\/sharer\/sharer.php?u=https%3A%2F%2Ffcs.tv%2Fen%2Fpf%2Fcop26-servicios-ecosistemicos-para-la-mitigacion-del-cambio-climatico%2F\" title=\"Facebook\"><i class=\"socials-item-icon facebook\"><\/i><\/a> <a class=\"socials-item\" target=\"_blank\" href=\"https:\/\/twitter.com\/intent\/tweet?text=COP26+Servicios+ecosist%C3%A9micos+para+la+mitigaci%C3%B3n+del+cambio+clim%C3%A1tico&#038;url=https%3A%2F%2Ffcs.tv%2Fen%2Fpf%2Fcop26-servicios-ecosistemicos-para-la-mitigacion-del-cambio-climatico%2F\" title=\"Twitter\"><i class=\"socials-item-icon twitter\"><\/i><\/a> <a class=\"socials-item\" target=\"_blank\" href=\"https:\/\/pinterest.com\/pin\/create\/button\/?url=https%3A%2F%2Ffcs.tv%2Fen%2Fpf%2Fcop26-servicios-ecosistemicos-para-la-mitigacion-del-cambio-climatico%2F&#038;description=COP26+Servicios+ecosist%C3%A9micos+para+la+mitigaci%C3%B3n+del+cambio+clim%C3%A1tico&#038;media=https%3A%2F%2Ffcs.tv%2Fwp-content%2Fuploads%2F2023%2F08%2Fportadas-FCS-tv_COP26_Mesa-de-trabajo-1-copia-14.jpg\" title=\"Pinterest\"><i class=\"socials-item-icon pinterest\"><\/i><\/a> <a class=\"socials-item\" target=\"_blank\" href=\"https:\/\/www.tumblr.com\/widgets\/share\/tool?canonicalUrl=https%3A%2F%2Ffcs.tv%2Fen%2Fpf%2Fcop26-servicios-ecosistemicos-para-la-mitigacion-del-cambio-climatico%2F\" title=\"Tumblr\"><i class=\"socials-item-icon tumblr\"><\/i><\/a> <a class=\"socials-item\" target=\"_blank\" href=\"https:\/\/www.linkedin.com\/shareArticle?mini=true&#038;url=https%3A%2F%2Ffcs.tv%2Fen%2Fpf%2Fcop26-servicios-ecosistemicos-para-la-mitigacion-del-cambio-climatico%2F&#038;title=COP26+Servicios+ecosist%C3%A9micos+para+la+mitigaci%C3%B3n+del+cambio+clim%C3%A1tico&amp;summary=\" title=\"LinkedIn\"><i class=\"socials-item-icon linkedin\"><\/i><\/a> <a class=\"socials-item\" target=\"_blank\" href=\"https:\/\/www.reddit.com\/submit?url=https%3A%2F%2Ffcs.tv%2Fen%2Fpf%2Fcop26-servicios-ecosistemicos-para-la-mitigacion-del-cambio-climatico%2F&#038;title=COP26+Servicios+ecosist%C3%A9micos+para+la+mitigaci%C3%B3n+del+cambio+clim%C3%A1tico\" title=\"Reddit\"><i class=\"socials-item-icon reddit\"><\/i><\/a> <\/div> <\/div> <\/div> <div class=\"caption\"> <div class=\"description\"> <\/div> <\/div> <\/div> <\/div> <\/div> <\/div> <\/div> <\/div> <div class=\"portfolio-item cop26-paneles conferencias cop26 col-xs-6 col-sm-4 columns-desktop-5 owl-item item-animations-not-inited portfolio-item-template without-title appearance-type-featured_image post-14131 thegem_pf_item type-thegem_pf_item status-publish has-post-thumbnail\" data-default-sort=\"0\" data-sort-date=\"1721320647\"> <div class=\"wrap clearfix\"> <div class=\"image post-14131 thegem_pf_item type-thegem_pf_item status-publish has-post-thumbnail\"> <div class=\"image-inner \"> <picture> <source srcset=\"https:\/\/fcs.tv\/wp-content\/uploads\/2023\/08\/portadas-FCS-tv_COP26_Mesa-de-trabajo-1-copia-15-thegem-product-justified-square-s.jpg 1x\" sizes=\"100vw\"> <img src=\"https:\/\/fcs.tv\/wp-content\/uploads\/2023\/08\/portadas-FCS-tv_COP26_Mesa-de-trabajo-1-copia-15-thegem-product-justified-square-s.jpg\" width=\"300\" height=\"300\" class=\"attachment-thegem-product-justified-square-s\" alt=\"COP26 \u00bfPodemos confiar en los procesos naturales del oc\u00e9ano para la mitigaci\u00f3n del clima?\" \/> <\/picture> <\/div> <div class=\"overlay \"> <div class=\"overlay-circle\"><\/div> <div class=\"links-wrapper\"> <div class=\"links\"> <div class=\"portfolio-icons\"> <a href=\"\/\/www.youtube.com\/embed\/ftpTMRWYpMc?autoplay=1\" target=\"_self\" class=\"icon youtube video\" data-fancybox=\"thegem-portfolio\" data-elementor-open-lightbox=\"no\" aria-label=\"COP26 \u00bfPodemos confiar en los procesos naturales del oc\u00e9ano para la mitigaci\u00f3n del clima?\"> <i class=\"default\"><\/i> <\/a> <a href=\"javascript: void(0);\" class=\"icon share\" role=\"button\" aria-label=\"Share\"> <i class=\"default\"><\/i> <\/a> <div class=\"portfolio-sharing-pane\"> <div class=\"socials-sharing socials socials-colored-hover\"> <a class=\"socials-item\" target=\"_blank\" href=\"https:\/\/www.facebook.com\/sharer\/sharer.php?u=https%3A%2F%2Ffcs.tv%2Fen%2Fpf%2Fcop26-podemos-confiar-en-los-procesos-naturales-del-oceano-para-la-mitigacion-del-clima%2F\" title=\"Facebook\"><i class=\"socials-item-icon facebook\"><\/i><\/a> <a class=\"socials-item\" target=\"_blank\" href=\"https:\/\/twitter.com\/intent\/tweet?text=COP26+%C2%BFPodemos+confiar+en+los+procesos+naturales+del+oc%C3%A9ano+para+la+mitigaci%C3%B3n+del+clima%3F&#038;url=https%3A%2F%2Ffcs.tv%2Fen%2Fpf%2Fcop26-podemos-confiar-en-los-procesos-naturales-del-oceano-para-la-mitigacion-del-clima%2F\" title=\"Twitter\"><i class=\"socials-item-icon twitter\"><\/i><\/a> <a class=\"socials-item\" target=\"_blank\" href=\"https:\/\/pinterest.com\/pin\/create\/button\/?url=https%3A%2F%2Ffcs.tv%2Fen%2Fpf%2Fcop26-podemos-confiar-en-los-procesos-naturales-del-oceano-para-la-mitigacion-del-clima%2F&#038;description=COP26+%C2%BFPodemos+confiar+en+los+procesos+naturales+del+oc%C3%A9ano+para+la+mitigaci%C3%B3n+del+clima%3F&#038;media=https%3A%2F%2Ffcs.tv%2Fwp-content%2Fuploads%2F2023%2F08%2Fportadas-FCS-tv_COP26_Mesa-de-trabajo-1-copia-15.jpg\" title=\"Pinterest\"><i class=\"socials-item-icon pinterest\"><\/i><\/a> <a class=\"socials-item\" target=\"_blank\" href=\"https:\/\/www.tumblr.com\/widgets\/share\/tool?canonicalUrl=https%3A%2F%2Ffcs.tv%2Fen%2Fpf%2Fcop26-podemos-confiar-en-los-procesos-naturales-del-oceano-para-la-mitigacion-del-clima%2F\" title=\"Tumblr\"><i class=\"socials-item-icon tumblr\"><\/i><\/a> <a class=\"socials-item\" target=\"_blank\" href=\"https:\/\/www.linkedin.com\/shareArticle?mini=true&#038;url=https%3A%2F%2Ffcs.tv%2Fen%2Fpf%2Fcop26-podemos-confiar-en-los-procesos-naturales-del-oceano-para-la-mitigacion-del-clima%2F&#038;title=COP26+%C2%BFPodemos+confiar+en+los+procesos+naturales+del+oc%C3%A9ano+para+la+mitigaci%C3%B3n+del+clima%3F&amp;summary=\" title=\"LinkedIn\"><i class=\"socials-item-icon linkedin\"><\/i><\/a> <a class=\"socials-item\" target=\"_blank\" href=\"https:\/\/www.reddit.com\/submit?url=https%3A%2F%2Ffcs.tv%2Fen%2Fpf%2Fcop26-podemos-confiar-en-los-procesos-naturales-del-oceano-para-la-mitigacion-del-clima%2F&#038;title=COP26+%C2%BFPodemos+confiar+en+los+procesos+naturales+del+oc%C3%A9ano+para+la+mitigaci%C3%B3n+del+clima%3F\" title=\"Reddit\"><i class=\"socials-item-icon reddit\"><\/i><\/a> <\/div> <\/div> <\/div> <div class=\"caption\"> <div class=\"description\"> <\/div> <\/div> <\/div> <\/div> <\/div> <\/div> <\/div> <\/div> <div class=\"portfolio-item cop26-paneles conferencias cop26 col-xs-6 col-sm-4 columns-desktop-5 owl-item item-animations-not-inited portfolio-item-template without-title appearance-type-featured_image post-14137 thegem_pf_item type-thegem_pf_item status-publish has-post-thumbnail\" data-default-sort=\"0\" data-sort-date=\"1721321160\"> <div class=\"wrap clearfix\"> <div class=\"image post-14137 thegem_pf_item type-thegem_pf_item status-publish has-post-thumbnail\"> <div class=\"image-inner \"> <picture> <source srcset=\"https:\/\/fcs.tv\/wp-content\/uploads\/2023\/08\/portadas-FCS-tv_COP26_Mesa-de-trabajo-1-copia-16-thegem-product-justified-square-s.jpg 1x\" sizes=\"100vw\"> <img src=\"https:\/\/fcs.tv\/wp-content\/uploads\/2023\/08\/portadas-FCS-tv_COP26_Mesa-de-trabajo-1-copia-16-thegem-product-justified-square-s.jpg\" width=\"300\" height=\"300\" class=\"attachment-thegem-product-justified-square-s\" alt=\"COP26 Roles del conocimiento ind\u00edgena desde la perspectiva DDHH\" \/> <\/picture> <\/div> <div class=\"overlay \"> <div class=\"overlay-circle\"><\/div> <div class=\"links-wrapper\"> <div class=\"links\"> <div class=\"portfolio-icons\"> <a href=\"\/\/www.youtube.com\/embed\/usekaNLh6Og?autoplay=1\" target=\"_self\" class=\"icon youtube video\" data-fancybox=\"thegem-portfolio\" data-elementor-open-lightbox=\"no\" aria-label=\"COP26 Roles del conocimiento ind\u00edgena desde la perspectiva DDHH\"> <i class=\"default\"><\/i> <\/a> <a href=\"javascript: void(0);\" class=\"icon share\" role=\"button\" aria-label=\"Share\"> <i class=\"default\"><\/i> <\/a> <div class=\"portfolio-sharing-pane\"> <div class=\"socials-sharing socials socials-colored-hover\"> <a class=\"socials-item\" target=\"_blank\" href=\"https:\/\/www.facebook.com\/sharer\/sharer.php?u=https%3A%2F%2Ffcs.tv%2Fen%2Fpf%2Fcop26-roles-del-conocimiento-indigena-desde-la-perspectiva-ddhh%2F\" title=\"Facebook\"><i class=\"socials-item-icon facebook\"><\/i><\/a> <a class=\"socials-item\" target=\"_blank\" href=\"https:\/\/twitter.com\/intent\/tweet?text=COP26+Roles+del+conocimiento+ind%C3%ADgena+desde+la+perspectiva+DDHH&#038;url=https%3A%2F%2Ffcs.tv%2Fen%2Fpf%2Fcop26-roles-del-conocimiento-indigena-desde-la-perspectiva-ddhh%2F\" title=\"Twitter\"><i class=\"socials-item-icon twitter\"><\/i><\/a> <a class=\"socials-item\" target=\"_blank\" href=\"https:\/\/pinterest.com\/pin\/create\/button\/?url=https%3A%2F%2Ffcs.tv%2Fen%2Fpf%2Fcop26-roles-del-conocimiento-indigena-desde-la-perspectiva-ddhh%2F&#038;description=COP26+Roles+del+conocimiento+ind%C3%ADgena+desde+la+perspectiva+DDHH&#038;media=https%3A%2F%2Ffcs.tv%2Fwp-content%2Fuploads%2F2023%2F08%2Fportadas-FCS-tv_COP26_Mesa-de-trabajo-1-copia-16.jpg\" title=\"Pinterest\"><i class=\"socials-item-icon pinterest\"><\/i><\/a> <a class=\"socials-item\" target=\"_blank\" href=\"https:\/\/www.tumblr.com\/widgets\/share\/tool?canonicalUrl=https%3A%2F%2Ffcs.tv%2Fen%2Fpf%2Fcop26-roles-del-conocimiento-indigena-desde-la-perspectiva-ddhh%2F\" title=\"Tumblr\"><i class=\"socials-item-icon tumblr\"><\/i><\/a> <a class=\"socials-item\" target=\"_blank\" href=\"https:\/\/www.linkedin.com\/shareArticle?mini=true&#038;url=https%3A%2F%2Ffcs.tv%2Fen%2Fpf%2Fcop26-roles-del-conocimiento-indigena-desde-la-perspectiva-ddhh%2F&#038;title=COP26+Roles+del+conocimiento+ind%C3%ADgena+desde+la+perspectiva+DDHH&amp;summary=\" title=\"LinkedIn\"><i class=\"socials-item-icon linkedin\"><\/i><\/a> <a class=\"socials-item\" target=\"_blank\" href=\"https:\/\/www.reddit.com\/submit?url=https%3A%2F%2Ffcs.tv%2Fen%2Fpf%2Fcop26-roles-del-conocimiento-indigena-desde-la-perspectiva-ddhh%2F&#038;title=COP26+Roles+del+conocimiento+ind%C3%ADgena+desde+la+perspectiva+DDHH\" title=\"Reddit\"><i class=\"socials-item-icon reddit\"><\/i><\/a> <\/div> <\/div> <\/div> <div class=\"caption\"> <div class=\"description\"> <\/div> <\/div> <\/div> <\/div> <\/div> <\/div> <\/div> <\/div> <div class=\"portfolio-item cop26-paneles conferencias cop26 col-xs-6 col-sm-4 columns-desktop-5 owl-item item-animations-not-inited portfolio-item-template without-title appearance-type-featured_image post-14139 thegem_pf_item type-thegem_pf_item status-publish has-post-thumbnail\" data-default-sort=\"0\" data-sort-date=\"1721321360\"> <div class=\"wrap clearfix\"> <div class=\"image post-14139 thegem_pf_item type-thegem_pf_item status-publish has-post-thumbnail\"> <div class=\"image-inner \"> <picture> <source srcset=\"https:\/\/fcs.tv\/wp-content\/uploads\/2023\/08\/portadas-FCS-tv_COP26_Mesa-de-trabajo-1-copia-17-thegem-product-justified-square-s.jpg 1x\" sizes=\"100vw\"> <img src=\"https:\/\/fcs.tv\/wp-content\/uploads\/2023\/08\/portadas-FCS-tv_COP26_Mesa-de-trabajo-1-copia-17-thegem-product-justified-square-s.jpg\" width=\"300\" height=\"300\" class=\"attachment-thegem-product-justified-square-s\" alt=\"COP26 Papel de la juventud como agente de cambio en el cambio clim\u00e1tico\" \/> <\/picture> <\/div> <div class=\"overlay \"> <div class=\"overlay-circle\"><\/div> <div class=\"links-wrapper\"> <div class=\"links\"> <div class=\"portfolio-icons\"> <a href=\"\/\/www.youtube.com\/embed\/-cas_iCMd34?autoplay=1\" target=\"_self\" class=\"icon youtube video\" data-fancybox=\"thegem-portfolio\" data-elementor-open-lightbox=\"no\" aria-label=\"COP26 Papel de la juventud como agente de cambio en el cambio clim\u00e1tico\"> <i class=\"default\"><\/i> <\/a> <a href=\"javascript: void(0);\" class=\"icon share\" role=\"button\" aria-label=\"Share\"> <i class=\"default\"><\/i> <\/a> <div class=\"portfolio-sharing-pane\"> <div class=\"socials-sharing socials socials-colored-hover\"> <a class=\"socials-item\" target=\"_blank\" href=\"https:\/\/www.facebook.com\/sharer\/sharer.php?u=https%3A%2F%2Ffcs.tv%2Fen%2Fpf%2Fcop26-papel-de-la-juventud-como-agente-de-cambio-en-el-cambio-climatico%2F\" title=\"Facebook\"><i class=\"socials-item-icon facebook\"><\/i><\/a> <a class=\"socials-item\" target=\"_blank\" href=\"https:\/\/twitter.com\/intent\/tweet?text=COP26+Papel+de+la+juventud+como+agente+de+cambio+en+el+cambio+clim%C3%A1tico&#038;url=https%3A%2F%2Ffcs.tv%2Fen%2Fpf%2Fcop26-papel-de-la-juventud-como-agente-de-cambio-en-el-cambio-climatico%2F\" title=\"Twitter\"><i class=\"socials-item-icon twitter\"><\/i><\/a> <a class=\"socials-item\" target=\"_blank\" href=\"https:\/\/pinterest.com\/pin\/create\/button\/?url=https%3A%2F%2Ffcs.tv%2Fen%2Fpf%2Fcop26-papel-de-la-juventud-como-agente-de-cambio-en-el-cambio-climatico%2F&#038;description=COP26+Papel+de+la+juventud+como+agente+de+cambio+en+el+cambio+clim%C3%A1tico&#038;media=https%3A%2F%2Ffcs.tv%2Fwp-content%2Fuploads%2F2023%2F08%2Fportadas-FCS-tv_COP26_Mesa-de-trabajo-1-copia-17.jpg\" title=\"Pinterest\"><i class=\"socials-item-icon pinterest\"><\/i><\/a> <a class=\"socials-item\" target=\"_blank\" href=\"https:\/\/www.tumblr.com\/widgets\/share\/tool?canonicalUrl=https%3A%2F%2Ffcs.tv%2Fen%2Fpf%2Fcop26-papel-de-la-juventud-como-agente-de-cambio-en-el-cambio-climatico%2F\" title=\"Tumblr\"><i class=\"socials-item-icon tumblr\"><\/i><\/a> <a class=\"socials-item\" target=\"_blank\" href=\"https:\/\/www.linkedin.com\/shareArticle?mini=true&#038;url=https%3A%2F%2Ffcs.tv%2Fen%2Fpf%2Fcop26-papel-de-la-juventud-como-agente-de-cambio-en-el-cambio-climatico%2F&#038;title=COP26+Papel+de+la+juventud+como+agente+de+cambio+en+el+cambio+clim%C3%A1tico&amp;summary=\" title=\"LinkedIn\"><i class=\"socials-item-icon linkedin\"><\/i><\/a> <a class=\"socials-item\" target=\"_blank\" href=\"https:\/\/www.reddit.com\/submit?url=https%3A%2F%2Ffcs.tv%2Fen%2Fpf%2Fcop26-papel-de-la-juventud-como-agente-de-cambio-en-el-cambio-climatico%2F&#038;title=COP26+Papel+de+la+juventud+como+agente+de+cambio+en+el+cambio+clim%C3%A1tico\" title=\"Reddit\"><i class=\"socials-item-icon reddit\"><\/i><\/a> <\/div> <\/div> <\/div> <div class=\"caption\"> <div class=\"description\"> <\/div> <\/div> <\/div> <\/div> <\/div> <\/div> <\/div> <\/div> <div class=\"portfolio-item cop26-paneles conferencias cop26 col-xs-6 col-sm-4 columns-desktop-5 owl-item item-animations-not-inited portfolio-item-template without-title appearance-type-featured_image post-14141 thegem_pf_item type-thegem_pf_item status-publish has-post-thumbnail\" data-default-sort=\"0\" data-sort-date=\"1721321492\"> <div class=\"wrap clearfix\"> <div class=\"image post-14141 thegem_pf_item type-thegem_pf_item status-publish has-post-thumbnail\"> <div class=\"image-inner \"> <picture> <source srcset=\"https:\/\/fcs.tv\/wp-content\/uploads\/2023\/08\/portadas-FCS-tv_COP26_Mesa-de-trabajo-1-copia-18-thegem-product-justified-square-s.jpg 1x\" sizes=\"100vw\"> <img src=\"https:\/\/fcs.tv\/wp-content\/uploads\/2023\/08\/portadas-FCS-tv_COP26_Mesa-de-trabajo-1-copia-18-thegem-product-justified-square-s.jpg\" width=\"300\" height=\"300\" class=\"attachment-thegem-product-justified-square-s\" alt=\"COP26 Aprovechar la mitigaci\u00f3n de la contaminaci\u00f3n del aire para acelerar la acci\u00f3n clim\u00e1tica\" \/> <\/picture> <\/div> <div class=\"overlay \"> <div class=\"overlay-circle\"><\/div> <div class=\"links-wrapper\"> <div class=\"links\"> <div class=\"portfolio-icons\"> <a href=\"\/\/www.youtube.com\/embed\/K97G6xdgEb4?autoplay=1\" target=\"_self\" class=\"icon youtube video\" data-fancybox=\"thegem-portfolio\" data-elementor-open-lightbox=\"no\" aria-label=\"COP26 Aprovechar la mitigaci\u00f3n de la contaminaci\u00f3n del aire para acelerar la acci\u00f3n clim\u00e1tica\"> <i class=\"default\"><\/i> <\/a> <a href=\"javascript: void(0);\" class=\"icon share\" role=\"button\" aria-label=\"Share\"> <i class=\"default\"><\/i> <\/a> <div class=\"portfolio-sharing-pane\"> <div class=\"socials-sharing socials socials-colored-hover\"> <a class=\"socials-item\" target=\"_blank\" href=\"https:\/\/www.facebook.com\/sharer\/sharer.php?u=https%3A%2F%2Ffcs.tv%2Fen%2Fpf%2Fcop26-aprovechar-la-mitigacion-de-la-contaminacion-del-aire-para-acelerar-la-accion-climatica%2F\" title=\"Facebook\"><i class=\"socials-item-icon facebook\"><\/i><\/a> <a class=\"socials-item\" target=\"_blank\" href=\"https:\/\/twitter.com\/intent\/tweet?text=COP26+Aprovechar+la+mitigaci%C3%B3n+de+la+contaminaci%C3%B3n+del+aire+para+acelerar+la+acci%C3%B3n+clim%C3%A1tica&#038;url=https%3A%2F%2Ffcs.tv%2Fen%2Fpf%2Fcop26-aprovechar-la-mitigacion-de-la-contaminacion-del-aire-para-acelerar-la-accion-climatica%2F\" title=\"Twitter\"><i class=\"socials-item-icon twitter\"><\/i><\/a> <a class=\"socials-item\" target=\"_blank\" href=\"https:\/\/pinterest.com\/pin\/create\/button\/?url=https%3A%2F%2Ffcs.tv%2Fen%2Fpf%2Fcop26-aprovechar-la-mitigacion-de-la-contaminacion-del-aire-para-acelerar-la-accion-climatica%2F&#038;description=COP26+Aprovechar+la+mitigaci%C3%B3n+de+la+contaminaci%C3%B3n+del+aire+para+acelerar+la+acci%C3%B3n+clim%C3%A1tica&#038;media=https%3A%2F%2Ffcs.tv%2Fwp-content%2Fuploads%2F2023%2F08%2Fportadas-FCS-tv_COP26_Mesa-de-trabajo-1-copia-18.jpg\" title=\"Pinterest\"><i class=\"socials-item-icon pinterest\"><\/i><\/a> <a class=\"socials-item\" target=\"_blank\" href=\"https:\/\/www.tumblr.com\/widgets\/share\/tool?canonicalUrl=https%3A%2F%2Ffcs.tv%2Fen%2Fpf%2Fcop26-aprovechar-la-mitigacion-de-la-contaminacion-del-aire-para-acelerar-la-accion-climatica%2F\" title=\"Tumblr\"><i class=\"socials-item-icon tumblr\"><\/i><\/a> <a class=\"socials-item\" target=\"_blank\" href=\"https:\/\/www.linkedin.com\/shareArticle?mini=true&#038;url=https%3A%2F%2Ffcs.tv%2Fen%2Fpf%2Fcop26-aprovechar-la-mitigacion-de-la-contaminacion-del-aire-para-acelerar-la-accion-climatica%2F&#038;title=COP26+Aprovechar+la+mitigaci%C3%B3n+de+la+contaminaci%C3%B3n+del+aire+para+acelerar+la+acci%C3%B3n+clim%C3%A1tica&amp;summary=\" title=\"LinkedIn\"><i class=\"socials-item-icon linkedin\"><\/i><\/a> <a class=\"socials-item\" target=\"_blank\" href=\"https:\/\/www.reddit.com\/submit?url=https%3A%2F%2Ffcs.tv%2Fen%2Fpf%2Fcop26-aprovechar-la-mitigacion-de-la-contaminacion-del-aire-para-acelerar-la-accion-climatica%2F&#038;title=COP26+Aprovechar+la+mitigaci%C3%B3n+de+la+contaminaci%C3%B3n+del+aire+para+acelerar+la+acci%C3%B3n+clim%C3%A1tica\" title=\"Reddit\"><i class=\"socials-item-icon reddit\"><\/i><\/a> <\/div> <\/div> <\/div> <div class=\"caption\"> <div class=\"description\"> <\/div> <\/div> <\/div> <\/div> <\/div> <\/div> <\/div> <\/div> <div class=\"portfolio-item cop26-paneles conferencias cop26 col-xs-6 col-sm-4 columns-desktop-5 owl-item item-animations-not-inited portfolio-item-template without-title appearance-type-featured_image post-14143 thegem_pf_item type-thegem_pf_item status-publish has-post-thumbnail\" data-default-sort=\"0\" data-sort-date=\"1721321598\"> <div class=\"wrap clearfix\"> <div class=\"image post-14143 thegem_pf_item type-thegem_pf_item status-publish has-post-thumbnail\"> <div class=\"image-inner \"> <picture> <source srcset=\"https:\/\/fcs.tv\/wp-content\/uploads\/2023\/08\/portadas-FCS-tv_COP26_Mesa-de-trabajo-1-copia-19-thegem-product-justified-square-s.jpg 1x\" sizes=\"100vw\"> <img src=\"https:\/\/fcs.tv\/wp-content\/uploads\/2023\/08\/portadas-FCS-tv_COP26_Mesa-de-trabajo-1-copia-19-thegem-product-justified-square-s.jpg\" width=\"300\" height=\"300\" class=\"attachment-thegem-product-justified-square-s\" alt=\"COP26 Liderazgo femenino y cambio clim\u00e1tico\" \/> <\/picture> <\/div> <div class=\"overlay \"> <div class=\"overlay-circle\"><\/div> <div class=\"links-wrapper\"> <div class=\"links\"> <div class=\"portfolio-icons\"> <a href=\"\/\/www.youtube.com\/embed\/JontYoIX4VQ?autoplay=1\" target=\"_self\" class=\"icon youtube video\" data-fancybox=\"thegem-portfolio\" data-elementor-open-lightbox=\"no\" aria-label=\"COP26 Liderazgo femenino y cambio clim\u00e1tico\"> <i class=\"default\"><\/i> <\/a> <a href=\"javascript: void(0);\" class=\"icon share\" role=\"button\" aria-label=\"Share\"> <i class=\"default\"><\/i> <\/a> <div class=\"portfolio-sharing-pane\"> <div class=\"socials-sharing socials socials-colored-hover\"> <a class=\"socials-item\" target=\"_blank\" href=\"https:\/\/www.facebook.com\/sharer\/sharer.php?u=https%3A%2F%2Ffcs.tv%2Fen%2Fpf%2Fcop26-liderazgo-femenino-y-cambio-climatico%2F\" title=\"Facebook\"><i class=\"socials-item-icon facebook\"><\/i><\/a> <a class=\"socials-item\" target=\"_blank\" href=\"https:\/\/twitter.com\/intent\/tweet?text=COP26+Liderazgo+femenino+y+cambio+clim%C3%A1tico&#038;url=https%3A%2F%2Ffcs.tv%2Fen%2Fpf%2Fcop26-liderazgo-femenino-y-cambio-climatico%2F\" title=\"Twitter\"><i class=\"socials-item-icon twitter\"><\/i><\/a> <a class=\"socials-item\" target=\"_blank\" href=\"https:\/\/pinterest.com\/pin\/create\/button\/?url=https%3A%2F%2Ffcs.tv%2Fen%2Fpf%2Fcop26-liderazgo-femenino-y-cambio-climatico%2F&#038;description=COP26+Liderazgo+femenino+y+cambio+clim%C3%A1tico&#038;media=https%3A%2F%2Ffcs.tv%2Fwp-content%2Fuploads%2F2023%2F08%2Fportadas-FCS-tv_COP26_Mesa-de-trabajo-1-copia-19.jpg\" title=\"Pinterest\"><i class=\"socials-item-icon pinterest\"><\/i><\/a> <a class=\"socials-item\" target=\"_blank\" href=\"https:\/\/www.tumblr.com\/widgets\/share\/tool?canonicalUrl=https%3A%2F%2Ffcs.tv%2Fen%2Fpf%2Fcop26-liderazgo-femenino-y-cambio-climatico%2F\" title=\"Tumblr\"><i class=\"socials-item-icon tumblr\"><\/i><\/a> <a class=\"socials-item\" target=\"_blank\" href=\"https:\/\/www.linkedin.com\/shareArticle?mini=true&#038;url=https%3A%2F%2Ffcs.tv%2Fen%2Fpf%2Fcop26-liderazgo-femenino-y-cambio-climatico%2F&#038;title=COP26+Liderazgo+femenino+y+cambio+clim%C3%A1tico&amp;summary=\" title=\"LinkedIn\"><i class=\"socials-item-icon linkedin\"><\/i><\/a> <a class=\"socials-item\" target=\"_blank\" href=\"https:\/\/www.reddit.com\/submit?url=https%3A%2F%2Ffcs.tv%2Fen%2Fpf%2Fcop26-liderazgo-femenino-y-cambio-climatico%2F&#038;title=COP26+Liderazgo+femenino+y+cambio+clim%C3%A1tico\" title=\"Reddit\"><i class=\"socials-item-icon reddit\"><\/i><\/a> <\/div> <\/div> <\/div> <div class=\"caption\"> <div class=\"description\"> <\/div> <\/div> <\/div> <\/div> <\/div> <\/div> <\/div> <\/div> <div class=\"portfolio-item cop26-paneles conferencias cop26 col-xs-6 col-sm-4 columns-desktop-5 owl-item item-animations-not-inited portfolio-item-template without-title appearance-type-featured_image post-14145 thegem_pf_item type-thegem_pf_item status-publish has-post-thumbnail\" data-default-sort=\"0\" data-sort-date=\"1721321693\"> <div class=\"wrap clearfix\"> <div class=\"image post-14145 thegem_pf_item type-thegem_pf_item status-publish has-post-thumbnail\"> <div class=\"image-inner \"> <picture> <source srcset=\"https:\/\/fcs.tv\/wp-content\/uploads\/2023\/08\/portadas-FCS-tv_COP26_Mesa-de-trabajo-1-copia-20-thegem-product-justified-square-s.jpg 1x\" sizes=\"100vw\"> <img src=\"https:\/\/fcs.tv\/wp-content\/uploads\/2023\/08\/portadas-FCS-tv_COP26_Mesa-de-trabajo-1-copia-20-thegem-product-justified-square-s.jpg\" width=\"300\" height=\"300\" class=\"attachment-thegem-product-justified-square-s\" alt=\"COP26 Recuperaci\u00f3n verde y resistente\" \/> <\/picture> <\/div> <div class=\"overlay \"> <div class=\"overlay-circle\"><\/div> <div class=\"links-wrapper\"> <div class=\"links\"> <div class=\"portfolio-icons\"> <a href=\"\/\/www.youtube.com\/embed\/vhpjMzp1Rjk?autoplay=1\" target=\"_self\" class=\"icon youtube video\" data-fancybox=\"thegem-portfolio\" data-elementor-open-lightbox=\"no\" aria-label=\"COP26 Recuperaci\u00f3n verde y resistente\"> <i class=\"default\"><\/i> <\/a> <a href=\"javascript: void(0);\" class=\"icon share\" role=\"button\" aria-label=\"Share\"> <i class=\"default\"><\/i> <\/a> <div class=\"portfolio-sharing-pane\"> <div class=\"socials-sharing socials socials-colored-hover\"> <a class=\"socials-item\" target=\"_blank\" href=\"https:\/\/www.facebook.com\/sharer\/sharer.php?u=https%3A%2F%2Ffcs.tv%2Fen%2Fpf%2Fcop26-recuperacion-verde-y-resistente%2F\" title=\"Facebook\"><i class=\"socials-item-icon facebook\"><\/i><\/a> <a class=\"socials-item\" target=\"_blank\" href=\"https:\/\/twitter.com\/intent\/tweet?text=COP26+Recuperaci%C3%B3n+verde+y+resistente&#038;url=https%3A%2F%2Ffcs.tv%2Fen%2Fpf%2Fcop26-recuperacion-verde-y-resistente%2F\" title=\"Twitter\"><i class=\"socials-item-icon twitter\"><\/i><\/a> <a class=\"socials-item\" target=\"_blank\" href=\"https:\/\/pinterest.com\/pin\/create\/button\/?url=https%3A%2F%2Ffcs.tv%2Fen%2Fpf%2Fcop26-recuperacion-verde-y-resistente%2F&#038;description=COP26+Recuperaci%C3%B3n+verde+y+resistente&#038;media=https%3A%2F%2Ffcs.tv%2Fwp-content%2Fuploads%2F2023%2F08%2Fportadas-FCS-tv_COP26_Mesa-de-trabajo-1-copia-20.jpg\" title=\"Pinterest\"><i class=\"socials-item-icon pinterest\"><\/i><\/a> <a class=\"socials-item\" target=\"_blank\" href=\"https:\/\/www.tumblr.com\/widgets\/share\/tool?canonicalUrl=https%3A%2F%2Ffcs.tv%2Fen%2Fpf%2Fcop26-recuperacion-verde-y-resistente%2F\" title=\"Tumblr\"><i class=\"socials-item-icon tumblr\"><\/i><\/a> <a class=\"socials-item\" target=\"_blank\" href=\"https:\/\/www.linkedin.com\/shareArticle?mini=true&#038;url=https%3A%2F%2Ffcs.tv%2Fen%2Fpf%2Fcop26-recuperacion-verde-y-resistente%2F&#038;title=COP26+Recuperaci%C3%B3n+verde+y+resistente&amp;summary=\" title=\"LinkedIn\"><i class=\"socials-item-icon linkedin\"><\/i><\/a> <a class=\"socials-item\" target=\"_blank\" href=\"https:\/\/www.reddit.com\/submit?url=https%3A%2F%2Ffcs.tv%2Fen%2Fpf%2Fcop26-recuperacion-verde-y-resistente%2F&#038;title=COP26+Recuperaci%C3%B3n+verde+y+resistente\" title=\"Reddit\"><i class=\"socials-item-icon reddit\"><\/i><\/a> <\/div> <\/div> <\/div> <div class=\"caption\"> <div class=\"description\"> <\/div> <\/div> <\/div> <\/div> <\/div> <\/div> <\/div> <\/div> <div class=\"portfolio-item cop26 cop26-resumen col-xs-6 col-sm-4 columns-desktop-5 owl-item item-animations-not-inited portfolio-item-template without-title appearance-type-featured_image post-14147 thegem_pf_item type-thegem_pf_item status-publish has-post-thumbnail\" data-default-sort=\"0\" data-sort-date=\"1721321811\"> <div class=\"wrap clearfix\"> <div class=\"image post-14147 thegem_pf_item type-thegem_pf_item status-publish has-post-thumbnail\"> <div class=\"image-inner \"> <picture> <source srcset=\"https:\/\/fcs.tv\/wp-content\/uploads\/2023\/08\/portadas-FCS-tv_COP26_Mesa-de-trabajo-1-copia-21-thegem-product-justified-square-s.jpg 1x\" sizes=\"100vw\"> <img src=\"https:\/\/fcs.tv\/wp-content\/uploads\/2023\/08\/portadas-FCS-tv_COP26_Mesa-de-trabajo-1-copia-21-thegem-product-justified-square-s.jpg\" width=\"300\" height=\"300\" class=\"attachment-thegem-product-justified-square-s\" alt=\"COP26 \u00bfQu\u00e9 es la COP?\" \/> <\/picture> <\/div> <div class=\"overlay \"> <div class=\"overlay-circle\"><\/div> <div class=\"links-wrapper\"> <div class=\"links\"> <div class=\"portfolio-icons\"> <a href=\"\/\/www.youtube.com\/embed\/lQ8lcE9O_sM?autoplay=1\" target=\"_self\" class=\"icon youtube video\" data-fancybox=\"thegem-portfolio\" data-elementor-open-lightbox=\"no\" aria-label=\"COP26 \u00bfQu\u00e9 es la COP?\"> <i class=\"default\"><\/i> <\/a> <a href=\"javascript: void(0);\" class=\"icon share\" role=\"button\" aria-label=\"Share\"> <i class=\"default\"><\/i> <\/a> <div class=\"portfolio-sharing-pane\"> <div class=\"socials-sharing socials socials-colored-hover\"> <a class=\"socials-item\" target=\"_blank\" href=\"https:\/\/www.facebook.com\/sharer\/sharer.php?u=https%3A%2F%2Ffcs.tv%2Fen%2Fpf%2Fcop26-que-es-la-cop%2F\" title=\"Facebook\"><i class=\"socials-item-icon facebook\"><\/i><\/a> <a class=\"socials-item\" target=\"_blank\" href=\"https:\/\/twitter.com\/intent\/tweet?text=COP26+%C2%BFQu%C3%A9+es+la+COP%3F&#038;url=https%3A%2F%2Ffcs.tv%2Fen%2Fpf%2Fcop26-que-es-la-cop%2F\" title=\"Twitter\"><i class=\"socials-item-icon twitter\"><\/i><\/a> <a class=\"socials-item\" target=\"_blank\" href=\"https:\/\/pinterest.com\/pin\/create\/button\/?url=https%3A%2F%2Ffcs.tv%2Fen%2Fpf%2Fcop26-que-es-la-cop%2F&#038;description=COP26+%C2%BFQu%C3%A9+es+la+COP%3F&#038;media=https%3A%2F%2Ffcs.tv%2Fwp-content%2Fuploads%2F2023%2F08%2Fportadas-FCS-tv_COP26_Mesa-de-trabajo-1-copia-21.jpg\" title=\"Pinterest\"><i class=\"socials-item-icon pinterest\"><\/i><\/a> <a class=\"socials-item\" target=\"_blank\" href=\"https:\/\/www.tumblr.com\/widgets\/share\/tool?canonicalUrl=https%3A%2F%2Ffcs.tv%2Fen%2Fpf%2Fcop26-que-es-la-cop%2F\" title=\"Tumblr\"><i class=\"socials-item-icon tumblr\"><\/i><\/a> <a class=\"socials-item\" target=\"_blank\" href=\"https:\/\/www.linkedin.com\/shareArticle?mini=true&#038;url=https%3A%2F%2Ffcs.tv%2Fen%2Fpf%2Fcop26-que-es-la-cop%2F&#038;title=COP26+%C2%BFQu%C3%A9+es+la+COP%3F&amp;summary=\" title=\"LinkedIn\"><i class=\"socials-item-icon linkedin\"><\/i><\/a> <a class=\"socials-item\" target=\"_blank\" href=\"https:\/\/www.reddit.com\/submit?url=https%3A%2F%2Ffcs.tv%2Fen%2Fpf%2Fcop26-que-es-la-cop%2F&#038;title=COP26+%C2%BFQu%C3%A9+es+la+COP%3F\" title=\"Reddit\"><i class=\"socials-item-icon reddit\"><\/i><\/a> <\/div> <\/div> <\/div> <div class=\"caption\"> <div class=\"description\"> <\/div> <\/div> <\/div> <\/div> <\/div> <\/div> <\/div> <\/div> <\/div> <\/div> <\/div> <\/div> <\/div><!-- .portflio-set --> <\/div><!-- .row--> <div class=\"slider-prev-icon position-on\"> <i class=\"default\"><\/i> <\/div> <div class=\"slider-next-icon position-on\"> <i class=\"default\"><\/i> <\/div> <\/div><!-- .full-width --> <\/div><!-- .portfolio--> <\/div><!-- .portfolio-preloader-wrapper-->[\/vc_column][\/vc_row][vc_row full_width=&#8221;stretch_row_content&#8221; css=&#8221;.vc_custom_1711392765559{margin-top: 0px !important;margin-bottom: 0px !important;padding-top: 0px !important;padding-bottom: 100px !important;background-color: #4a6766 !important;}&#8221; mobile_margin_bottom=&#8221;100&#8243; el_id=&#8221;monaco2022&#8243;][vc_column][vc_row_inner][vc_column_inner width=&#8221;1\/6&#8243;][\/vc_column_inner][vc_column_inner width=&#8221;2\/3&#8243;][vc_column_text css_animation=&#8221;fadeInUp&#8221; css=&#8221;.vc_custom_1712175644949{padding-bottom: 30px !important;}&#8221;]<\/p>\n<h2 style=\"text-align: center;\"><span style=\"color: #ffffff;\">Monaco Ocean Week (2022)<\/span><\/h2>\n<p>[\/vc_column_text][\/vc_column_inner][vc_column_inner width=&#8221;1\/6&#8243;][\/vc_column_inner][\/vc_row_inner]<style>.portfolio.portfolio-grid#style-434d9c0:not(.inited) .portfolio-item, .preloader#style-preloader-434d9c0 .portfolio-item { padding: calc(40px\/2) !important; }.portfolio.portfolio-grid#style-434d9c0:not(.inited) .owl-stage, .preloader#style-preloader-434d9c0 .skeleton-posts.portfolio-row { margin: calc(-40px\/2); }.portfolio.portfolio-grid#style-434d9c0 .fullwidth-block:not(.no-paddings) { padding-left: 40px; padding-right: 40px; }.portfolio.portfolio-grid#style-434d9c0.has-shadowed-items .owl-carousel .owl-stage-outer { padding: calc(40px\/2) !important; margin: calc(-40px\/2); }@media (max-width: 991px) { .portfolio.portfolio-grid#style-434d9c0:not(.inited) .portfolio-item, .preloader#style-preloader-434d9c0 .portfolio-item { padding: calc(20px\/2) !important; }.portfolio.portfolio-grid#style-434d9c0:not(.inited) .owl-stage, .preloader#style-preloader-434d9c0 .skeleton-posts.portfolio-row { margin: calc(-20px\/2); }.portfolio.portfolio-grid#style-434d9c0 .fullwidth-block:not(.no-paddings) { padding-left: 20px; padding-right: 20px; }.portfolio.portfolio-grid#style-434d9c0.has-shadowed-items .owl-carousel .owl-stage-outer { padding: calc(20px\/2) !important; margin: calc(-20px\/2); }}@media (max-width: 767px) { .portfolio.portfolio-grid#style-434d9c0:not(.inited) .portfolio-item, .preloader#style-preloader-434d9c0 .portfolio-item { padding: calc(10px\/2) !important; }.portfolio.portfolio-grid#style-434d9c0:not(.inited) .owl-stage, .preloader#style-preloader-434d9c0 .skeleton-posts.portfolio-row { margin: calc(-10px\/2); }.portfolio.portfolio-grid#style-434d9c0 .fullwidth-block:not(.no-paddings) { padding-left: 10px; padding-right: 10px; }.portfolio.portfolio-grid#style-434d9c0.has-shadowed-items .owl-carousel .owl-stage-outer { padding: calc(10px\/2) !important; margin: calc(-10px\/2); }}.portfolio.portfolio-grid#style-434d9c0 .portfolio-item:not(.custom-ratio, .double-item) .image-inner:not(.empty) { aspect-ratio: 2 !important; height: auto; }.portfolio.portfolio-grid#style-434d9c0 .portfolio-item .caption .title span { letter-spacing: px !important; }.portfolio.portfolio-grid#style-434d9c0 .portfolio-item .caption .title span { white-space: initial; max-height: initial; display: -webkit-box; -webkit-line-clamp: 2; line-clamp: 2; -webkit-box-orient: vertical; }.portfolio.portfolio-grid#style-434d9c0 .portfolio-item .caption .subtitle { max-height: initial !important; }.portfolio.portfolio-grid#style-434d9c0 .portfolio-item .caption .subtitle span { white-space: initial; display: -webkit-box; -webkit-line-clamp: 2; line-clamp: 2; -webkit-box-orient: vertical; }.portfolio.portfolio-grid#style-434d9c0 .portfolio-item .caption .subtitle a, .portfolio.portfolio-grid#style-434d9c0 .portfolio-item .caption .subtitle p { white-space: initial; overflow: initial; }.portfolio.portfolio-grid#style-434d9c0 .extended-carousel-item .owl-nav .owl-prev div, .portfolio.portfolio-grid#style-434d9c0 .extended-carousel-item .owl-nav .owl-next div { color: #ffffff }.portfolio.portfolio-grid#style-434d9c0 .extended-carousel-item .owl-nav .owl-prev:hover div, .portfolio.portfolio-grid#style-434d9c0 .extended-carousel-item .owl-nav .owl-next:hover div { color: #ffffff }.portfolio.portfolio-grid#style-434d9c0 .extended-carousel-item .owl-nav .owl-prev div.position-on, .portfolio.portfolio-grid#style-434d9c0 .extended-carousel-item .owl-nav .owl-next div.position-on { background-color: #a07558 }.portfolio.portfolio-grid#style-434d9c0 .extended-carousel-item .owl-nav .owl-prev:hover div.position-on, .portfolio.portfolio-grid#style-434d9c0 .extended-carousel-item .owl-nav .owl-next:hover div.position-on { background-color: #a07558 }<\/style><style><\/style> <div id=\"style-preloader-434d9c0\" class=\"preloader skeleton-carousel\"> <div class=\"skeleton\"> <div class=\"skeleton-posts portfolio-row\"> <div class=\"portfolio-item col-xs-6 col-sm-4 col-md-3 owl-item item-animations-not-inited portfolio-item-template without-title appearance-type-featured_image post-14147 thegem_pf_item type-thegem_pf_item status-publish has-post-thumbnail\"> <\/div> <div class=\"portfolio-item col-xs-6 col-sm-4 col-md-3 owl-item item-animations-not-inited portfolio-item-template without-title appearance-type-featured_image post-14147 thegem_pf_item type-thegem_pf_item status-publish has-post-thumbnail\"> <\/div> <div class=\"portfolio-item col-xs-6 col-sm-4 col-md-3 owl-item item-animations-not-inited portfolio-item-template without-title appearance-type-featured_image post-14147 thegem_pf_item type-thegem_pf_item status-publish has-post-thumbnail\"> <\/div> <\/div> <\/div> <\/div> <div class=\"portfolio-preloader-wrapper\"> <div class=\"portfolio portfolio-grid extended-portfolio-grid extended-portfolio-carousel extended-carousel-grid no-padding disable-isotope portfolio-style-justified portfolio-style-justified background-style-transparent hover-default title-on-hover hover-elements-size-default version-alternative arrows-position-on caption-position-hover loading-animation item-animation-move-up hover-title columns-4 columns-tablet-3 columns-mobile-2 arrows-hover \" id=\"style-434d9c0\" data-style-uid=\"434d9c0\" data-portfolio-uid=\"grid_a6fb7a0\" data-columns-mobile=\"2\" data-columns-tablet=\"3\" data-columns-desktop=\"4\" data-margin-mobile=\"10\" data-margin-tablet=\"20\" data-margin-desktop=\"40\" data-hover=\"default\" data-dots=\"\" data-arrows=\"1\" data-loop=\"\" data-sliding-animation=\"default\" data-autoscroll-speed=\"0\"> <div class=\"portfolio-row-outer \"> <div class=\"portfolio-row clearfix\"> <div class=\"portfolio-set\"> <div class=\"extended-carousel-wrap\"> <div class=\"extended-carousel-item owl-carousel owl-theme owl-loaded\"> <div class=\"owl-stage-outer\"> <div class=\"owl-stage\"> <div class=\"portfolio-item monaco-ocean-week-2022 col-xs-6 col-sm-4 col-md-3 owl-item item-animations-not-inited portfolio-item-template without-title appearance-type-featured_image post-7357 thegem_pf_item type-thegem_pf_item status-publish has-post-thumbnail\" data-default-sort=\"0\" data-sort-date=\"1711381379\"> <div class=\"wrap clearfix\"> <div class=\"image post-7357 thegem_pf_item type-thegem_pf_item status-publish has-post-thumbnail\"> <div class=\"image-inner \"> <picture> <img src=\"https:\/\/fcs.tv\/wp-content\/uploads\/2024\/03\/Portada-3.jpg\" width=\"733\" height=\"647\" class=\"attachment-full\" alt=\"Conferencia M\u00f3naco Ocean Week 2022 &#8211; Hans-Otto P\u00f6rtner &#8211; Grupo Intergubernamental de Expertos sobre el Cambio Clim\u00e1tico\" \/> <\/picture> <\/div> <div class=\"overlay \"> <div class=\"overlay-circle\"><\/div> <div class=\"links-wrapper\"> <div class=\"links\"> <div class=\"portfolio-icons\"> <a href=\"\/\/www.youtube.com\/embed\/Etuzuf34uFw?autoplay=1\" target=\"_self\" class=\"icon youtube video\" data-fancybox=\"thegem-portfolio\" data-elementor-open-lightbox=\"no\" aria-label=\"Conferencia M\u00f3naco Ocean Week 2022 &#8211; Hans-Otto P\u00f6rtner &#8211; Grupo Intergubernamental de Expertos sobre el Cambio Clim\u00e1tico\"> <i class=\"default\"><\/i> <\/a> <a href=\"javascript: void(0);\" class=\"icon share\" role=\"button\" aria-label=\"Share\"> <i class=\"default\"><\/i> <\/a> <div class=\"portfolio-sharing-pane\"> <div class=\"socials-sharing socials socials-colored-hover\"> <a class=\"socials-item\" target=\"_blank\" href=\"https:\/\/www.facebook.com\/sharer\/sharer.php?u=https%3A%2F%2Ffcs.tv%2Fen%2Fpf%2Fmonaco-ocean-week-2022-hans-otto-portner-grupo-intergubernamental-de-expertos-sobre-el-cambio-climatico%2F\" title=\"Facebook\"><i class=\"socials-item-icon facebook\"><\/i><\/a> <a class=\"socials-item\" target=\"_blank\" href=\"https:\/\/twitter.com\/intent\/tweet?text=Conferencia+M%C3%B3naco+Ocean+Week+2022+%26%238211%3B+Hans-Otto+P%C3%B6rtner+%26%238211%3B+Grupo+Intergubernamental+de+Expertos+sobre+el+Cambio+Clim%C3%A1tico&#038;url=https%3A%2F%2Ffcs.tv%2Fen%2Fpf%2Fmonaco-ocean-week-2022-hans-otto-portner-grupo-intergubernamental-de-expertos-sobre-el-cambio-climatico%2F\" title=\"Twitter\"><i class=\"socials-item-icon twitter\"><\/i><\/a> <a class=\"socials-item\" target=\"_blank\" href=\"https:\/\/pinterest.com\/pin\/create\/button\/?url=https%3A%2F%2Ffcs.tv%2Fen%2Fpf%2Fmonaco-ocean-week-2022-hans-otto-portner-grupo-intergubernamental-de-expertos-sobre-el-cambio-climatico%2F&#038;description=Conferencia+M%C3%B3naco+Ocean+Week+2022+%26%238211%3B+Hans-Otto+P%C3%B6rtner+%26%238211%3B+Grupo+Intergubernamental+de+Expertos+sobre+el+Cambio+Clim%C3%A1tico&#038;media=https%3A%2F%2Ffcs.tv%2Fwp-content%2Fuploads%2F2024%2F03%2FPortada-3-thegem-blog-timeline-large.jpg\" title=\"Pinterest\"><i class=\"socials-item-icon pinterest\"><\/i><\/a> <a class=\"socials-item\" target=\"_blank\" href=\"https:\/\/www.tumblr.com\/widgets\/share\/tool?canonicalUrl=https%3A%2F%2Ffcs.tv%2Fen%2Fpf%2Fmonaco-ocean-week-2022-hans-otto-portner-grupo-intergubernamental-de-expertos-sobre-el-cambio-climatico%2F\" title=\"Tumblr\"><i class=\"socials-item-icon tumblr\"><\/i><\/a> <a class=\"socials-item\" target=\"_blank\" href=\"https:\/\/www.linkedin.com\/shareArticle?mini=true&#038;url=https%3A%2F%2Ffcs.tv%2Fen%2Fpf%2Fmonaco-ocean-week-2022-hans-otto-portner-grupo-intergubernamental-de-expertos-sobre-el-cambio-climatico%2F&#038;title=Conferencia+M%C3%B3naco+Ocean+Week+2022+%26%238211%3B+Hans-Otto+P%C3%B6rtner+%26%238211%3B+Grupo+Intergubernamental+de+Expertos+sobre+el+Cambio+Clim%C3%A1tico&amp;summary=\" title=\"LinkedIn\"><i class=\"socials-item-icon linkedin\"><\/i><\/a> <a class=\"socials-item\" target=\"_blank\" href=\"https:\/\/www.reddit.com\/submit?url=https%3A%2F%2Ffcs.tv%2Fen%2Fpf%2Fmonaco-ocean-week-2022-hans-otto-portner-grupo-intergubernamental-de-expertos-sobre-el-cambio-climatico%2F&#038;title=Conferencia+M%C3%B3naco+Ocean+Week+2022+%26%238211%3B+Hans-Otto+P%C3%B6rtner+%26%238211%3B+Grupo+Intergubernamental+de+Expertos+sobre+el+Cambio+Clim%C3%A1tico\" title=\"Reddit\"><i class=\"socials-item-icon reddit\"><\/i><\/a> <\/div> <\/div> <\/div> <div class=\"caption\"> <div class=\"description\"> <\/div> <\/div> <\/div> <\/div> <\/div> <\/div> <\/div> <\/div> <div class=\"portfolio-item monaco-ocean-week-2022 col-xs-6 col-sm-4 col-md-3 owl-item item-animations-not-inited portfolio-item-template without-title appearance-type-featured_image post-7359 thegem_pf_item type-thegem_pf_item status-publish has-post-thumbnail\" data-default-sort=\"0\" data-sort-date=\"1711297042\"> <div class=\"wrap clearfix\"> <div class=\"image post-7359 thegem_pf_item type-thegem_pf_item status-publish has-post-thumbnail\"> <div class=\"image-inner \"> <picture> <img src=\"https:\/\/fcs.tv\/wp-content\/uploads\/2024\/03\/Portada-2.jpg\" width=\"733\" height=\"647\" class=\"attachment-full\" alt=\"Conferencia M\u00f3naco Ocean Week 2022 &#8211; David Wilgenbus &#8211; Director Ejecutivo Oficina de educaci\u00f3n Clim\u00e1tica\" \/> <\/picture> <\/div> <div class=\"overlay \"> <div class=\"overlay-circle\"><\/div> <div class=\"links-wrapper\"> <div class=\"links\"> <div class=\"portfolio-icons\"> <a href=\"\/\/www.youtube.com\/embed\/ElBQfrw5HxA?autoplay=1\" target=\"_self\" class=\"icon youtube video\" data-fancybox=\"thegem-portfolio\" data-elementor-open-lightbox=\"no\" aria-label=\"Conferencia M\u00f3naco Ocean Week 2022 &#8211; David Wilgenbus &#8211; Director Ejecutivo Oficina de educaci\u00f3n Clim\u00e1tica\"> <i class=\"default\"><\/i> <\/a> <a href=\"javascript: void(0);\" class=\"icon share\" role=\"button\" aria-label=\"Share\"> <i class=\"default\"><\/i> <\/a> <div class=\"portfolio-sharing-pane\"> <div class=\"socials-sharing socials socials-colored-hover\"> <a class=\"socials-item\" target=\"_blank\" href=\"https:\/\/www.facebook.com\/sharer\/sharer.php?u=https%3A%2F%2Ffcs.tv%2Fen%2Fpf%2Fmonaco-ocean-week-2022-david-wilgenbus-director-ejecutivo-oficina-de-educacion-climatica%2F\" title=\"Facebook\"><i class=\"socials-item-icon facebook\"><\/i><\/a> <a class=\"socials-item\" target=\"_blank\" href=\"https:\/\/twitter.com\/intent\/tweet?text=Conferencia+M%C3%B3naco+Ocean+Week+2022+%26%238211%3B+David+Wilgenbus+%26%238211%3B+Director+Ejecutivo+Oficina+de+educaci%C3%B3n+Clim%C3%A1tica&#038;url=https%3A%2F%2Ffcs.tv%2Fen%2Fpf%2Fmonaco-ocean-week-2022-david-wilgenbus-director-ejecutivo-oficina-de-educacion-climatica%2F\" title=\"Twitter\"><i class=\"socials-item-icon twitter\"><\/i><\/a> <a class=\"socials-item\" target=\"_blank\" href=\"https:\/\/pinterest.com\/pin\/create\/button\/?url=https%3A%2F%2Ffcs.tv%2Fen%2Fpf%2Fmonaco-ocean-week-2022-david-wilgenbus-director-ejecutivo-oficina-de-educacion-climatica%2F&#038;description=Conferencia+M%C3%B3naco+Ocean+Week+2022+%26%238211%3B+David+Wilgenbus+%26%238211%3B+Director+Ejecutivo+Oficina+de+educaci%C3%B3n+Clim%C3%A1tica&#038;media=https%3A%2F%2Ffcs.tv%2Fwp-content%2Fuploads%2F2024%2F03%2FPortada-2-thegem-blog-timeline-large.jpg\" title=\"Pinterest\"><i class=\"socials-item-icon pinterest\"><\/i><\/a> <a class=\"socials-item\" target=\"_blank\" href=\"https:\/\/www.tumblr.com\/widgets\/share\/tool?canonicalUrl=https%3A%2F%2Ffcs.tv%2Fen%2Fpf%2Fmonaco-ocean-week-2022-david-wilgenbus-director-ejecutivo-oficina-de-educacion-climatica%2F\" title=\"Tumblr\"><i class=\"socials-item-icon tumblr\"><\/i><\/a> <a class=\"socials-item\" target=\"_blank\" href=\"https:\/\/www.linkedin.com\/shareArticle?mini=true&#038;url=https%3A%2F%2Ffcs.tv%2Fen%2Fpf%2Fmonaco-ocean-week-2022-david-wilgenbus-director-ejecutivo-oficina-de-educacion-climatica%2F&#038;title=Conferencia+M%C3%B3naco+Ocean+Week+2022+%26%238211%3B+David+Wilgenbus+%26%238211%3B+Director+Ejecutivo+Oficina+de+educaci%C3%B3n+Clim%C3%A1tica&amp;summary=\" title=\"LinkedIn\"><i class=\"socials-item-icon linkedin\"><\/i><\/a> <a class=\"socials-item\" target=\"_blank\" href=\"https:\/\/www.reddit.com\/submit?url=https%3A%2F%2Ffcs.tv%2Fen%2Fpf%2Fmonaco-ocean-week-2022-david-wilgenbus-director-ejecutivo-oficina-de-educacion-climatica%2F&#038;title=Conferencia+M%C3%B3naco+Ocean+Week+2022+%26%238211%3B+David+Wilgenbus+%26%238211%3B+Director+Ejecutivo+Oficina+de+educaci%C3%B3n+Clim%C3%A1tica\" title=\"Reddit\"><i class=\"socials-item-icon reddit\"><\/i><\/a> <\/div> <\/div> <\/div> <div class=\"caption\"> <div class=\"description\"> <\/div> <\/div> <\/div> <\/div> <\/div> <\/div> <\/div> <\/div> <div class=\"portfolio-item monaco-ocean-week-2022 col-xs-6 col-sm-4 col-md-3 owl-item item-animations-not-inited portfolio-item-template without-title appearance-type-featured_image post-7352 thegem_pf_item type-thegem_pf_item status-publish has-post-thumbnail\" data-default-sort=\"0\" data-sort-date=\"1711122060\"> <div class=\"wrap clearfix\"> <div class=\"image post-7352 thegem_pf_item type-thegem_pf_item status-publish has-post-thumbnail\"> <div class=\"image-inner \"> <picture> <img src=\"https:\/\/fcs.tv\/wp-content\/uploads\/2024\/03\/Portada-1.jpg\" width=\"733\" height=\"647\" class=\"attachment-full\" alt=\"M\u00f3naco Ocean Week 2022 &#8211; Ralph Chami &#8211; Fondo Monetario Internacional\" \/> <\/picture> <\/div> <div class=\"overlay \"> <div class=\"overlay-circle\"><\/div> <div class=\"links-wrapper\"> <div class=\"links\"> <div class=\"portfolio-icons\"> <a href=\"\/\/www.youtube.com\/embed\/CQuETo58FHI?autoplay=1\" target=\"_self\" class=\"icon youtube video\" data-fancybox=\"thegem-portfolio\" data-elementor-open-lightbox=\"no\" aria-label=\"M\u00f3naco Ocean Week 2022 &#8211; Ralph Chami &#8211; Fondo Monetario Internacional\"> <i class=\"default\"><\/i> <\/a> <a href=\"javascript: void(0);\" class=\"icon share\" role=\"button\" aria-label=\"Share\"> <i class=\"default\"><\/i> <\/a> <div class=\"portfolio-sharing-pane\"> <div class=\"socials-sharing socials socials-colored-hover\"> <a class=\"socials-item\" target=\"_blank\" href=\"https:\/\/www.facebook.com\/sharer\/sharer.php?u=https%3A%2F%2Ffcs.tv%2Fen%2Fpf%2Fmonaco-ocean-week-2022-ralph-chami-fondo-monetario-internacional%2F\" title=\"Facebook\"><i class=\"socials-item-icon facebook\"><\/i><\/a> <a class=\"socials-item\" target=\"_blank\" href=\"https:\/\/twitter.com\/intent\/tweet?text=M%C3%B3naco+Ocean+Week+2022+%26%238211%3B+Ralph+Chami+%26%238211%3B+Fondo+Monetario+Internacional&#038;url=https%3A%2F%2Ffcs.tv%2Fen%2Fpf%2Fmonaco-ocean-week-2022-ralph-chami-fondo-monetario-internacional%2F\" title=\"Twitter\"><i class=\"socials-item-icon twitter\"><\/i><\/a> <a class=\"socials-item\" target=\"_blank\" href=\"https:\/\/pinterest.com\/pin\/create\/button\/?url=https%3A%2F%2Ffcs.tv%2Fen%2Fpf%2Fmonaco-ocean-week-2022-ralph-chami-fondo-monetario-internacional%2F&#038;description=M%C3%B3naco+Ocean+Week+2022+%26%238211%3B+Ralph+Chami+%26%238211%3B+Fondo+Monetario+Internacional&#038;media=https%3A%2F%2Ffcs.tv%2Fwp-content%2Fuploads%2F2024%2F03%2FPortada-1-thegem-blog-timeline-large.jpg\" title=\"Pinterest\"><i class=\"socials-item-icon pinterest\"><\/i><\/a> <a class=\"socials-item\" target=\"_blank\" href=\"https:\/\/www.tumblr.com\/widgets\/share\/tool?canonicalUrl=https%3A%2F%2Ffcs.tv%2Fen%2Fpf%2Fmonaco-ocean-week-2022-ralph-chami-fondo-monetario-internacional%2F\" title=\"Tumblr\"><i class=\"socials-item-icon tumblr\"><\/i><\/a> <a class=\"socials-item\" target=\"_blank\" href=\"https:\/\/www.linkedin.com\/shareArticle?mini=true&#038;url=https%3A%2F%2Ffcs.tv%2Fen%2Fpf%2Fmonaco-ocean-week-2022-ralph-chami-fondo-monetario-internacional%2F&#038;title=M%C3%B3naco+Ocean+Week+2022+%26%238211%3B+Ralph+Chami+%26%238211%3B+Fondo+Monetario+Internacional&amp;summary=\" title=\"LinkedIn\"><i class=\"socials-item-icon linkedin\"><\/i><\/a> <a class=\"socials-item\" target=\"_blank\" href=\"https:\/\/www.reddit.com\/submit?url=https%3A%2F%2Ffcs.tv%2Fen%2Fpf%2Fmonaco-ocean-week-2022-ralph-chami-fondo-monetario-internacional%2F&#038;title=M%C3%B3naco+Ocean+Week+2022+%26%238211%3B+Ralph+Chami+%26%238211%3B+Fondo+Monetario+Internacional\" title=\"Reddit\"><i class=\"socials-item-icon reddit\"><\/i><\/a> <\/div> <\/div> <\/div> <div class=\"caption\"> <div class=\"description\"> <\/div> <\/div> <\/div> <\/div> <\/div> <\/div> <\/div> <\/div> <\/div> <\/div> <\/div> <\/div> <\/div><!-- .portflio-set --> <\/div><!-- .row--> <div class=\"slider-prev-icon position-on\"> <i class=\"default\"><\/i> <\/div> <div class=\"slider-next-icon position-on\"> <i class=\"default\"><\/i> <\/div> <\/div><!-- .full-width --> <\/div><!-- .portfolio--> <\/div><!-- .portfolio-preloader-wrapper-->[\/vc_column][\/vc_row]<\/p>\n<\/div>","protected":false},"excerpt":{"rendered":"<p>[vc_row full_width=&#8221;stretch_row_content_no_spaces&#8221; equal_height=&#8221;yes&#8221; content_placement=&#8221;middle&#8221; video_bg=&#8221;yes&#8221; video_bg_url=&#8221;https:\/\/fcs.tv\/wp-content\/uploads\/2023\/10\/Banner-CC.mp4&#8243; css=&#8221;.vc_custom_1697951491546{margin-top: 0px !important;margin-right: 0px !important;margin-bottom: 0px !important;margin-left: 0px !important;border-right-width: 0px !important;border-left-width: 0px !important;padding-top: 0px&#8230;<\/p>\n","protected":false},"author":1,"featured_media":5325,"parent":0,"menu_order":0,"comment_status":"closed","ping_status":"closed","template":"","meta":{"footnotes":""},"class_list":["post-3783","page","type-page","status-publish","has-post-thumbnail"],"translation":{"provider":"WPGlobus","version":"3.0.2","language":"en","enabled_languages":["es","en"],"languages":{"es":{"title":true,"content":true,"excerpt":false},"en":{"title":false,"content":false,"excerpt":false}}},"_links":{"self":[{"href":"https:\/\/fcs.tv\/en\/wp-json\/wp\/v2\/pages\/3783","targetHints":{"allow":["GET"]}}],"collection":[{"href":"https:\/\/fcs.tv\/en\/wp-json\/wp\/v2\/pages"}],"about":[{"href":"https:\/\/fcs.tv\/en\/wp-json\/wp\/v2\/types\/page"}],"author":[{"embeddable":true,"href":"https:\/\/fcs.tv\/en\/wp-json\/wp\/v2\/users\/1"}],"replies":[{"embeddable":true,"href":"https:\/\/fcs.tv\/en\/wp-json\/wp\/v2\/comments?post=3783"}],"version-history":[{"count":99,"href":"https:\/\/fcs.tv\/en\/wp-json\/wp\/v2\/pages\/3783\/revisions"}],"predecessor-version":[{"id":7423,"href":"https:\/\/fcs.tv\/en\/wp-json\/wp\/v2\/pages\/3783\/revisions\/7423"}],"wp:featuredmedia":[{"embeddable":true,"href":"https:\/\/fcs.tv\/en\/wp-json\/wp\/v2\/media\/5325"}],"wp:attachment":[{"href":"https:\/\/fcs.tv\/en\/wp-json\/wp\/v2\/media?parent=3783"}],"curies":[{"name":"wp","href":"https:\/\/api.w.org\/{rel}","templated":true}]}}